{"id":3741,"date":"2018-02-02T11:16:28","date_gmt":"2018-02-02T11:16:28","guid":{"rendered":"http:\/\/museupelligualada.cat\/el-museu\/"},"modified":"2021-06-29T13:01:46","modified_gmt":"2021-06-29T13:01:46","slug":"el-museu","status":"publish","type":"page","link":"https:\/\/museupelligualada.cat\/en\/el-museu\/","title":{"rendered":"El Museu"},"content":{"rendered":"\n  <div class=\"banner has-hover\" id=\"banner-2069194341\">\n          <div class=\"banner-inner fill\">\n        <div class=\"banner-bg fill\" >\n            <div class=\"bg fill bg-fill \"><\/div>\n                        <div class=\"overlay\"><\/div>            \n                    <\/div><!-- bg-layers -->\n        <div class=\"banner-layers container\">\n            <div class=\"fill banner-link\"><\/div>            \n   <div id=\"text-box-172429822\" class=\"text-box banner-layer x50 md-x50 lg-x50 y50 md-y50 lg-y50 res-text\">\n                     <div data-animate=\"none\">           <div class=\"text dark\">\n              \n              <div class=\"text-inner text-right\">\n                  \n<p><!--\n\n<h2 class=\"majuscules \" style=\"text-align: right;\">El Museu<\/h2>\n\n\n\n<div class=\"submenu\"><a class=\"_ps2id\" href=\"#historia\">Hist\u00f2ria 44444<\/a> <a class=\"_ps2id\" href=\"#colleccions\">Col\u00b7leccions i fons<\/a> <a class=\"_ps2id\" href=\"#publicacions\">Publicacions<\/a> <a class=\"_ps2id\" href=\"#lloguer\">Lloguer espais<\/a> <a class=\"_ps2id\" href=\"#xarxa\">Museu en xarxa<\/a> <a class=\"_ps2id\" href=\"#botiga\">Botiga<\/a><\/div>\n\n--><\/p>\n              <\/div>\n           <\/div><!-- text-box-inner -->\n       <\/div>                     \n<style scope=\"scope\">\n\n#text-box-172429822 .text-inner {\n  padding: 120px 30px 30px 30px;\n}\n#text-box-172429822 {\n  width: 100%;\n}\n#text-box-172429822 .text {\n  font-size: 100%;\n}\n<\/style>\n    <\/div><!-- text-box -->\n \n        <\/div><!-- .banner-layers -->\n      <\/div><!-- .banner-inner -->\n\n            \n<style scope=\"scope\">\n\n#banner-2069194341 {\n  padding-top: 500px;\n}\n#banner-2069194341 .bg.bg-loaded {\n  background-image: url(http:\/\/museupelligualada.cat\/wp-content\/uploads\/_Museu\/Museu-aire-bn.jpg);\n}\n#banner-2069194341 .overlay {\n  background-color: rgba(0, 0, 0, 0.5);\n}\n#banner-2069194341 .bg {\n  background-position: 1% 17%;\n}\n<\/style>\n  <\/div><!-- .banner -->\n\n\n<div class=\"gap-element\" style=\"display:block; height:auto; padding-top:60px\" class=\"clearfix\"><\/div>\n<h2 id=\"historia\" class=\"thin-font\" style=\"text-align: center;\">History<\/h2>\n<h6 style=\"text-align: center;\">Start &gt; The Museum &gt; Historry<\/h6>\n<div class=\"gap-element\" style=\"display:block; height:auto; padding-top:60px\" class=\"clearfix\"><\/div>\n\n  <div class=\"banner has-hover\" id=\"banner-2102755425\">\n          <div class=\"banner-inner fill\">\n        <div class=\"banner-bg fill\" >\n            <div class=\"bg fill bg-fill \"><\/div>\n                        <div class=\"overlay\"><\/div>            \n                    <\/div><!-- bg-layers -->\n        <div class=\"banner-layers container\">\n            <div class=\"fill banner-link\"><\/div>            \n   <div id=\"text-box-2033549454\" class=\"text-box banner-layer x50 md-x50 lg-x50 y50 md-y50 lg-y50 res-text\">\n                                <div class=\"text dark\">\n              \n              <div class=\"text-inner text-left\">\n                  \n<p><span style=\"font-size: 130%;\"><strong>Throughout its existence, the Museum has consolidated its role as an advocate for the cultural and industrial heritage of the town and the county, thanks to the many dynamic initiatives of research\u00a0 and outreach undertaken by the Igualada Town Council with the support of its associative network.<\/strong><\/span><\/p>\n              <\/div>\n           <\/div><!-- text-box-inner -->\n                            \n<style scope=\"scope\">\n\n#text-box-2033549454 {\n  width: 60%;\n}\n#text-box-2033549454 .text {\n  font-size: 100%;\n}\n\n\n@media (min-width:550px) {\n\n  #text-box-2033549454 {\n    width: 97%;\n  }\n\n}\n<\/style>\n    <\/div><!-- text-box -->\n \n        <\/div><!-- .banner-layers -->\n      <\/div><!-- .banner-inner -->\n\n            \n<style scope=\"scope\">\n\n#banner-2102755425 {\n  padding-top: 300px;\n}\n#banner-2102755425 .bg.bg-loaded {\n  background-image: url(https:\/\/museupelligualada.cat\/wp-content\/uploads\/CAL-BOYER-RETOC-3-AFMI08173-1600x900.jpg);\n}\n#banner-2102755425 .overlay {\n  background-color: rgba(12, 12, 12, 0.58);\n}\n#banner-2102755425 .bg {\n  background-position: 59% 63%;\n}\n<\/style>\n  <\/div><!-- .banner -->\n\n\n<div class=\"gap-element\" style=\"display:block; height:auto; padding-top:30px\" class=\"clearfix\"><\/div>\n<div class=\"gap-element\" style=\"display:block; height:auto; padding-top:30px\" class=\"clearfix\"><\/div>\n<div class=\"row\"  id=\"row-525938994\">\n<div class=\"col medium-1\/1 large-12\"  ><div class=\"col-inner\"  >\n<p>The Leather Museum has its origins in the City Museum, inaugurated in 1949 as a result of initiatives undertaken by the Igualada Centre for Regional Studies. With the support of the town\u2019s tanners, it was here that a section of the original museum was devoted to the manufacture of leather. In 1982, the old museum came under the management of the <em>Fundacio\u0301 Pu\u0301blica Municipal Museu Comarcal de l\u2019Anoia<\/em>.<\/p>\n<p>In 1983, Igualada Town Council, the Generalitat Museum Service and the Tanners\u2019 Guild purchased the Cal Granotes\u00a0Tannery (18th century), which was excavated, restored and opened to the pubic in 990. The Town Council also acquired Cal Boyer, an old textile factory, which is now the Leather Museum. After being restored and refurbished in phases, different spaces were opened between 1986 and 1999 that currently house permanent exhibitions devoted to the industrial tannng heritage and the use of water for the manufacturing of leather.<\/p>\n<p>In 1988, the Museum, together with new museums under the auspisces \u00a0of the Diputacio\u0301 de Barcelona, founded the Local Museums Cooperational Commission, later known as the Local Museums Network. In 1998, it was officially declared as a section of the Catalan Museum of Science<u> and Technology<\/u>\u00a0and became a member of the \u00a0mNACTEC<u> Territorial System<\/u>. In 2015, it subsequently became part of the Igualada Leather Cluster Barcelona.<\/p>\n<div class=\"gap-element\" style=\"display:block; height:auto; padding-top:0px\" class=\"clearfix\"><\/div>\n<\/div><\/div>\n\n<style scope=\"scope\">\n\n<\/style>\n<\/div>\n\n  <div class=\"banner has-hover\" id=\"banner-5982089\">\n          <div class=\"banner-inner fill\">\n        <div class=\"banner-bg fill\" >\n            <div class=\"bg fill bg-fill \"><\/div>\n                        <div class=\"overlay\"><\/div>            \n                    <\/div><!-- bg-layers -->\n        <div class=\"banner-layers container\">\n            <div class=\"fill banner-link\"><\/div>            \n        <\/div><!-- .banner-layers -->\n      <\/div><!-- .banner-inner -->\n\n            \n<style scope=\"scope\">\n\n#banner-5982089 {\n  padding-top: 100px;\n}\n#banner-5982089 .bg.bg-loaded {\n  background-image: url(https:\/\/museupelligualada.cat\/wp-content\/uploads\/CAL-BOYER-RETOC-3-AFMI08173-1600x900.jpg);\n}\n#banner-5982089 .overlay {\n  background-color: rgba(255,255,255,.5);\n}\n#banner-5982089 .bg {\n  background-position: 22% 67%;\n}\n<\/style>\n  <\/div><!-- .banner -->\n\n\n<div class=\"gap-element\" style=\"display:block; height:auto; padding-top:60px\" class=\"clearfix\"><\/div>\n<h2 id=\"colleccions\" class=\"thin-font\" style=\"text-align: center;\">Museum Collections and Inquiries<\/h2>\n<h6 style=\"text-align: center;\">Start &gt; The Museum &gt; Museum Collections and Inquiries<\/h6>\n<div class=\"gap-element\" style=\"display:block; height:auto; padding-top:60px\" class=\"clearfix\"><\/div>\n\n  <div class=\"banner has-hover\" id=\"banner-425364872\">\n          <div class=\"banner-inner fill\">\n        <div class=\"banner-bg fill\" >\n            <div class=\"bg fill bg-fill \"><\/div>\n                        <div class=\"overlay\"><\/div>            \n                    <\/div><!-- bg-layers -->\n        <div class=\"banner-layers container\">\n            <div class=\"fill banner-link\"><\/div>            \n   <div id=\"text-box-1244915226\" class=\"text-box banner-layer x5 md-x5 lg-x5 y50 md-y50 lg-y50 res-text\">\n                                <div class=\"text dark\">\n              \n              <div class=\"text-inner text-left\">\n                  \n<p><span style=\"font-size: 130%;\"><strong>The Museum collections, which are exhibited in Cal Granotes and the Cal Boyer permanent exhibition halls, consist of objects, tools and machinery used in the tanning industry and the manufacture of leather. Also on display in the <em>People and Water<\/em> space are hydraulic engines as well as objects and machinery employed in the use of water. <\/strong><\/span><\/p>\n              <\/div>\n           <\/div><!-- text-box-inner -->\n                            \n<style scope=\"scope\">\n\n#text-box-1244915226 {\n  width: 60%;\n}\n#text-box-1244915226 .text {\n  font-size: 100%;\n}\n\n\n@media (min-width:550px) {\n\n  #text-box-1244915226 {\n    width: 90%;\n  }\n\n}\n<\/style>\n    <\/div><!-- text-box -->\n \n        <\/div><!-- .banner-layers -->\n      <\/div><!-- .banner-inner -->\n\n            \n<style scope=\"scope\">\n\n#banner-425364872 {\n  padding-top: 300px;\n}\n#banner-425364872 .bg.bg-loaded {\n  background-image: url(https:\/\/museupelligualada.cat\/wp-content\/uploads\/Museu-Pell-restauracio.jpg);\n}\n#banner-425364872 .overlay {\n  background-color: rgba(0,0,0,.5);\n}\n#banner-425364872 .bg {\n  background-position: 39% 46%;\n}\n<\/style>\n  <\/div><!-- .banner -->\n\n\n<div class=\"gap-element\" style=\"display:block; height:auto; padding-top:60px\" class=\"clearfix\"><\/div>\n<div class=\"row\"  id=\"row-757682940\">\n<div class=\"col medium-1\/10 large-1\/10\"  ><div class=\"col-inner\"  >\n<p>The Museum\u2019s reserves include an artistic collection consisting of paintings and sculptures, altar pieces and religious art, archeology, paleontology, science and technology, ethnology and natural sciences. Some of these collections are accessible via Museums online.<\/p>\n<p>The Museum\u2019s bibliographic collection consisting of books and documents on leather tanning forms part of the Generalitat de Catalunya Specialized Library Network (BEG) and can be consulted on the BEG catalogue online.<\/p>\n<p>The Museum has a consultation service for attending to inquiries about its collections as well as advice on research work. Inquiries may be made by prior arrangement from Monday to Friday between 9 and 13 h by calling 938046752\u00a0or by email to <a href=\"mailto:m.igualada@diba.cat\">m.igualada@diba.cat<\/a>.<\/p>\n<div class=\"gap-element\" style=\"display:block; height:auto; padding-top:0px\" class=\"clearfix\"><\/div>\n<\/div><\/div>\n<\/div>\n<p><!-- \/* ********* publicacions ************ *\/ --><\/p>\n\n  <div class=\"banner has-hover\" id=\"banner-933604461\">\n          <div class=\"banner-inner fill\">\n        <div class=\"banner-bg fill\" >\n            <div class=\"bg fill bg-fill \"><\/div>\n                        <div class=\"overlay\"><\/div>            \n                    <\/div><!-- bg-layers -->\n        <div class=\"banner-layers container\">\n            <div class=\"fill banner-link\"><\/div>            \n        <\/div><!-- .banner-layers -->\n      <\/div><!-- .banner-inner -->\n\n            \n<style scope=\"scope\">\n\n#banner-933604461 {\n  padding-top: 100px;\n}\n#banner-933604461 .bg.bg-loaded {\n  background-image: url(https:\/\/museupelligualada.cat\/wp-content\/uploads\/Museu-Pell-restauracio.jpg);\n}\n#banner-933604461 .overlay {\n  background-color: rgba(255,255,255,.5);\n}\n#banner-933604461 .bg {\n  background-position: 13% 47%;\n}\n<\/style>\n  <\/div><!-- .banner -->\n\n\n<div class=\"gap-element\" style=\"display:block; height:auto; padding-top:60px\" class=\"clearfix\"><\/div>\n<h2 id=\"publicacions\" class=\"thin-font\" style=\"text-align: center;\">Publications<\/h2>\n<h6 style=\"text-align: center;\">Start &gt; The Museum &gt; Publications<\/h6>\n<div class=\"gap-element\" style=\"display:block; height:auto; padding-top:60px\" class=\"clearfix\"><\/div>\n\n  <div class=\"banner has-hover\" id=\"banner-1735971613\">\n          <div class=\"banner-inner fill\">\n        <div class=\"banner-bg fill\" >\n            <div class=\"bg fill bg-fill \"><\/div>\n                        <div class=\"overlay\"><\/div>            \n                    <\/div><!-- bg-layers -->\n        <div class=\"banner-layers container\">\n            <div class=\"fill banner-link\"><\/div>            \n   <div id=\"text-box-978038291\" class=\"text-box banner-layer x5 md-x5 lg-x5 y50 md-y50 lg-y50 res-text\">\n                                <div class=\"text dark\">\n              \n              <div class=\"text-inner text-left\">\n                  \n<p><span style=\"font-size: 130%;\"><strong>The Museum has specialized publications on leather, tanneries and tanning processes both industrial and pre-industrial. <\/strong><\/span><\/p>\n              <\/div>\n           <\/div><!-- text-box-inner -->\n                            \n<style scope=\"scope\">\n\n#text-box-978038291 {\n  width: 60%;\n}\n#text-box-978038291 .text {\n  font-size: 100%;\n}\n\n\n@media (min-width:550px) {\n\n  #text-box-978038291 {\n    width: 90%;\n  }\n\n}\n<\/style>\n    <\/div><!-- text-box -->\n \n        <\/div><!-- .banner-layers -->\n      <\/div><!-- .banner-inner -->\n\n            \n<style scope=\"scope\">\n\n#banner-1735971613 {\n  padding-top: 300px;\n}\n#banner-1735971613 .bg.bg-loaded {\n  background-image: url(https:\/\/museupelligualada.cat\/wp-content\/uploads\/IMG_3171.jpg);\n}\n#banner-1735971613 .overlay {\n  background-color: rgba(0,0,0,.5);\n}\n#banner-1735971613 .bg {\n  background-position: 54% 46%;\n}\n<\/style>\n  <\/div><!-- .banner -->\n\n\n<div class=\"gap-element\" style=\"display:block; height:auto; padding-top:60px\" class=\"clearfix\"><\/div>\n<div class=\"row\"  id=\"row-1066640615\">\n<div class=\"col medium-6 small-12 large-6\"  ><div class=\"col-inner\"  >\n<div class=\"row\"  id=\"row-403718872\">\n<div class=\"col medium-4 small-12 large-4\"  ><div class=\"col-inner\"  >\n\t<div class=\"img has-hover x md-x lg-x y md-y lg-y\" id=\"image_1605858406\">\n\t\t<a href=\"https:\/\/museupelligualada.cat\/wp-content\/uploads\/CAL-GRANOTES_UNA-ADOBERIA-DEL-SXVIII.pdf\" target=\"_self\" class=\"\">\t\t\t\t\t\t<div class=\"img-inner dark\" >\n\t\t\t<img loading=\"lazy\" decoding=\"async\" width=\"707\" height=\"1000\" src=\"https:\/\/museupelligualada.cat\/wp-content\/uploads\/Cal-Granotes-1.jpg\" class=\"attachment-large size-large\" alt=\"\" srcset=\"https:\/\/museupelligualada.cat\/wp-content\/uploads\/Cal-Granotes-1.jpg 707w, https:\/\/museupelligualada.cat\/wp-content\/uploads\/Cal-Granotes-1-240x340.jpg 240w, https:\/\/museupelligualada.cat\/wp-content\/uploads\/Cal-Granotes-1-566x800.jpg 566w\" sizes=\"auto, (max-width: 707px) 100vw, 707px\" \/>\t\t\t\t\t\t\n\t\t\t\t\t<\/div>\n\t\t\t\t\t\t<\/a>\t\t\n<style scope=\"scope\">\n\n#image_1605858406 {\n  width: 100%;\n}\n<\/style>\n\t<\/div>\n\t\n<\/div><\/div>\n<div class=\"col medium-8 small-12 large-8\"  ><div class=\"col-inner\"  >\n<p><a href=\"https:\/\/museupelligualada.cat\/wp-content\/uploads\/CAL-GRANOTES_UNA-ADOBERIA-DEL-SXVIII.pdf\" target=\"_blank\" rel=\"noopener\"><strong>\u201cCal Granotes\u201d. An 18th century tannery.<\/strong><\/a><\/p>\n<p>Publication on the permanent exhibition on tanning at the Museum since 1990, specifically the traditional, pre-industrial, Moroccan tanning processes. Contains texts, historical images and photographs of the most relevant artifacts. Versions available in Spanish, English and German.<\/p>\n<\/div><\/div>\n<\/div>\n<\/div><\/div>\n<div class=\"col medium-6 small-12 large-6\"  ><div class=\"col-inner\"  >\n<div class=\"row\"  id=\"row-67778154\">\n<div class=\"col medium-4 small-12 large-4\"  ><div class=\"col-inner\"  >\n\t<div class=\"img has-hover x md-x lg-x y md-y lg-y\" id=\"image_1926572692\">\n\t\t\t\t\t\t\t\t<div class=\"img-inner dark\" >\n\t\t\t<img loading=\"lazy\" decoding=\"async\" width=\"707\" height=\"1000\" src=\"https:\/\/museupelligualada.cat\/wp-content\/uploads\/Bombos-1.jpg\" class=\"attachment-large size-large\" alt=\"\" srcset=\"https:\/\/museupelligualada.cat\/wp-content\/uploads\/Bombos-1.jpg 707w, https:\/\/museupelligualada.cat\/wp-content\/uploads\/Bombos-1-240x340.jpg 240w, https:\/\/museupelligualada.cat\/wp-content\/uploads\/Bombos-1-566x800.jpg 566w\" sizes=\"auto, (max-width: 707px) 100vw, 707px\" \/>\t\t\t\t\t\t\n\t\t\t\t\t<\/div>\n\t\t\t\t\t\t\t\t\n<style scope=\"scope\">\n\n#image_1926572692 {\n  width: 100%;\n}\n<\/style>\n\t<\/div>\n\t\n<\/div><\/div>\n<div class=\"col medium-8 small-12 large-8\"  ><div class=\"col-inner\"  >\n<p><a href=\"https:\/\/museupelligualada.cat\/wp-content\/uploads\/MUSEU-DE-LA-PELL_CLOTS-I-BOMBOS.pdf\" target=\"_blank\" rel=\"noopener\"><strong>Leather Museum. Igualada. From the vats to the drums. The industrialization of leather.<\/strong><\/a><\/p>\n<p>Publication on the processes \u201cFrom the vats to the drums\u201d and \u201cThe industrialization of leather\u201d, at the permanent exhibition space of the Igualada Leather Musuem since 1999. Texts, images and photographs of the most relevant exhibits. Versions available in Spanish, English and German.<\/p>\n<\/div><\/div>\n<\/div>\n<\/div><\/div>\n<\/div>\n<div class=\"row\"  id=\"row-2030887031\">\n<div class=\"col medium-6 small-12 large-6\"  ><div class=\"col-inner\"  >\n<div class=\"row\"  id=\"row-2017754739\">\n<div class=\"col medium-4 small-12 large-4\"  ><div class=\"col-inner\"  >\n\t<div class=\"img has-hover x md-x lg-x y md-y lg-y\" id=\"image_2046816559\">\n\t\t\t\t\t\t\t\t<div class=\"img-inner dark\" >\n\t\t\t<img loading=\"lazy\" decoding=\"async\" width=\"707\" height=\"1000\" src=\"https:\/\/museupelligualada.cat\/wp-content\/uploads\/Museu-Pell-1.jpg\" class=\"attachment-large size-large\" alt=\"\" srcset=\"https:\/\/museupelligualada.cat\/wp-content\/uploads\/Museu-Pell-1.jpg 707w, https:\/\/museupelligualada.cat\/wp-content\/uploads\/Museu-Pell-1-240x340.jpg 240w, https:\/\/museupelligualada.cat\/wp-content\/uploads\/Museu-Pell-1-566x800.jpg 566w\" sizes=\"auto, (max-width: 707px) 100vw, 707px\" \/>\t\t\t\t\t\t\n\t\t\t\t\t<\/div>\n\t\t\t\t\t\t\t\t\n<style scope=\"scope\">\n\n#image_2046816559 {\n  width: 100%;\n}\n<\/style>\n\t<\/div>\n\t\n<\/div><\/div>\n<div class=\"col medium-8 small-12 large-8\"  ><div class=\"col-inner\"  >\n<p><a href=\"https:\/\/museupelligualada.cat\/wp-content\/uploads\/MUSEU-DE-LA-PELL_UN-MON-DE-PELL.pdf\" target=\"_blank\" rel=\"noopener\"><strong>Leather Museum. Igualada<\/strong><\/a><\/p>\n<p>Publication concerning \u201cLeather in history\u201d and \u201cA world of leather\u201d, in the permanent space of the Igualada Leather Museum, created in 1995. Texts, images and photographs of the most relevant exhibits. Versions available in Spanish, English and German.<\/p>\n<\/div><\/div>\n<\/div>\n<\/div><\/div>\n<div class=\"col medium-6 small-12 large-6\"  ><div class=\"col-inner\"  >\n<div class=\"row\"  id=\"row-812581294\">\n<div class=\"col medium-4 small-12 large-4\"  ><div class=\"col-inner\"  >\n\t<div class=\"img has-hover x md-x lg-x y md-y lg-y\" id=\"image_54617433\">\n\t\t\t\t\t\t\t\t<div class=\"img-inner dark\" >\n\t\t\t<img loading=\"lazy\" decoding=\"async\" width=\"707\" height=\"1000\" src=\"https:\/\/museupelligualada.cat\/wp-content\/uploads\/Biodiversitat-pell-1.jpg\" class=\"attachment-large size-large\" alt=\"\" srcset=\"https:\/\/museupelligualada.cat\/wp-content\/uploads\/Biodiversitat-pell-1.jpg 707w, https:\/\/museupelligualada.cat\/wp-content\/uploads\/Biodiversitat-pell-1-240x340.jpg 240w, https:\/\/museupelligualada.cat\/wp-content\/uploads\/Biodiversitat-pell-1-566x800.jpg 566w\" sizes=\"auto, (max-width: 707px) 100vw, 707px\" \/>\t\t\t\t\t\t\n\t\t\t\t\t<\/div>\n\t\t\t\t\t\t\t\t\n<style scope=\"scope\">\n\n#image_54617433 {\n  width: 100%;\n}\n<\/style>\n\t<\/div>\n\t\n<\/div><\/div>\n<div class=\"col medium-8 small-12 large-8\"  ><div class=\"col-inner\"  >\n<p><a href=\"https:\/\/museupelligualada.cat\/wp-content\/uploads\/LA-PELL_COL-BIODIVERSITAT-I-TECNODIVERSITAT.pdf\" target=\"_blank\" rel=\"noopener\"><strong>Leather. The Biodiversity and Technodiversity Collection<\/strong><\/a><\/p>\n<p>Description of the complete process of the transformation of leather, including its environmental impact and the treatment of general waste products.<\/p>\n<p>Only abiable in Catalan.<\/p>\n<\/div><\/div>\n<\/div>\n<\/div><\/div>\n<\/div>\n<div class=\"row\"  id=\"row-1657486661\">\n<div class=\"col medium-6 small-12 large-6\"  ><div class=\"col-inner\"  >\n<div class=\"row\"  id=\"row-516242683\">\n<div class=\"col medium-4 small-12 large-4\"  ><div class=\"col-inner\"  >\n\t<div class=\"img has-hover x md-x lg-x y md-y lg-y\" id=\"image_1841988529\">\n\t\t\t\t\t\t\t\t<div class=\"img-inner dark\" >\n\t\t\t<img loading=\"lazy\" decoding=\"async\" width=\"707\" height=\"1000\" src=\"https:\/\/museupelligualada.cat\/wp-content\/uploads\/Quadren-did\u00e0ctica-pell-1.jpg\" class=\"attachment-large size-large\" alt=\"\" srcset=\"https:\/\/museupelligualada.cat\/wp-content\/uploads\/Quadren-did\u00e0ctica-pell-1.jpg 707w, https:\/\/museupelligualada.cat\/wp-content\/uploads\/Quadren-did\u00e0ctica-pell-1-240x340.jpg 240w, https:\/\/museupelligualada.cat\/wp-content\/uploads\/Quadren-did\u00e0ctica-pell-1-566x800.jpg 566w\" sizes=\"auto, (max-width: 707px) 100vw, 707px\" \/>\t\t\t\t\t\t\n\t\t\t\t\t<\/div>\n\t\t\t\t\t\t\t\t\n<style scope=\"scope\">\n\n#image_1841988529 {\n  width: 100%;\n}\n<\/style>\n\t<\/div>\n\t\n<\/div><\/div>\n<div class=\"col medium-8 small-12 large-8\"  ><div class=\"col-inner\"  >\n<p><a href=\"https:\/\/museupelligualada.cat\/wp-content\/uploads\/EL-MUSEU-DE-LA-PELL-DIGUALADA_QDD-14.pdf\" target=\"_blank\" rel=\"noopener\"><strong>Igualada Leather Museum. Education and Outreach Portfolio<\/strong><\/a><\/p>\n<p>Portfolio on tanning in the town of Igualada, from the pre-industrial process to the advent of industrialization.<\/p>\n<p>Only abiable in Catalan.<\/p>\n<\/div><\/div>\n<\/div>\n<\/div><\/div>\n<div class=\"col medium-6 small-12 large-6\"  ><div class=\"col-inner\"  >\n<div class=\"row\"  id=\"row-1481174739\">\n<div class=\"col medium-4 small-12 large-4\"  ><div class=\"col-inner\"  >\n\t<div class=\"img has-hover x md-x lg-x y md-y lg-y\" id=\"image_1471685268\">\n\t\t\t\t\t\t\t\t<div class=\"img-inner dark\" >\n\t\t\t<img loading=\"lazy\" decoding=\"async\" width=\"778\" height=\"1000\" src=\"https:\/\/museupelligualada.cat\/wp-content\/uploads\/gremiblanquers-1.jpg\" class=\"attachment-large size-large\" alt=\"\" srcset=\"https:\/\/museupelligualada.cat\/wp-content\/uploads\/gremiblanquers-1.jpg 778w, https:\/\/museupelligualada.cat\/wp-content\/uploads\/gremiblanquers-1-265x340.jpg 265w, https:\/\/museupelligualada.cat\/wp-content\/uploads\/gremiblanquers-1-622x800.jpg 622w, https:\/\/museupelligualada.cat\/wp-content\/uploads\/gremiblanquers-1-768x987.jpg 768w\" sizes=\"auto, (max-width: 778px) 100vw, 778px\" \/>\t\t\t\t\t\t\n\t\t\t\t\t<\/div>\n\t\t\t\t\t\t\t\t\n<style scope=\"scope\">\n\n#image_1471685268 {\n  width: 100%;\n}\n<\/style>\n\t<\/div>\n\t\n<\/div><\/div>\n<div class=\"col medium-8 small-12 large-8\"  ><div class=\"col-inner\"  >\n<p><strong>History of the Igualada Tanners\u2019 Guild<\/strong><\/p>\n<p>Published by the Igualada Tanners\u2019 guild in 1997. It recounts the history of the Guild from its beginnings to the end of the 20th century. It includes documents, photographs and an up-to-date inventory of the leather tanneries and warehouses in Igualada.<\/p>\n<p>Only abiable in Catalan.<\/p>\n<\/div><\/div>\n<\/div>\n<\/div><\/div>\n<\/div>\n<div class=\"row\"  id=\"row-1682953067\">\n<div class=\"col medium-6 small-12 large-6\"  ><div class=\"col-inner\"  >\n<div class=\"row\"  id=\"row-634523168\">\n<div class=\"col medium-4 small-12 large-4\"  ><div class=\"col-inner\"  >\n\t<div class=\"img has-hover x md-x lg-x y md-y lg-y\" id=\"image_217035090\">\n\t\t\t\t\t\t\t\t<div class=\"img-inner dark\" >\n\t\t\t<img loading=\"lazy\" decoding=\"async\" width=\"708\" height=\"1000\" src=\"https:\/\/museupelligualada.cat\/wp-content\/uploads\/oficisdepell-1.jpg\" class=\"attachment-large size-large\" alt=\"\" srcset=\"https:\/\/museupelligualada.cat\/wp-content\/uploads\/oficisdepell-1.jpg 708w, https:\/\/museupelligualada.cat\/wp-content\/uploads\/oficisdepell-1-241x340.jpg 241w, https:\/\/museupelligualada.cat\/wp-content\/uploads\/oficisdepell-1-566x800.jpg 566w\" sizes=\"auto, (max-width: 708px) 100vw, 708px\" \/>\t\t\t\t\t\t\n\t\t\t\t\t<\/div>\n\t\t\t\t\t\t\t\t\n<style scope=\"scope\">\n\n#image_217035090 {\n  width: 100%;\n}\n<\/style>\n\t<\/div>\n\t\n<\/div><\/div>\n<div class=\"col medium-8 small-12 large-8\"  ><div class=\"col-inner\"  >\n<p><strong>The leather craft and trade in pre-industrial Catalonia by J.M. Torras i Rib\u00e9<\/strong><\/p>\n<p>A compendium of the history, heritage and techniques of the leather trade. It consists of an analysis of the geographical distribution of leather manufacture and a study of how it functions, the organization of work and the architectural features of the tannery buildings.<\/p>\n<p>Only abiable in Catalan.<\/p>\n<\/div><\/div>\n<\/div>\n<\/div><\/div>\n<div class=\"col medium-6 small-12 large-6\"  ><div class=\"col-inner\"  >\n<div class=\"row\"  id=\"row-922394658\">\n<div class=\"col medium-4 small-12 large-4\"  ><div class=\"col-inner\"  >\n\t<div class=\"img has-hover x md-x lg-x y md-y lg-y\" id=\"image_1982100657\">\n\t\t\t\t\t\t\t\t<div class=\"img-inner dark\" >\n\t\t\t<img loading=\"lazy\" decoding=\"async\" width=\"704\" height=\"1000\" src=\"https:\/\/museupelligualada.cat\/wp-content\/uploads\/diccionari.jpg\" class=\"attachment-large size-large\" alt=\"\" srcset=\"https:\/\/museupelligualada.cat\/wp-content\/uploads\/diccionari.jpg 704w, https:\/\/museupelligualada.cat\/wp-content\/uploads\/diccionari-239x340.jpg 239w, https:\/\/museupelligualada.cat\/wp-content\/uploads\/diccionari-563x800.jpg 563w\" sizes=\"auto, (max-width: 704px) 100vw, 704px\" \/>\t\t\t\t\t\t\n\t\t\t\t\t<\/div>\n\t\t\t\t\t\t\t\t\n<style scope=\"scope\">\n\n#image_1982100657 {\n  width: 100%;\n}\n<\/style>\n\t<\/div>\n\t\n<\/div><\/div>\n<div class=\"col medium-8 small-12 large-8\"  ><div class=\"col-inner\"  >\n<h4>Diccionari de la ind\u00fastria d\u2019adobar pells<\/h4>\n<p><span style=\"font-size: 90%;\">Vocabulari editat el 1992, amb revisi\u00f3 terminol\u00f2gica del TERMCAT. Abasta tots els termes que fan refer\u00e8ncia a la pell; recull la definici\u00f3 en catal\u00e0 i les equival\u00e8ncies en castell\u00e0.<\/span><\/p>\n<p>Only abiable in Catalan.<\/p>\n<\/div><\/div>\n<\/div>\n<\/div><\/div>\n\n<style scope=\"scope\">\n\n<\/style>\n<\/div>\n\n  <div class=\"banner has-hover\" id=\"banner-1243702135\">\n          <div class=\"banner-inner fill\">\n        <div class=\"banner-bg fill\" >\n            <div class=\"bg fill bg-fill \"><\/div>\n                        <div class=\"overlay\"><\/div>            \n                    <\/div><!-- bg-layers -->\n        <div class=\"banner-layers container\">\n            <div class=\"fill banner-link\"><\/div>            \n        <\/div><!-- .banner-layers -->\n      <\/div><!-- .banner-inner -->\n\n            \n<style scope=\"scope\">\n\n#banner-1243702135 {\n  padding-top: 100px;\n}\n#banner-1243702135 .bg.bg-loaded {\n  background-image: url(https:\/\/museupelligualada.cat\/wp-content\/uploads\/IMG_3171.jpg);\n}\n#banner-1243702135 .overlay {\n  background-color: rgba(255,255,255,.5);\n}\n#banner-1243702135 .bg {\n  background-position: 34% 34%;\n}\n<\/style>\n  <\/div><!-- .banner -->\n\n\n<div class=\"gap-element\" style=\"display:block; height:auto; padding-top:60px\" class=\"clearfix\"><\/div>\n<h2 id=\"lloguer\" class=\"thin-font\" style=\"text-align: center;\">LEASING AND RENT OF MUSEU SPACES<\/h2>\n<h6 style=\"text-align: center;\">Start &gt; The Museum &gt; Spaces to rent<\/h6>\n<div class=\"gap-element\" style=\"display:block; height:auto; padding-top:60px\" class=\"clearfix\"><\/div>\n\n  <div class=\"banner has-hover\" id=\"banner-1987871490\">\n          <div class=\"banner-inner fill\">\n        <div class=\"banner-bg fill\" >\n            <div class=\"bg fill bg-fill \"><\/div>\n                        <div class=\"overlay\"><\/div>            \n                    <\/div><!-- bg-layers -->\n        <div class=\"banner-layers container\">\n            <div class=\"fill banner-link\"><\/div>            \n   <div id=\"text-box-687928078\" class=\"text-box banner-layer x50 md-x50 lg-x50 y50 md-y50 lg-y50 res-text\">\n                                <div class=\"text dark\">\n              \n              <div class=\"text-inner text-center\">\n                  \n<p><span style=\"font-size: 130%;\"><strong>The Museum makes attractive spaces available for lease or rent to companies and organizations for the celebration of cultural, social or educational activities (conferences, meetings, symposia, concerts, etc.) as well as events of a commercial nature (product presentations, filming, publicity shoots and photography, etc.). <\/strong><\/span><\/p>\n              <\/div>\n           <\/div><!-- text-box-inner -->\n                            \n<style scope=\"scope\">\n\n#text-box-687928078 {\n  width: 90%;\n}\n#text-box-687928078 .text {\n  font-size: 100%;\n}\n<\/style>\n    <\/div><!-- text-box -->\n \n        <\/div><!-- .banner-layers -->\n      <\/div><!-- .banner-inner -->\n\n            \n<style scope=\"scope\">\n\n#banner-1987871490 {\n  padding-top: 300px;\n}\n#banner-1987871490 .bg.bg-loaded {\n  background-image: url(https:\/\/museupelligualada.cat\/wp-content\/uploads\/Museu-Pell-exterior-fulles.jpg);\n}\n#banner-1987871490 .overlay {\n  background-color: rgba(8, 7, 7, 0.53);\n}\n#banner-1987871490 .bg {\n  background-position: 17% 16%;\n}\n<\/style>\n  <\/div><!-- .banner -->\n\n\n<div class=\"gap-element\" style=\"display:block; height:auto; padding-top:30px\" class=\"clearfix\"><\/div>\n<div class=\"row\"  id=\"row-1624861071\">\n<div class=\"col medium-1\/1 large-12\"  ><div class=\"col-inner\"  >\n<p>All the spaces are equipped with reduced disability access. Inquiries about availability should first be made by telephone 93 804 67 52 or email to m.igualada@diba.cat, and subsequently the completion of an application form.<br \/>As part of the events, it is also possible to include exclusive private visits, outside of the usual opening times, to the halls and spaces belonging to the Museum: the Cal Granotes Tannery, the Igualadina Cotonera, the Cal Pasqual Gas Generator, the Sant Jaume Sesoliveres Church and the l\u2019Espelt Roman villa.<\/p>\n<div class=\"slider-wrapper relative \" id=\"slider-2106662119\" >\n    <div class=\"slider slider-nav-circle slider-nav-large slider-nav-light slider-style-normal\"\n        data-flickity-options='{\n            \"cellAlign\": \"center\",\n            \"imagesLoaded\": true,\n            \"lazyLoad\": 1,\n            \"freeScroll\": false,\n            \"wrapAround\": true,\n            \"autoPlay\": 6000,\n            \"pauseAutoPlayOnHover\" : true,\n            \"prevNextButtons\": true,\n            \"contain\" : true,\n            \"adaptiveHeight\" : true,\n            \"dragThreshold\" : 5,\n            \"percentPosition\": true,\n            \"pageDots\": true,\n            \"rightToLeft\": false,\n            \"draggable\": true,\n            \"selectedAttraction\": 0.1,\n            \"parallax\" : 0,\n            \"friction\": 0.6        }'\n        >\n        \n\n  <div class=\"banner has-hover\" id=\"banner-1293226770\">\n          <div class=\"banner-inner fill\">\n        <div class=\"banner-bg fill\" >\n            <div class=\"bg fill bg-fill \"><\/div>\n                        <div class=\"overlay\"><\/div>            \n                    <\/div><!-- bg-layers -->\n        <div class=\"banner-layers container\">\n            <a href=\"#pati-moli\"  class=\"fill\"><div class=\"fill banner-link\"><\/div><\/a>            \n   <div id=\"text-box-962868098\" class=\"text-box banner-layer x5 md-x5 lg-x5 y15 md-y15 lg-y15 res-text\">\n                                <div class=\"text dark\">\n              \n              <div class=\"text-inner text-center\">\n                  \n<p style=\"text-align: left;\">Exclusive museum spaces<\/p>\n<p style=\"text-align: left;\"><span style=\"font-size: 130%;\"><strong>CAL BOYER TRUSS ROOM<\/strong><\/span><\/p>\n<a href=\"#pati-moli\" target=\"_self\" class=\"button secondary is-small lowercase\"  >\n    <span>Further informaton<\/span>\n  <\/a>\n\n              <\/div>\n           <\/div><!-- text-box-inner -->\n                            \n<style scope=\"scope\">\n\n#text-box-962868098 {\n  width: 60%;\n}\n#text-box-962868098 .text {\n  font-size: 100%;\n}\n\n\n@media (min-width:550px) {\n\n  #text-box-962868098 {\n    width: 40%;\n  }\n\n}\n<\/style>\n    <\/div><!-- text-box -->\n \n        <\/div><!-- .banner-layers -->\n      <\/div><!-- .banner-inner -->\n\n            \n<style scope=\"scope\">\n\n#banner-1293226770 {\n  padding-top: 500px;\n}\n#banner-1293226770 .bg.bg-loaded {\n  background-image: url(https:\/\/museupelligualada.cat\/wp-content\/uploads\/Museu-Pell-pati-Cal-Granotes.jpg);\n}\n#banner-1293226770 .overlay {\n  background-color: rgba(0, 0, 0, 0.44);\n}\n#banner-1293226770 .bg {\n  background-position: 0% 0%;\n}\n<\/style>\n  <\/div><!-- .banner -->\n\n\n\n  <div class=\"banner has-hover\" id=\"banner-1543657537\">\n          <div class=\"banner-inner fill\">\n        <div class=\"banner-bg fill\" >\n            <div class=\"bg fill bg-fill \"><\/div>\n                        <div class=\"overlay\"><\/div>            \n                    <\/div><!-- bg-layers -->\n        <div class=\"banner-layers container\">\n            <div class=\"fill banner-link\"><\/div>            \n   <div id=\"text-box-1668448362\" class=\"text-box banner-layer x5 md-x5 lg-x5 y15 md-y15 lg-y15 res-text\">\n                                <div class=\"text dark\">\n              \n              <div class=\"text-inner text-center\">\n                  \n<p style=\"text-align: left;\">Exclusive museum spaces<\/p>\n<p style=\"text-align: left;\"><span style=\"font-size: 130%;\"><strong>CAL GRANOTES COURTYARD &#8211; BARK SHREDDING MILL<\/strong><\/span><\/p>\n<a href=\"#encavallades\" target=\"_self\" class=\"button secondary is-small lowercase\"  >\n    <span>Further information<\/span>\n  <\/a>\n\n              <\/div>\n           <\/div><!-- text-box-inner -->\n                            \n<style scope=\"scope\">\n\n#text-box-1668448362 {\n  width: 60%;\n}\n#text-box-1668448362 .text {\n  font-size: 100%;\n}\n\n\n@media (min-width:550px) {\n\n  #text-box-1668448362 {\n    width: 40%;\n  }\n\n}\n<\/style>\n    <\/div><!-- text-box -->\n \n        <\/div><!-- .banner-layers -->\n      <\/div><!-- .banner-inner -->\n\n            \n<style scope=\"scope\">\n\n#banner-1543657537 {\n  padding-top: 500px;\n}\n#banner-1543657537 .bg.bg-loaded {\n  background-image: url(https:\/\/museupelligualada.cat\/wp-content\/uploads\/encavallades-1600x1081.jpg);\n}\n#banner-1543657537 .overlay {\n  background-color: rgba(0, 0, 0, 0.44);\n}\n#banner-1543657537 .bg {\n  background-position: 46% 57%;\n}\n<\/style>\n  <\/div><!-- .banner -->\n\n\n\n  <div class=\"banner has-hover\" id=\"banner-934143111\">\n          <div class=\"banner-inner fill\">\n        <div class=\"banner-bg fill\" >\n            <div class=\"bg fill bg-fill \"><\/div>\n                        <div class=\"overlay\"><\/div>            \n                    <\/div><!-- bg-layers -->\n        <div class=\"banner-layers container\">\n            <div class=\"fill banner-link\"><\/div>            \n   <div id=\"text-box-603266363\" class=\"text-box banner-layer x5 md-x5 lg-x5 y15 md-y15 lg-y15 res-text\">\n                                <div class=\"text dark\">\n              \n              <div class=\"text-inner text-center\">\n                  \n<p style=\"text-align: left;\">Exclusive museum spaces<\/p>\n<p style=\"text-align: left;\"><span style=\"font-size: 130%;\"><strong>CAL BOYER COURTYARD<\/strong><\/span><\/p>\n<p>\u00a0<\/p>\n<a href=\"#pati-boyer\" target=\"_self\" class=\"button secondary is-small lowercase\"  >\n    <span>Further information<\/span>\n  <\/a>\n\n              <\/div>\n           <\/div><!-- text-box-inner -->\n                            \n<style scope=\"scope\">\n\n#text-box-603266363 {\n  width: 60%;\n}\n#text-box-603266363 .text {\n  font-size: 100%;\n}\n\n\n@media (min-width:550px) {\n\n  #text-box-603266363 {\n    width: 40%;\n  }\n\n}\n<\/style>\n    <\/div><!-- text-box -->\n \n        <\/div><!-- .banner-layers -->\n      <\/div><!-- .banner-inner -->\n\n            \n<style scope=\"scope\">\n\n#banner-934143111 {\n  padding-top: 500px;\n}\n#banner-934143111 .bg.bg-loaded {\n  background-image: url(https:\/\/museupelligualada.cat\/wp-content\/uploads\/Museu0006-1600x1095.jpg);\n}\n#banner-934143111 .overlay {\n  background-color: rgba(0, 0, 0, 0.44);\n}\n#banner-934143111 .bg {\n  background-position: 23% 31%;\n}\n<\/style>\n  <\/div><!-- .banner -->\n\n\n\n  <div class=\"banner has-hover\" id=\"banner-749452588\">\n          <div class=\"banner-inner fill\">\n        <div class=\"banner-bg fill\" >\n            <div class=\"bg fill bg-fill \"><\/div>\n                        <div class=\"overlay\"><\/div>            \n                    <\/div><!-- bg-layers -->\n        <div class=\"banner-layers container\">\n            <a href=\"#espai-cub\"  class=\"fill\"><div class=\"fill banner-link\"><\/div><\/a>            \n   <div id=\"text-box-390520903\" class=\"text-box banner-layer x5 md-x5 lg-x5 y15 md-y15 lg-y15 res-text\">\n                                <div class=\"text dark\">\n              \n              <div class=\"text-inner text-center\">\n                  \n<p style=\"text-align: left;\">Exclusive museum spaces<\/p>\n<p style=\"text-align: left;\"><span style=\"font-size: 130%;\"><strong>ESPAI CUB<\/strong><\/span><\/p>\n<a href=\"#espai-cub\" target=\"_self\" class=\"button secondary is-small lowercase\"  >\n    <span>Further Information<\/span>\n  <\/a>\n\n              <\/div>\n           <\/div><!-- text-box-inner -->\n                            \n<style scope=\"scope\">\n\n#text-box-390520903 {\n  width: 60%;\n}\n#text-box-390520903 .text {\n  font-size: 100%;\n}\n\n\n@media (min-width:550px) {\n\n  #text-box-390520903 {\n    width: 40%;\n  }\n\n}\n<\/style>\n    <\/div><!-- text-box -->\n \n        <\/div><!-- .banner-layers -->\n      <\/div><!-- .banner-inner -->\n\n            \n<style scope=\"scope\">\n\n#banner-749452588 {\n  padding-top: 500px;\n}\n#banner-749452588 .bg.bg-loaded {\n  background-image: url(https:\/\/museupelligualada.cat\/wp-content\/uploads\/Espai-cub-1600x1200.jpg);\n}\n#banner-749452588 .overlay {\n  background-color: rgba(0, 0, 0, 0.44);\n}\n#banner-749452588 .bg {\n  background-position: 44% 82%;\n}\n<\/style>\n  <\/div><!-- .banner -->\n\n\n\n  <div class=\"banner has-hover\" id=\"banner-551047183\">\n          <div class=\"banner-inner fill\">\n        <div class=\"banner-bg fill\" >\n            <div class=\"bg fill bg-fill \"><\/div>\n                        <div class=\"overlay\"><\/div>            \n                    <\/div><!-- bg-layers -->\n        <div class=\"banner-layers container\">\n            <div class=\"fill banner-link\"><\/div>            \n   <div id=\"text-box-2146078653\" class=\"text-box banner-layer x5 md-x5 lg-x5 y15 md-y15 lg-y15 res-text\">\n                                <div class=\"text dark\">\n              \n              <div class=\"text-inner text-center\">\n                  \n<p style=\"text-align: left;\">Exclusive museum spaces<\/p>\n<p style=\"text-align: left;\"><span style=\"font-size: 130%;\"><strong>AUDITORIUM<\/strong><\/span><\/p>\n<a href=\"#auditori\" target=\"_self\" class=\"button secondary is-small lowercase\"  >\n    <span>Further information<\/span>\n  <\/a>\n\n              <\/div>\n           <\/div><!-- text-box-inner -->\n                            \n<style scope=\"scope\">\n\n#text-box-2146078653 {\n  width: 60%;\n}\n#text-box-2146078653 .text {\n  font-size: 100%;\n}\n\n\n@media (min-width:550px) {\n\n  #text-box-2146078653 {\n    width: 40%;\n  }\n\n}\n<\/style>\n    <\/div><!-- text-box -->\n \n        <\/div><!-- .banner-layers -->\n      <\/div><!-- .banner-inner -->\n\n            \n<style scope=\"scope\">\n\n#banner-551047183 {\n  padding-top: 500px;\n}\n#banner-551047183 .bg.bg-loaded {\n  background-image: url(https:\/\/museupelligualada.cat\/wp-content\/uploads\/180610-19.jpg);\n}\n#banner-551047183 .overlay {\n  background-color: rgba(0, 0, 0, 0.44);\n}\n#banner-551047183 .bg {\n  background-position: 62% 69%;\n}\n<\/style>\n  <\/div><!-- .banner -->\n\n\n\n  <div class=\"banner has-hover\" id=\"banner-110681235\">\n          <div class=\"banner-inner fill\">\n        <div class=\"banner-bg fill\" >\n            <div class=\"bg fill bg-fill \"><\/div>\n                        <div class=\"overlay\"><\/div>            \n                    <\/div><!-- bg-layers -->\n        <div class=\"banner-layers container\">\n            <div class=\"fill banner-link\"><\/div>            \n   <div id=\"text-box-1424236685\" class=\"text-box banner-layer x5 md-x5 lg-x5 y15 md-y15 lg-y15 res-text\">\n                                <div class=\"text dark\">\n              \n              <div class=\"text-inner text-center\">\n                  \n<p style=\"text-align: left;\">Exclusive museum spaces<\/p>\n<p style=\"text-align: left;\"><span style=\"font-size: 130%;\"><strong>TEMPORARY EXHIBITION HALL<\/strong><\/span><\/p>\n<a href=\"#sala-exposicions\" target=\"_self\" class=\"button secondary is-small lowercase\"  >\n    <span>Further Information<\/span>\n  <\/a>\n\n              <\/div>\n           <\/div><!-- text-box-inner -->\n                            \n<style scope=\"scope\">\n\n#text-box-1424236685 {\n  width: 60%;\n}\n#text-box-1424236685 .text {\n  font-size: 100%;\n}\n\n\n@media (min-width:550px) {\n\n  #text-box-1424236685 {\n    width: 40%;\n  }\n\n}\n<\/style>\n    <\/div><!-- text-box -->\n \n        <\/div><!-- .banner-layers -->\n      <\/div><!-- .banner-inner -->\n\n            \n<style scope=\"scope\">\n\n#banner-110681235 {\n  padding-top: 500px;\n}\n#banner-110681235 .bg.bg-loaded {\n  background-image: url(https:\/\/museupelligualada.cat\/wp-content\/uploads\/Museu-Pell-exposicions-2.jpg);\n}\n#banner-110681235 .overlay {\n  background-color: rgba(0, 0, 0, 0.44);\n}\n#banner-110681235 .bg {\n  background-position: 62% 69%;\n}\n<\/style>\n  <\/div><!-- .banner -->\n\n\n\n  <div class=\"banner has-hover\" id=\"banner-1685011671\">\n          <div class=\"banner-inner fill\">\n        <div class=\"banner-bg fill\" >\n            <div class=\"bg fill bg-fill \"><\/div>\n                        <div class=\"overlay\"><\/div>            \n                    <\/div><!-- bg-layers -->\n        <div class=\"banner-layers container\">\n            <div class=\"fill banner-link\"><\/div>            \n   <div id=\"text-box-333862466\" class=\"text-box banner-layer x5 md-x5 lg-x5 y15 md-y15 lg-y15 res-text\">\n                                <div class=\"text dark\">\n              \n              <div class=\"text-inner text-center\">\n                  \n<p style=\"text-align: left;\">Exclusive museum spaces<\/p>\n<p style=\"text-align: left;\"><span style=\"font-size: 130%;\"><strong>WORKSHOP<\/strong><\/span><\/p>\n<a href=\"#espai-taller\" target=\"_self\" class=\"button secondary is-small lowercase\"  >\n    <span>Further Information<\/span>\n  <\/a>\n\n              <\/div>\n           <\/div><!-- text-box-inner -->\n                            \n<style scope=\"scope\">\n\n#text-box-333862466 {\n  width: 60%;\n}\n#text-box-333862466 .text {\n  font-size: 100%;\n}\n\n\n@media (min-width:550px) {\n\n  #text-box-333862466 {\n    width: 40%;\n  }\n\n}\n<\/style>\n    <\/div><!-- text-box -->\n \n        <\/div><!-- .banner-layers -->\n      <\/div><!-- .banner-inner -->\n\n            \n<style scope=\"scope\">\n\n#banner-1685011671 {\n  padding-top: 500px;\n}\n#banner-1685011671 .bg.bg-loaded {\n  background-image: url(https:\/\/museupelligualada.cat\/wp-content\/uploads\/180610-93.jpg);\n}\n#banner-1685011671 .overlay {\n  background-color: rgba(0, 0, 0, 0.44);\n}\n<\/style>\n  <\/div><!-- .banner -->\n\n\n\n  <div class=\"banner has-hover\" id=\"banner-2071787307\">\n          <div class=\"banner-inner fill\">\n        <div class=\"banner-bg fill\" >\n            <div class=\"bg fill bg-fill \"><\/div>\n                        <div class=\"overlay\"><\/div>            \n                    <\/div><!-- bg-layers -->\n        <div class=\"banner-layers container\">\n            <div class=\"fill banner-link\"><\/div>            \n   <div id=\"text-box-264339424\" class=\"text-box banner-layer x5 md-x5 lg-x5 y15 md-y15 lg-y15 res-text\">\n                                <div class=\"text dark\">\n              \n              <div class=\"text-inner text-center\">\n                  \n<p style=\"text-align: left;\">Exclusive museum spaces<\/p>\n<p style=\"text-align: left;\"><span style=\"font-size: 130%;\"><strong>VESTIBULE<\/strong><\/span><\/p>\n<a href=\"#vestibul\" target=\"_self\" class=\"button secondary is-small lowercase\"  >\n    <span>Further information<\/span>\n  <\/a>\n\n              <\/div>\n           <\/div><!-- text-box-inner -->\n                            \n<style scope=\"scope\">\n\n#text-box-264339424 {\n  width: 60%;\n}\n#text-box-264339424 .text {\n  font-size: 100%;\n}\n\n\n@media (min-width:550px) {\n\n  #text-box-264339424 {\n    width: 40%;\n  }\n\n}\n<\/style>\n    <\/div><!-- text-box -->\n \n        <\/div><!-- .banner-layers -->\n      <\/div><!-- .banner-inner -->\n\n            \n<style scope=\"scope\">\n\n#banner-2071787307 {\n  padding-top: 500px;\n}\n#banner-2071787307 .bg.bg-loaded {\n  background-image: url(https:\/\/museupelligualada.cat\/wp-content\/uploads\/180610-35.jpg);\n}\n#banner-2071787307 .overlay {\n  background-color: rgba(0, 0, 0, 0.44);\n}\n<\/style>\n  <\/div><!-- .banner -->\n\n\n     <\/div>\n\n     <div class=\"loading-spin dark large centered\"><\/div>\n\n     <style scope=\"scope\">\n             <\/style>\n<\/div><!-- .ux-slider-wrapper -->\n\n\n<div id=\"vestibul\"\n    class=\"lightbox-by-id lightbox-content mfp-hide lightbox-white \"\n    style=\"max-width:60% ;padding:50px\">\n    \n<h4>VESTIBULE.<\/h4>\n<p>Located at the entrance to the Museum, it has a total surface area of 144 m<sup>2<\/sup>\u00a0and capacity for 72 people. This is a space suitable for receptions. It enjoys natural light and has access to the courtyard. It is equipped with two refrigeration chambers and a dispenser for hot drinks. Free wifi.<\/p>\n<\/div>\n\n\n<div id=\"pati-moli\"\n    class=\"lightbox-by-id lightbox-content mfp-hide lightbox-white \"\n    style=\"max-width:60% ;padding:50px\">\n    \n<h4>CAL GRANOTES COURTYARD \u2013 BARK SHREDDING MILL.<\/h4>\n<p>This is the courtyard that stands at the entrance to the Cal Granotes Tannery. Presided over by a bark shredding mill and a stone bench at one end. This space can be used for small-scale, outdoor events, as well as for garden parties, lunches and dinners, concerts and shows. It has a surface area of 112 m<sup>2\u00a0<\/sup>and a capacity of 100 people.<\/p>\n<\/div>\n\n\n<div id=\"espai-taller\"\n    class=\"lightbox-by-id lightbox-content mfp-hide lightbox-white \"\n    style=\"max-width:60% ;padding:50px\">\n    \n<h4>WORKSHOP.<\/h4>\n<p>Situated on the first floor of the Museum, it consists of a surface area of 54 m<sup>2<\/sup>, a seating capacity of 27 people and benches for working with hides or conducting all types of manual skills, workshops or training in general. Natural light or artificial lighting. It has a connection for water and a long fixed workbench. An easel with sheets of paper is also available. Free wifi.<\/p>\n<\/div>\n\n\n<div id=\"sala-exposicions\"\n    class=\"lightbox-by-id lightbox-content mfp-hide lightbox-white \"\n    style=\"max-width:60% ;padding:50px\">\n    \n<h4>TEMPORARY EXHIBITION HALL.<\/h4>\n<p>An ample, regular space located on the ground floor of the Museum consisting of 180 m<sup>2<\/sup> with access from the vestibule. With a capacity of 112 people, it is ideal for all types of exhibitions and is also suitable as a polyvalent space for different kinds of events. Two movable walls enable the space to be adapted as required. Artificial lighting. Air-conditioning. Free wifi and portable loudspeaker.<\/p>\n<\/div>\n\n\n<div id=\"encavallades\"\n    class=\"lightbox-by-id lightbox-content mfp-hide lightbox-white \"\n    style=\"max-width:60% ;padding:50px\">\n    \n<h4>CAL BOYER TRUSS.<\/h4>\n<p>Located on the first floor of the Museum, it has a surface area of 769 m<sup>2<\/sup>\u00a0and is a space suitable for large-scale events as well as film shoots and photographic sessions. It has a capacity for 270 people and is provided with both natural light and artificial lighting. It is also equipped with a service lift with access to the courtyard and an elevator for the public with access to the vestibule. This is a space without air conditioning. Wifi is free.<\/p>\n<\/div>\n\n\n<div id=\"pati-boyer\"\n    class=\"lightbox-by-id lightbox-content mfp-hide lightbox-white \"\n    style=\"max-width:60% ;padding:50px\">\n    \n<h4>CAL BOYER COURTYARD.<\/h4>\n<p>This is an L-shaped courtyard that runs along the outside of the entrance fa\u00e7ade (west) and the south of the building. In summer, the west side of the courtyard receives the shade of the hackleberry trees. A broad ramp makes it accessible from the street. It is equipped with terraced seating, benches, waste bins, a fountain and a public toilet. It is a suitable location for fairs, morning and daytime meetings, open air lunches and dinners, concerts and different types of shows and performances. The total surface area comprises 1,190 m<sup>2<\/sup>\u00a0and has a capacity of 600 people. There are three electrical charge points and one connection for water. <br \/>A service yard is located behind the factory chimney, between the two halls, and may be used as an extension space with an access to the vestibule. It can be adapted for smaller scale, open air activities as well as for picnics and buffets. It has a surface area of 140 m<sup>2<\/sup>\u00a0and a capacity of 75 people.<\/p>\n<\/div>\n\n\n<div id=\"espai-cub\"\n    class=\"lightbox-by-id lightbox-content mfp-hide lightbox-white \"\n    style=\"max-width:60% ;padding:50px\">\n    \n<h4>ESPAI CUB.<\/h4>\n<p>Located on the first floor of the Museum, in the <em>Nau d\u2019Encavallades<\/em> (Truss Room). Perimeter space of 50 linear metres for temporary exhibitions. Natural light or artificial lighting.<\/p>\n<p>.<\/p>\n<\/div>\n\n\n<div id=\"auditori\"\n    class=\"lightbox-by-id lightbox-content mfp-hide lightbox-white \"\n    style=\"max-width:60% ;padding:50px\">\n    \n<h4>AUDITORIUM.<\/h4>\n<p>The conference hall or auditorium is located on the ground floor. It consists of seating for 154 people, a conference table and a speakers\u2019 lectern. It is equipped for conferences or seminars, audio-visual and multimedia presentations. There is air-conditioning, a cable connection for internet, free wifi, and a stereophonic sound system (a stand microphone, two table and two cordless microphones). Video equipment with DVD and PC projection systems. Retractable screen. Projection box with professional ten-channel control panel.<\/p>\n<\/div>\n\n\n<div class=\"gap-element\" style=\"display:block; height:auto; padding-top:30px\" class=\"clearfix\"><\/div>\n<div class=\"gap-element\" style=\"display:block; height:auto; padding-top:0px\" class=\"clearfix\"><\/div>\n<\/div><\/div>\n<\/div>\n\n  <div class=\"banner has-hover\" id=\"banner-606425967\">\n          <div class=\"banner-inner fill\">\n        <div class=\"banner-bg fill\" >\n            <div class=\"bg fill bg-fill \"><\/div>\n                        <div class=\"overlay\"><\/div>            \n                    <\/div><!-- bg-layers -->\n        <div class=\"banner-layers container\">\n            <div class=\"fill banner-link\"><\/div>            \n        <\/div><!-- .banner-layers -->\n      <\/div><!-- .banner-inner -->\n\n            \n<style scope=\"scope\">\n\n#banner-606425967 {\n  padding-top: 100px;\n}\n#banner-606425967 .bg.bg-loaded {\n  background-image: url(https:\/\/museupelligualada.cat\/wp-content\/uploads\/Museu-Pell-exterior-fulles.jpg);\n}\n#banner-606425967 .overlay {\n  background-color: rgba(255,255,255,.5);\n}\n#banner-606425967 .bg {\n  background-position: 22% 17%;\n}\n<\/style>\n  <\/div><!-- .banner -->\n\n\n<div class=\"gap-element\" style=\"display:block; height:auto; padding-top:60px\" class=\"clearfix\"><\/div>\n<h2 id=\"xarxa\" class=\"thin-font\" style=\"text-align: center;\">The Museum Netwrok<\/h2>\n<h6 style=\"text-align: center;\">Start &gt; The Museum &gt; The Museum Network<\/h6>\n<div class=\"gap-element\" style=\"display:block; height:auto; padding-top:60px\" class=\"clearfix\"><\/div>\n\n  <div class=\"banner has-hover\" id=\"banner-644423106\">\n          <div class=\"banner-inner fill\">\n        <div class=\"banner-bg fill\" >\n            <div class=\"bg fill bg-fill \"><\/div>\n                        <div class=\"overlay\"><\/div>            \n                    <\/div><!-- bg-layers -->\n        <div class=\"banner-layers container\">\n            <div class=\"fill banner-link\"><\/div>            \n   <div id=\"text-box-747910711\" class=\"text-box banner-layer x50 md-x50 lg-x50 y50 md-y50 lg-y50 res-text\">\n                                <div class=\"text dark\">\n              \n              <div class=\"text-inner text-center\">\n                  \n<p style=\"text-align: left;\"><span style=\"font-size: 130%;\"><strong>The Leather Museum belongs to different museum networks, with thematic and territorial backing, as part of the Museums of Catalonia System. It also forms part of the Leather Cluster Barcelona, the central office of which is in Igualada.<\/strong><\/span><\/p>\n              <\/div>\n           <\/div><!-- text-box-inner -->\n                            \n<style scope=\"scope\">\n\n#text-box-747910711 {\n  width: 90%;\n}\n#text-box-747910711 .text {\n  font-size: 100%;\n}\n<\/style>\n    <\/div><!-- text-box -->\n \n        <\/div><!-- .banner-layers -->\n      <\/div><!-- .banner-inner -->\n\n            \n<style scope=\"scope\">\n\n#banner-644423106 {\n  padding-top: 300px;\n}\n#banner-644423106 .bg.bg-loaded {\n  background-image: url(https:\/\/museupelligualada.cat\/wp-content\/uploads\/Museu-Pell-encavallades-1.jpg);\n}\n#banner-644423106 .overlay {\n  background-color: rgba(8, 7, 7, 0.53);\n}\n#banner-644423106 .bg {\n  background-position: 52% 82%;\n}\n<\/style>\n  <\/div><!-- .banner -->\n\n\n<div class=\"gap-element\" style=\"display:block; height:auto; padding-top:60px\" class=\"clearfix\"><\/div>\n<div class=\"row\"  id=\"row-1558236791\">\n<div class=\"col medium-1\/1 large-12\"  ><div class=\"col-inner\"  >\n<p><strong>Catalan Museum of Science and Technology Territorial System<br \/><\/strong><a href=\"http:\/\/sistema.mnactec.cat\/en\"><strong>http:\/\/sistema.mnactec.cat\/en<\/strong><\/a><\/p>\n<p><strong>Network of Local Museums<br \/><\/strong><a href=\"http:\/\/www.diba.cat\/web\/opc\/default_xml\/\"><strong>http:\/\/www.diba.cat\/web\/opc\/default_xml\/<\/strong><\/a><\/p>\n<p><strong>Catalan Industrial Tourism Network<br \/><\/strong><a href=\"http:\/\/www.xatic.cat\/\"><strong>http:\/\/www.xatic.cat<\/strong><\/a><\/p>\n<p><strong>Leather Cluster Barcelona<br \/><\/strong><a href=\"https:\/\/leatherbarcelona.com\/en\"><strong>https:\/\/leatherbarcelona.com\/en<\/strong><\/a><\/p>\n<div class=\"gap-element\" style=\"display:block; height:auto; padding-top:0px\" class=\"clearfix\"><\/div>\n<\/div><\/div>\n<\/div>\n\n  <div class=\"banner has-hover\" id=\"banner-1822961293\">\n          <div class=\"banner-inner fill\">\n        <div class=\"banner-bg fill\" >\n            <div class=\"bg fill bg-fill \"><\/div>\n                        <div class=\"overlay\"><\/div>            \n                    <\/div><!-- bg-layers -->\n        <div class=\"banner-layers container\">\n            <div class=\"fill banner-link\"><\/div>            \n        <\/div><!-- .banner-layers -->\n      <\/div><!-- .banner-inner -->\n\n            \n<style scope=\"scope\">\n\n#banner-1822961293 {\n  padding-top: 100px;\n}\n#banner-1822961293 .bg.bg-loaded {\n  background-image: url(https:\/\/museupelligualada.cat\/wp-content\/uploads\/Museu-Pell-encavallades-1.jpg);\n}\n#banner-1822961293 .overlay {\n  background-color: rgba(255,255,255,.5);\n}\n#banner-1822961293 .bg {\n  background-position: 22% 79%;\n}\n<\/style>\n  <\/div><!-- .banner -->\n\n\n<div class=\"gap-element\" style=\"display:block; height:auto; padding-top:60px\" class=\"clearfix\"><\/div>\n<h2 id=\"botiga\" class=\"thin-font\" style=\"text-align: center;\">Gift Shop<\/h2>\n<h6 style=\"text-align: center;\">Start &gt; The Museum &gt; Gift Shop<\/h6>\n<div class=\"gap-element\" style=\"display:block; height:auto; padding-top:60px\" class=\"clearfix\"><\/div>\n\n  <div class=\"banner has-hover\" id=\"banner-1715429696\">\n          <div class=\"banner-inner fill\">\n        <div class=\"banner-bg fill\" >\n            <div class=\"bg fill bg-fill \"><\/div>\n                        <div class=\"overlay\"><\/div>            \n                    <\/div><!-- bg-layers -->\n        <div class=\"banner-layers container\">\n            <div class=\"fill banner-link\"><\/div>            \n   <div id=\"text-box-638443452\" class=\"text-box banner-layer x50 md-x50 lg-x50 y50 md-y50 lg-y50 res-text\">\n                                <div class=\"text dark\">\n              \n              <div class=\"text-inner text-center\">\n                  \n<p><span style=\"font-size: 130%;\"><strong>A permanent space in the Museum vestibule containing articles used in the manufacture of leather. Here you can also find all the exclusive museum publications, the heritage spaces under its management, a selection of books about Igualada and the County of l\u2019Anoia as well as about the industrial heritage in general.<\/strong><\/span><\/p>\n              <\/div>\n           <\/div><!-- text-box-inner -->\n                            \n<style scope=\"scope\">\n\n#text-box-638443452 {\n  width: 90%;\n}\n#text-box-638443452 .text {\n  font-size: 100%;\n}\n<\/style>\n    <\/div><!-- text-box -->\n \n        <\/div><!-- .banner-layers -->\n      <\/div><!-- .banner-inner -->\n\n            \n<style scope=\"scope\">\n\n#banner-1715429696 {\n  padding-top: 300px;\n}\n#banner-1715429696 .bg.bg-loaded {\n  background-image: url(https:\/\/museupelligualada.cat\/wp-content\/uploads\/Museu-Pell-pells-colors-2.jpg);\n}\n#banner-1715429696 .overlay {\n  background-color: rgba(8, 7, 7, 0.53);\n}\n#banner-1715429696 .bg {\n  background-position: 37% 32%;\n}\n<\/style>\n  <\/div><!-- .banner -->\n\n\n<div class=\"gap-element\" style=\"display:block; height:auto; padding-top:30px\" class=\"clearfix\"><\/div>\n<div class=\"row\"  id=\"row-1780060245\">\n<div class=\"col medium-1\/1 large-12\"  ><div class=\"col-inner\"  >\n\n  \n    <div class=\"row large-columns-3 medium-columns- small-columns-2\">\n          <div class=\"gallery-col col\" >\n          <div class=\"col-inner\">\n            <a class=\"image-lightbox lightbox-gallery\" href=\"https:\/\/museupelligualada.cat\/wp-content\/uploads\/180610-55.jpg\" title=\"Clauer de cinta\">            <div class=\"box has-hover gallery-box box-normal\">\n              <div class=\"box-image\" >\n                <img loading=\"lazy\" decoding=\"async\" width=\"800\" height=\"533\" src=\"https:\/\/museupelligualada.cat\/wp-content\/uploads\/180610-55-800x533.jpg\" class=\"attachment-medium size-medium\" alt=\"\" ids=\"2805,2808,2804,2811,2806,2812\" style=\"normal\" columns=\"3\" srcset=\"https:\/\/museupelligualada.cat\/wp-content\/uploads\/180610-55-800x533.jpg 800w, https:\/\/museupelligualada.cat\/wp-content\/uploads\/180610-55-340x227.jpg 340w, https:\/\/museupelligualada.cat\/wp-content\/uploads\/180610-55-768x512.jpg 768w, https:\/\/museupelligualada.cat\/wp-content\/uploads\/180610-55-1320x880.jpg 1320w, https:\/\/museupelligualada.cat\/wp-content\/uploads\/180610-55.jpg 1400w\" sizes=\"auto, (max-width: 800px) 100vw, 800px\" \/>                                                              <\/div><!-- .image -->\n              <div class=\"box-text text-left\" >\n                 <p>Clauer de cinta<\/p>\n              <\/div><!-- .text -->\n            <\/div><!-- .box -->\n            <\/a>          <\/div><!-- .col-inner -->\n         <\/div><!-- .col -->\n                 <div class=\"gallery-col col\" >\n          <div class=\"col-inner\">\n            <a class=\"image-lightbox lightbox-gallery\" href=\"https:\/\/museupelligualada.cat\/wp-content\/uploads\/portallapisos.jpg\" title=\"Moneder-clauer\">            <div class=\"box has-hover gallery-box box-normal\">\n              <div class=\"box-image\" >\n                <img loading=\"lazy\" decoding=\"async\" width=\"800\" height=\"533\" src=\"https:\/\/museupelligualada.cat\/wp-content\/uploads\/portallapisos-800x533.jpg\" class=\"attachment-medium size-medium\" alt=\"\" ids=\"2805,2808,2804,2811,2806,2812\" style=\"normal\" columns=\"3\" srcset=\"https:\/\/museupelligualada.cat\/wp-content\/uploads\/portallapisos-800x533.jpg 800w, https:\/\/museupelligualada.cat\/wp-content\/uploads\/portallapisos-340x226.jpg 340w, https:\/\/museupelligualada.cat\/wp-content\/uploads\/portallapisos-768x511.jpg 768w, https:\/\/museupelligualada.cat\/wp-content\/uploads\/portallapisos-1320x879.jpg 1320w, https:\/\/museupelligualada.cat\/wp-content\/uploads\/portallapisos.jpg 1400w\" sizes=\"auto, (max-width: 800px) 100vw, 800px\" \/>                                                              <\/div><!-- .image -->\n              <div class=\"box-text text-left\" >\n                 <p>Moneder-clauer<\/p>\n              <\/div><!-- .text -->\n            <\/div><!-- .box -->\n            <\/a>          <\/div><!-- .col-inner -->\n         <\/div><!-- .col -->\n                 <div class=\"gallery-col col\" >\n          <div class=\"col-inner\">\n            <a class=\"image-lightbox lightbox-gallery\" href=\"https:\/\/museupelligualada.cat\/wp-content\/uploads\/180610-46.jpg\" title=\"Clauer rod\u00f3\">            <div class=\"box has-hover gallery-box box-normal\">\n              <div class=\"box-image\" >\n                <img loading=\"lazy\" decoding=\"async\" width=\"800\" height=\"533\" src=\"https:\/\/museupelligualada.cat\/wp-content\/uploads\/180610-46-800x533.jpg\" class=\"attachment-medium size-medium\" alt=\"\" ids=\"2805,2808,2804,2811,2806,2812\" style=\"normal\" columns=\"3\" srcset=\"https:\/\/museupelligualada.cat\/wp-content\/uploads\/180610-46-800x533.jpg 800w, https:\/\/museupelligualada.cat\/wp-content\/uploads\/180610-46-340x227.jpg 340w, https:\/\/museupelligualada.cat\/wp-content\/uploads\/180610-46-768x512.jpg 768w, https:\/\/museupelligualada.cat\/wp-content\/uploads\/180610-46-1320x880.jpg 1320w, https:\/\/museupelligualada.cat\/wp-content\/uploads\/180610-46.jpg 1400w\" sizes=\"auto, (max-width: 800px) 100vw, 800px\" \/>                                                              <\/div><!-- .image -->\n              <div class=\"box-text text-left\" >\n                 <p>Clauer rod\u00f3<\/p>\n              <\/div><!-- .text -->\n            <\/div><!-- .box -->\n            <\/a>          <\/div><!-- .col-inner -->\n         <\/div><!-- .col -->\n                 <div class=\"gallery-col col\" >\n          <div class=\"col-inner\">\n            <a class=\"image-lightbox lightbox-gallery\" href=\"https:\/\/museupelligualada.cat\/wp-content\/uploads\/180610-66.jpg\" title=\"Clauer rod\u00f3 amb cremallera\">            <div class=\"box has-hover gallery-box box-normal\">\n              <div class=\"box-image\" >\n                <img loading=\"lazy\" decoding=\"async\" width=\"800\" height=\"533\" src=\"https:\/\/museupelligualada.cat\/wp-content\/uploads\/180610-66-800x533.jpg\" class=\"attachment-medium size-medium\" alt=\"\" ids=\"2805,2808,2804,2811,2806,2812\" style=\"normal\" columns=\"3\" srcset=\"https:\/\/museupelligualada.cat\/wp-content\/uploads\/180610-66-800x533.jpg 800w, https:\/\/museupelligualada.cat\/wp-content\/uploads\/180610-66-340x227.jpg 340w, https:\/\/museupelligualada.cat\/wp-content\/uploads\/180610-66-768x512.jpg 768w, https:\/\/museupelligualada.cat\/wp-content\/uploads\/180610-66-1320x880.jpg 1320w, https:\/\/museupelligualada.cat\/wp-content\/uploads\/180610-66.jpg 1400w\" sizes=\"auto, (max-width: 800px) 100vw, 800px\" \/>                                                              <\/div><!-- .image -->\n              <div class=\"box-text text-left\" >\n                 <p>Clauer rod\u00f3 amb cremallera<\/p>\n              <\/div><!-- .text -->\n            <\/div><!-- .box -->\n            <\/a>          <\/div><!-- .col-inner -->\n         <\/div><!-- .col -->\n                 <div class=\"gallery-col col\" >\n          <div class=\"col-inner\">\n            <a class=\"image-lightbox lightbox-gallery\" href=\"https:\/\/museupelligualada.cat\/wp-content\/uploads\/180610-57.jpg\" title=\"Cartera triangular\">            <div class=\"box has-hover gallery-box box-normal\">\n              <div class=\"box-image\" >\n                <img loading=\"lazy\" decoding=\"async\" width=\"800\" height=\"533\" src=\"https:\/\/museupelligualada.cat\/wp-content\/uploads\/180610-57-800x533.jpg\" class=\"attachment-medium size-medium\" alt=\"\" ids=\"2805,2808,2804,2811,2806,2812\" style=\"normal\" columns=\"3\" srcset=\"https:\/\/museupelligualada.cat\/wp-content\/uploads\/180610-57-800x533.jpg 800w, https:\/\/museupelligualada.cat\/wp-content\/uploads\/180610-57-340x227.jpg 340w, https:\/\/museupelligualada.cat\/wp-content\/uploads\/180610-57-768x512.jpg 768w, https:\/\/museupelligualada.cat\/wp-content\/uploads\/180610-57-1320x880.jpg 1320w, https:\/\/museupelligualada.cat\/wp-content\/uploads\/180610-57.jpg 1400w\" sizes=\"auto, (max-width: 800px) 100vw, 800px\" \/>                                                              <\/div><!-- .image -->\n              <div class=\"box-text text-left\" >\n                 <p>Cartera triangular<\/p>\n              <\/div><!-- .text -->\n            <\/div><!-- .box -->\n            <\/a>          <\/div><!-- .col-inner -->\n         <\/div><!-- .col -->\n                 <div class=\"gallery-col col\" >\n          <div class=\"col-inner\">\n            <a class=\"image-lightbox lightbox-gallery\" href=\"https:\/\/museupelligualada.cat\/wp-content\/uploads\/targeter.jpg\" title=\"Clauer-targeter\">            <div class=\"box has-hover gallery-box box-normal\">\n              <div class=\"box-image\" >\n                <img loading=\"lazy\" decoding=\"async\" width=\"800\" height=\"533\" src=\"https:\/\/museupelligualada.cat\/wp-content\/uploads\/targeter-800x533.jpg\" class=\"attachment-medium size-medium\" alt=\"\" ids=\"2805,2808,2804,2811,2806,2812\" style=\"normal\" columns=\"3\" srcset=\"https:\/\/museupelligualada.cat\/wp-content\/uploads\/targeter-800x533.jpg 800w, https:\/\/museupelligualada.cat\/wp-content\/uploads\/targeter-340x226.jpg 340w, https:\/\/museupelligualada.cat\/wp-content\/uploads\/targeter-768x511.jpg 768w, https:\/\/museupelligualada.cat\/wp-content\/uploads\/targeter-1320x879.jpg 1320w, https:\/\/museupelligualada.cat\/wp-content\/uploads\/targeter.jpg 1400w\" sizes=\"auto, (max-width: 800px) 100vw, 800px\" \/>                                                              <\/div><!-- .image -->\n              <div class=\"box-text text-left\" >\n                 <p>Clauer-targeter<\/p>\n              <\/div><!-- .text -->\n            <\/div><!-- .box -->\n            <\/a>          <\/div><!-- .col-inner -->\n         <\/div><!-- .col -->\n         <\/div>\n<div class=\"gap-element\" style=\"display:block; height:auto; padding-top:0px\" class=\"clearfix\"><\/div>\n<\/div><\/div>\n<\/div>\n","protected":false},"excerpt":{"rendered":"<p>History Start &gt; The Museum &gt; Historry Museum Collections and Inquiries Start &gt; The Museum &gt; Museum Collections and Inquiries Publications Start &gt; The Museum &gt; Publications LEASING AND RENT OF MUSEU SPACES Start &gt; The Museum &gt; Spaces to rent The Museum Netwrok Start &gt; The Museum &gt; The Museum Network Gift Shop Start [&hellip;]\n","protected":false},"author":1,"featured_media":0,"parent":0,"menu_order":0,"comment_status":"closed","ping_status":"closed","template":"page-transparent-header.php","meta":{"footnotes":""},"class_list":["post-3741","page","type-page","status-publish","hentry"],"_links":{"self":[{"href":"https:\/\/museupelligualada.cat\/en\/wp-json\/wp\/v2\/pages\/3741","targetHints":{"allow":["GET"]}}],"collection":[{"href":"https:\/\/museupelligualada.cat\/en\/wp-json\/wp\/v2\/pages"}],"about":[{"href":"https:\/\/museupelligualada.cat\/en\/wp-json\/wp\/v2\/types\/page"}],"author":[{"embeddable":true,"href":"https:\/\/museupelligualada.cat\/en\/wp-json\/wp\/v2\/users\/1"}],"replies":[{"embeddable":true,"href":"https:\/\/museupelligualada.cat\/en\/wp-json\/wp\/v2\/comments?post=3741"}],"version-history":[{"count":0,"href":"https:\/\/museupelligualada.cat\/en\/wp-json\/wp\/v2\/pages\/3741\/revisions"}],"wp:attachment":[{"href":"https:\/\/museupelligualada.cat\/en\/wp-json\/wp\/v2\/media?parent=3741"}],"curies":[{"name":"wp","href":"https:\/\/api.w.org\/{rel}","templated":true}]}}