{"id":3743,"date":"2018-02-02T11:16:28","date_gmt":"2018-02-02T11:16:28","guid":{"rendered":"http:\/\/museupelligualada.cat\/el-museu\/"},"modified":"2021-06-29T12:54:04","modified_gmt":"2021-06-29T12:54:04","slug":"el-museo","status":"publish","type":"page","link":"https:\/\/museupelligualada.cat\/es\/el-museo\/","title":{"rendered":"El Museo"},"content":{"rendered":"\n  <div class=\"banner has-hover\" id=\"banner-1734429768\">\n          <div class=\"banner-inner fill\">\n        <div class=\"banner-bg fill\" >\n            <div class=\"bg fill bg-fill \"><\/div>\n                        <div class=\"overlay\"><\/div>            \n                    <\/div><!-- bg-layers -->\n        <div class=\"banner-layers container\">\n            <div class=\"fill banner-link\"><\/div>            \n   <div id=\"text-box-1196671670\" class=\"text-box banner-layer x50 md-x50 lg-x50 y50 md-y50 lg-y50 res-text\">\n                     <div data-animate=\"none\">           <div class=\"text dark\">\n              \n              <div class=\"text-inner text-right\">\n                  \n<p><!--\n\n<h2 class=\"majuscules \" style=\"text-align: right;\">El Museu<\/h2>\n\n\n\n<div class=\"submenu\"><a class=\"_ps2id\" href=\"#historia\">Historia 44444<\/a> <a class=\"_ps2id\" href=\"#colecciones\">Colecciones y fondo<\/a> <a class=\"_ps2id\" href=\"#publicacions\">Publicacions<\/a> <a class=\"_ps2id\" href=\"#lloguer\">Lloguer espais<\/a> <a class=\"_ps2id\" href=\"#xarxa\">Museu en xarxa<\/a> <a class=\"_ps2id\" href=\"#botiga\">Botiga<\/a><\/div>\n\n--><\/p>\n              <\/div>\n           <\/div><!-- text-box-inner -->\n       <\/div>                     \n<style scope=\"scope\">\n\n#text-box-1196671670 .text-inner {\n  padding: 120px 30px 30px 30px;\n}\n#text-box-1196671670 {\n  width: 100%;\n}\n#text-box-1196671670 .text {\n  font-size: 100%;\n}\n<\/style>\n    <\/div><!-- text-box -->\n \n        <\/div><!-- .banner-layers -->\n      <\/div><!-- .banner-inner -->\n\n            \n<style scope=\"scope\">\n\n#banner-1734429768 {\n  padding-top: 500px;\n}\n#banner-1734429768 .bg.bg-loaded {\n  background-image: url(http:\/\/museupelligualada.cat\/wp-content\/uploads\/_Museu\/Museu-aire-bn.jpg);\n}\n#banner-1734429768 .overlay {\n  background-color: rgba(0, 0, 0, 0.5);\n}\n#banner-1734429768 .bg {\n  background-position: 1% 17%;\n}\n<\/style>\n  <\/div><!-- .banner -->\n\n\n<div class=\"gap-element\" style=\"display:block; height:auto; padding-top:60px\" class=\"clearfix\"><\/div>\n<h2 id=\"historia\"style=\"text-align: center;\" align=\"center\">Historia<\/h2>\n<h6 style=\"text-align: center;\" align=\"center\">Inicio &gt; El Museo &gt; Historia<\/h6>\n<div class=\"gap-element\" style=\"display:block; height:auto; padding-top:60px\" class=\"clearfix\"><\/div>\n\n  <div class=\"banner has-hover\" id=\"banner-754954273\">\n          <div class=\"banner-inner fill\">\n        <div class=\"banner-bg fill\" >\n            <div class=\"bg fill bg-fill \"><\/div>\n                        <div class=\"overlay\"><\/div>            \n                    <\/div><!-- bg-layers -->\n        <div class=\"banner-layers container\">\n            <div class=\"fill banner-link\"><\/div>            \n   <div id=\"text-box-455058168\" class=\"text-box banner-layer x50 md-x50 lg-x50 y50 md-y50 lg-y50 res-text\">\n                                <div class=\"text dark\">\n              \n              <div class=\"text-inner text-left\">\n                  \n<p><span style=\"font-size: 130%;\"><strong>A lo largo de su trayectoria, el Museo se ha consolidado como un altavoz del patrimonio cultural e industrial de la ciudad y de la comarca, a trave\u0301s de numerosas iniciativas de dinamizacio\u0301n, investigaci\u00f3n y divulgacio\u0301n, realizadas desde el Ayuntamiento de Igualada y con la complicidad del tejido asociativo.<\/strong><\/span><\/p>\n              <\/div>\n           <\/div><!-- text-box-inner -->\n                            \n<style scope=\"scope\">\n\n#text-box-455058168 {\n  width: 60%;\n}\n#text-box-455058168 .text {\n  font-size: 100%;\n}\n\n\n@media (min-width:550px) {\n\n  #text-box-455058168 {\n    width: 97%;\n  }\n\n}\n<\/style>\n    <\/div><!-- text-box -->\n \n        <\/div><!-- .banner-layers -->\n      <\/div><!-- .banner-inner -->\n\n            \n<style scope=\"scope\">\n\n#banner-754954273 {\n  padding-top: 300px;\n}\n#banner-754954273 .bg.bg-loaded {\n  background-image: url(https:\/\/museupelligualada.cat\/wp-content\/uploads\/CAL-BOYER-RETOC-3-AFMI08173-1600x900.jpg);\n}\n#banner-754954273 .overlay {\n  background-color: rgba(12, 12, 12, 0.58);\n}\n#banner-754954273 .bg {\n  background-position: 59% 63%;\n}\n<\/style>\n  <\/div><!-- .banner -->\n\n\n<div class=\"gap-element\" style=\"display:block; height:auto; padding-top:30px\" class=\"clearfix\"><\/div>\n<div class=\"gap-element\" style=\"display:block; height:auto; padding-top:30px\" class=\"clearfix\"><\/div>\n<div class=\"row\"  id=\"row-241312005\">\n<div class=\"col medium-1\/1 large-12\"  ><div class=\"col-inner\"  >\n<p>El Museo tiene sus or\u00edgenes en el Museo de la Ciudad, que fue inaugurado en 1949, por iniciativa del Centro de Estudios Comarcales de Igualada. En este mismo espacio, y con el apoyo de los curtidores, en 1954 se puso en marcha una secci\u00f3n dedicada a la piel. En el a\u00f1o 1982, la gestio\u0301n del antiguo Museo pas\u00f3 a manos de la Fundacio\u0301n Pu\u0301blica Municipal Museo Comarcal de l\u2019Anoia.<\/p>\n<p>En 1983, el Ayuntamiento de Igualada, el Servicio de Museos de la Generalitat y el Gremio de Curtidores, adquirieron la curtidur\u00eda de Cal Granotes\u00a0(S. XVIII), que ser\u00e1 excavada, restaurada y abierta al pu\u0301blico en 1990. El Ayuntamiento tambi\u00e9n compra una antigua f\u00e1brica textil, Cal Boyer, sede del actual Museo: se rehabilita en fases y, entre 1986 y 1999, ofrece distintos espacios y exposiciones permanentes sobre el patrimonio industrial de la curtidur\u00eda y sobre el agua.<\/p>\n<p>En 1988, el Museo, junto con nueve museos m\u00e1s y al amparo de la Diputaci\u00f3n de Barcelona, funda la Comisio\u0301n de Cooperacio\u0301n de Museos Locales, que m\u00e1s adelante se convertir\u00e1 en la <a href=\"https:\/\/www.diba.cat\/web\/opc\/default_xml\">Xarxa de Museus Locals<\/a>. En 1998, es declarado seccio\u0301n del\u00a0<a href=\"http:\/\/www.mnactec.cat\/ca\">Museu de la Cie\u0300ncia i de la Te\u0300cnica de Catalunya<\/a>\u00a0y se convierte en miembro del\u00a0<a href=\"http:\/\/sistema.mnactec.cat\/\">Sistema Territorial del mNACTEC<\/a>. En 2015, pasa a formar parte del\u00a0<a href=\"https:\/\/leatherbarcelona.com\/es\/\">Igualada Leather Cluster Barcelona<\/a>.<\/p>\n<div class=\"gap-element\" style=\"display:block; height:auto; padding-top:0px\" class=\"clearfix\"><\/div>\n<\/div><\/div>\n\n<style scope=\"scope\">\n\n<\/style>\n<\/div>\n\n  <div class=\"banner has-hover\" id=\"banner-1442880399\">\n          <div class=\"banner-inner fill\">\n        <div class=\"banner-bg fill\" >\n            <div class=\"bg fill bg-fill \"><\/div>\n                        <div class=\"overlay\"><\/div>            \n                    <\/div><!-- bg-layers -->\n        <div class=\"banner-layers container\">\n            <div class=\"fill banner-link\"><\/div>            \n        <\/div><!-- .banner-layers -->\n      <\/div><!-- .banner-inner -->\n\n            \n<style scope=\"scope\">\n\n#banner-1442880399 {\n  padding-top: 100px;\n}\n#banner-1442880399 .bg.bg-loaded {\n  background-image: url(https:\/\/museupelligualada.cat\/wp-content\/uploads\/CAL-BOYER-RETOC-3-AFMI08173-1600x900.jpg);\n}\n#banner-1442880399 .overlay {\n  background-color: rgba(255,255,255,.5);\n}\n#banner-1442880399 .bg {\n  background-position: 22% 67%;\n}\n<\/style>\n  <\/div><!-- .banner -->\n\n\n<div class=\"gap-element\" style=\"display:block; height:auto; padding-top:60px\" class=\"clearfix\"><\/div>\n<h2 id=\"colleccions\"style=\"text-align: center;\" align=\"center\">Colecciones y consultas del fondo<\/h2>\n<h6 style=\"text-align: center;\" align=\"center\">Inicio &gt; El Museo &gt; Conlecciones y consultas del fondo<\/h6>\n<div class=\"gap-element\" style=\"display:block; height:auto; padding-top:60px\" class=\"clearfix\"><\/div>\n\n  <div class=\"banner has-hover\" id=\"banner-1516419895\">\n          <div class=\"banner-inner fill\">\n        <div class=\"banner-bg fill\" >\n            <div class=\"bg fill bg-fill \"><\/div>\n                        <div class=\"overlay\"><\/div>            \n                    <\/div><!-- bg-layers -->\n        <div class=\"banner-layers container\">\n            <div class=\"fill banner-link\"><\/div>            \n   <div id=\"text-box-1335493497\" class=\"text-box banner-layer x5 md-x5 lg-x5 y50 md-y50 lg-y50 res-text\">\n                                <div class=\"text dark\">\n              \n              <div class=\"text-inner text-left\">\n                  \n<p><span style=\"font-size: 130%;\"><strong>Las colecciones del Museo, que se muestran en Cal Granotes y en los espacios de exposici\u00f3n permanente de Cal Boyer, est\u00e1n formadas por objetos, herramientas y maquinaria relacionados con la piel y la industria de la curtidur\u00eda. Tambie\u0301n per ingenios hidr\u00e1ulicos, objetos y maquinaria vinculados con el agua y su aprovechamiento, que se exponen en el espacio <em>El hombre y el agua<\/em>.<\/strong><\/span><\/p>\n              <\/div>\n           <\/div><!-- text-box-inner -->\n                            \n<style scope=\"scope\">\n\n#text-box-1335493497 {\n  width: 60%;\n}\n#text-box-1335493497 .text {\n  font-size: 100%;\n}\n\n\n@media (min-width:550px) {\n\n  #text-box-1335493497 {\n    width: 90%;\n  }\n\n}\n<\/style>\n    <\/div><!-- text-box -->\n \n        <\/div><!-- .banner-layers -->\n      <\/div><!-- .banner-inner -->\n\n            \n<style scope=\"scope\">\n\n#banner-1516419895 {\n  padding-top: 300px;\n}\n#banner-1516419895 .bg.bg-loaded {\n  background-image: url(https:\/\/museupelligualada.cat\/wp-content\/uploads\/Museu-Pell-restauracio.jpg);\n}\n#banner-1516419895 .overlay {\n  background-color: rgba(0,0,0,.5);\n}\n#banner-1516419895 .bg {\n  background-position: 39% 46%;\n}\n<\/style>\n  <\/div><!-- .banner -->\n\n\n<div class=\"gap-element\" style=\"display:block; height:auto; padding-top:60px\" class=\"clearfix\"><\/div>\n<div class=\"row\"  id=\"row-1079464298\">\n<div class=\"col medium-1\/10 large-1\/10\"  ><div class=\"col-inner\"  >\n<p>La reserva del Museo est\u00e1 integrada por un fondo arti\u0301stico de pintura y escultura, retablos y arte religioso, arqueolog\u00eda, paleontolog\u00eda, ciencia y t\u00e9cnica, etnolog\u00eda y ciencias naturales. Se puede acceder a parte del fondo a trav\u00e9s de <a href=\"http:\/\/www.museusenlinia.gencat.cat\/index_es.php\">Museus en li\u0301nia<\/a>.<\/p>\n<p>El fondo bibliogr\u00e1fico del Museo de libros y documentos sobre el curtido de la piel forma parta de la Xarxa de Biblioteques Especialitzades de la Generalitat de Catalunya (BEG) y se puede consultar en el\u00a0<a href=\"http:\/\/catalegbeg.cultura.gencat.cat\/iii\/encore\/;jsessionid=46AE0A96BAF0C93CE99CDE171C94C516?lang=spi\">cata\u0300leg en li\u0301nia BEG<\/a>.<\/p>\n<p>Asimismo, el Museo dispone de un servicio de consulta de las colecciones y realiza asesoramiento en trabajos de investigaci\u00f3n, de lunes a viernes de 9 a 13 h., previa concertacio\u0301n, llamando al tel\u00e9fono\u00a0<a href=\"tel:+34938046752\">938046752<\/a>\u00a0o enviando un correo a\u00a0<a href=\"mailto:m.igualada@diba.cat\">m.igualada@diba.cat<\/a>.<\/p>\n<div class=\"gap-element\" style=\"display:block; height:auto; padding-top:0px\" class=\"clearfix\"><\/div>\n<\/div><\/div>\n<\/div>\n\n  <div class=\"banner has-hover\" id=\"banner-1347125959\">\n          <div class=\"banner-inner fill\">\n        <div class=\"banner-bg fill\" >\n            <div class=\"bg fill bg-fill \"><\/div>\n                        <div class=\"overlay\"><\/div>            \n                    <\/div><!-- bg-layers -->\n        <div class=\"banner-layers container\">\n            <div class=\"fill banner-link\"><\/div>            \n        <\/div><!-- .banner-layers -->\n      <\/div><!-- .banner-inner -->\n\n            \n<style scope=\"scope\">\n\n#banner-1347125959 {\n  padding-top: 100px;\n}\n#banner-1347125959 .bg.bg-loaded {\n  background-image: url(https:\/\/museupelligualada.cat\/wp-content\/uploads\/Museu-Pell-restauracio.jpg);\n}\n#banner-1347125959 .overlay {\n  background-color: rgba(255,255,255,.5);\n}\n#banner-1347125959 .bg {\n  background-position: 13% 47%;\n}\n<\/style>\n  <\/div><!-- .banner -->\n\n\n<div class=\"gap-element\" style=\"display:block; height:auto; padding-top:60px\" class=\"clearfix\"><\/div>\n<h2 id=\"publicacions\" class=\"thin-font\" style=\"text-align: center;\">Publicaciones<\/h2>\n<h6 style=\"text-align: center;\" align=\"center\">Inicio &gt; El Museo &gt; Publicaciones<\/h6>\n<div class=\"gap-element\" style=\"display:block; height:auto; padding-top:60px\" class=\"clearfix\"><\/div>\n\n  <div class=\"banner has-hover\" id=\"banner-962177478\">\n          <div class=\"banner-inner fill\">\n        <div class=\"banner-bg fill\" >\n            <div class=\"bg fill bg-fill \"><\/div>\n                        <div class=\"overlay\"><\/div>            \n                    <\/div><!-- bg-layers -->\n        <div class=\"banner-layers container\">\n            <div class=\"fill banner-link\"><\/div>            \n   <div id=\"text-box-1756405599\" class=\"text-box banner-layer x5 md-x5 lg-x5 y50 md-y50 lg-y50 res-text\">\n                                <div class=\"text dark\">\n              \n              <div class=\"text-inner text-left\">\n                  \n<p><span style=\"font-size: 130%;\"><strong>El Museo dispone de publicaciones especializadas sobre el tema de la piel, las curtidur\u00edas y los procesos de curtido preindustrial e industrial.<\/strong><\/span><\/p>\n              <\/div>\n           <\/div><!-- text-box-inner -->\n                            \n<style scope=\"scope\">\n\n#text-box-1756405599 {\n  width: 60%;\n}\n#text-box-1756405599 .text {\n  font-size: 100%;\n}\n\n\n@media (min-width:550px) {\n\n  #text-box-1756405599 {\n    width: 90%;\n  }\n\n}\n<\/style>\n    <\/div><!-- text-box -->\n \n        <\/div><!-- .banner-layers -->\n      <\/div><!-- .banner-inner -->\n\n            \n<style scope=\"scope\">\n\n#banner-962177478 {\n  padding-top: 300px;\n}\n#banner-962177478 .bg.bg-loaded {\n  background-image: url(https:\/\/museupelligualada.cat\/wp-content\/uploads\/IMG_3171.jpg);\n}\n#banner-962177478 .overlay {\n  background-color: rgba(0,0,0,.5);\n}\n#banner-962177478 .bg {\n  background-position: 54% 46%;\n}\n<\/style>\n  <\/div><!-- .banner -->\n\n\n<div class=\"gap-element\" style=\"display:block; height:auto; padding-top:60px\" class=\"clearfix\"><\/div>\n<div class=\"row\"  id=\"row-1716141782\">\n<div class=\"col medium-6 small-12 large-6\"  ><div class=\"col-inner\"  >\n<div class=\"row\"  id=\"row-539315678\">\n<div class=\"col medium-4 small-12 large-4\"  ><div class=\"col-inner\"  >\n\t<div class=\"img has-hover x md-x lg-x y md-y lg-y\" id=\"image_1200786496\">\n\t\t<a href=\"https:\/\/museupelligualada.cat\/wp-content\/uploads\/CAL-GRANOTES_UNA-ADOBERIA-DEL-SXVIII.pdf\" target=\"_self\" class=\"\">\t\t\t\t\t\t<div class=\"img-inner dark\" >\n\t\t\t<img loading=\"lazy\" decoding=\"async\" width=\"707\" height=\"1000\" src=\"https:\/\/museupelligualada.cat\/wp-content\/uploads\/Cal-Granotes-1.jpg\" class=\"attachment-large size-large\" alt=\"\" srcset=\"https:\/\/museupelligualada.cat\/wp-content\/uploads\/Cal-Granotes-1.jpg 707w, https:\/\/museupelligualada.cat\/wp-content\/uploads\/Cal-Granotes-1-240x340.jpg 240w, https:\/\/museupelligualada.cat\/wp-content\/uploads\/Cal-Granotes-1-566x800.jpg 566w\" sizes=\"auto, (max-width: 707px) 100vw, 707px\" \/>\t\t\t\t\t\t\n\t\t\t\t\t<\/div>\n\t\t\t\t\t\t<\/a>\t\t\n<style scope=\"scope\">\n\n#image_1200786496 {\n  width: 100%;\n}\n<\/style>\n\t<\/div>\n\t\n<\/div><\/div>\n<div class=\"col medium-8 small-12 large-8\"  ><div class=\"col-inner\"  >\n<p><a href=\"https:\/\/museupelligualada.cat\/wp-content\/uploads\/CAL-GRANOTES_UNA-ADOBERIA-DEL-SXVIII.pdf\" target=\"_blank\" rel=\"noopener\">\u201c<strong>Cal Granotes\u201d. Una curtidur\u00eda del siglo XVIII<\/strong><\/a><\/p>\n<p>Publicaci\u00f3n de la exposici\u00f3n permanente de la curtidur\u00eda musealizada en 1990, sobre el curtido preindustrial marroqu\u00edn antiguo. Textos, im\u00e1genes hist\u00f3ricas y fotograf\u00edas de los objetos m\u00e1s relevantes. En castellano, catal\u00e1n, ingl\u00e9s y alem\u00e1n.<\/p>\n<\/div><\/div>\n<\/div>\n<\/div><\/div>\n<div class=\"col medium-6 small-12 large-6\"  ><div class=\"col-inner\"  >\n<div class=\"row\"  id=\"row-657776738\">\n<div class=\"col medium-4 small-12 large-4\"  ><div class=\"col-inner\"  >\n\t<div class=\"img has-hover x md-x lg-x y md-y lg-y\" id=\"image_987284295\">\n\t\t<a href=\"https:\/\/museupelligualada.cat\/wp-content\/uploads\/MUSEU-DE-LA-PELL_CLOTS-I-BOMBOS.pdf\" target=\"_self\" class=\"\">\t\t\t\t\t\t<div class=\"img-inner dark\" >\n\t\t\t<img loading=\"lazy\" decoding=\"async\" width=\"707\" height=\"1000\" src=\"https:\/\/museupelligualada.cat\/wp-content\/uploads\/Bombos-1.jpg\" class=\"attachment-large size-large\" alt=\"\" srcset=\"https:\/\/museupelligualada.cat\/wp-content\/uploads\/Bombos-1.jpg 707w, https:\/\/museupelligualada.cat\/wp-content\/uploads\/Bombos-1-240x340.jpg 240w, https:\/\/museupelligualada.cat\/wp-content\/uploads\/Bombos-1-566x800.jpg 566w\" sizes=\"auto, (max-width: 707px) 100vw, 707px\" \/>\t\t\t\t\t\t\n\t\t\t\t\t<\/div>\n\t\t\t\t\t\t<\/a>\t\t\n<style scope=\"scope\">\n\n#image_987284295 {\n  width: 100%;\n}\n<\/style>\n\t<\/div>\n\t\n<\/div><\/div>\n<div class=\"col medium-8 small-12 large-8\"  ><div class=\"col-inner\"  >\n<p><a href=\"https:\/\/museupelligualada.cat\/wp-content\/uploads\/MUSEU-DE-LA-PELL_CLOTS-I-BOMBOS.pdf\" target=\"_blank\" rel=\"noopener\"><strong>Museo de la Piel. Igualada. <em>De los fosos a los batanes<\/em>. <em>La industrializacio\u0301n de la piel<\/em><\/strong><\/a><\/p>\n<p>Publicaci\u00f3n de los \u00e1mbitos \u201cDe los fosos a los batanes\u201d y \u201cLa industrializaci\u00f3n de la piel\u201d, del espacio permanente del Museo de la Piel de Igualada creado en 1999. Textos, im\u00e1genes y fotograf\u00edas de los objetos expuestos m\u00e1s relevantes. En castellano, catal\u00e1n, ingl\u00e9s y alem\u00e1n.<\/p>\n<\/div><\/div>\n<\/div>\n<\/div><\/div>\n<\/div>\n<div class=\"row\"  id=\"row-1407441100\">\n<div class=\"col medium-6 small-12 large-6\"  ><div class=\"col-inner\"  >\n<div class=\"row\"  id=\"row-603221534\">\n<div class=\"col medium-4 small-12 large-4\"  ><div class=\"col-inner\"  >\n\t<div class=\"img has-hover x md-x lg-x y md-y lg-y\" id=\"image_640216915\">\n\t\t<a href=\"https:\/\/museupelligualada.cat\/wp-content\/uploads\/MUSEU-DE-LA-PELL_UN-MON-DE-PELL.pdf\" target=\"_self\" class=\"\">\t\t\t\t\t\t<div class=\"img-inner dark\" >\n\t\t\t<img loading=\"lazy\" decoding=\"async\" width=\"707\" height=\"1000\" src=\"https:\/\/museupelligualada.cat\/wp-content\/uploads\/Museu-Pell-1.jpg\" class=\"attachment-large size-large\" alt=\"\" srcset=\"https:\/\/museupelligualada.cat\/wp-content\/uploads\/Museu-Pell-1.jpg 707w, https:\/\/museupelligualada.cat\/wp-content\/uploads\/Museu-Pell-1-240x340.jpg 240w, https:\/\/museupelligualada.cat\/wp-content\/uploads\/Museu-Pell-1-566x800.jpg 566w\" sizes=\"auto, (max-width: 707px) 100vw, 707px\" \/>\t\t\t\t\t\t\n\t\t\t\t\t<\/div>\n\t\t\t\t\t\t<\/a>\t\t\n<style scope=\"scope\">\n\n#image_640216915 {\n  width: 100%;\n}\n<\/style>\n\t<\/div>\n\t\n<\/div><\/div>\n<div class=\"col medium-8 small-12 large-8\"  ><div class=\"col-inner\"  >\n<p><a href=\"https:\/\/museupelligualada.cat\/wp-content\/uploads\/MUSEU-DE-LA-PELL_UN-MON-DE-PELL.pdf\" target=\"_blank\" rel=\"noopener\"><strong>Museo de la Piel. Igualada<\/strong><\/a><\/p>\n<p>Publicaci\u00f3n de los \u00e1mbitos \u201cLa piel en la historia\u201d y \u201cUn universo de piel\u201d, del espacio permanente del Museo de la Piel de Igualada creado en 1995. Textos, im\u00e1genes y fotograf\u00edas de los objetos expuestos m\u00e1s relevantes. En castellano, catal\u00e1n, ingl\u00e9s y alem\u00e1n.<\/p>\n<\/div><\/div>\n<\/div>\n<\/div><\/div>\n<div class=\"col medium-6 small-12 large-6\"  ><div class=\"col-inner\"  >\n<div class=\"row\"  id=\"row-930307089\">\n<div class=\"col medium-4 small-12 large-4\"  ><div class=\"col-inner\"  >\n\t<div class=\"img has-hover x md-x lg-x y md-y lg-y\" id=\"image_1019888817\">\n\t\t<a href=\"https:\/\/museupelligualada.cat\/wp-content\/uploads\/LA-PELL_COL-BIODIVERSITAT-I-TECNODIVERSITAT.pdf\" target=\"_self\" class=\"\">\t\t\t\t\t\t<div class=\"img-inner dark\" >\n\t\t\t<img loading=\"lazy\" decoding=\"async\" width=\"707\" height=\"1000\" src=\"https:\/\/museupelligualada.cat\/wp-content\/uploads\/Biodiversitat-pell-1.jpg\" class=\"attachment-large size-large\" alt=\"\" srcset=\"https:\/\/museupelligualada.cat\/wp-content\/uploads\/Biodiversitat-pell-1.jpg 707w, https:\/\/museupelligualada.cat\/wp-content\/uploads\/Biodiversitat-pell-1-240x340.jpg 240w, https:\/\/museupelligualada.cat\/wp-content\/uploads\/Biodiversitat-pell-1-566x800.jpg 566w\" sizes=\"auto, (max-width: 707px) 100vw, 707px\" \/>\t\t\t\t\t\t\n\t\t\t\t\t<\/div>\n\t\t\t\t\t\t<\/a>\t\t\n<style scope=\"scope\">\n\n#image_1019888817 {\n  width: 100%;\n}\n<\/style>\n\t<\/div>\n\t\n<\/div><\/div>\n<div class=\"col medium-8 small-12 large-8\"  ><div class=\"col-inner\"  >\n<p><a href=\"https:\/\/museupelligualada.cat\/wp-content\/uploads\/LA-PELL_COL-BIODIVERSITAT-I-TECNODIVERSITAT.pdf\" target=\"_blank\" rel=\"noopener\"><strong>La Piel. Coleccio\u0301n Biodiversidad y Tecnodiversidad<\/strong><\/a><\/p>\n<p>Seguimiento de todo el proceso de transformaci\u00f3n de la piel, incluyendo su impacto ambiental y el tratamiento de residuos generales.<\/p>\n<p>Disponible solo en catal\u00e1n.<\/p>\n<\/div><\/div>\n<\/div>\n<\/div><\/div>\n<\/div>\n<div class=\"row\"  id=\"row-2127090384\">\n<div class=\"col medium-6 small-12 large-6\"  ><div class=\"col-inner\"  >\n<div class=\"row\"  id=\"row-1470086465\">\n<div class=\"col medium-4 small-12 large-4\"  ><div class=\"col-inner\"  >\n\t<div class=\"img has-hover x md-x lg-x y md-y lg-y\" id=\"image_1729963897\">\n\t\t<a href=\"https:\/\/museupelligualada.cat\/wp-content\/uploads\/EL-MUSEU-DE-LA-PELL-DIGUALADA_QDD-14.pdf\" target=\"_self\" class=\"\">\t\t\t\t\t\t<div class=\"img-inner dark\" >\n\t\t\t<img loading=\"lazy\" decoding=\"async\" width=\"707\" height=\"1000\" src=\"https:\/\/museupelligualada.cat\/wp-content\/uploads\/Quadren-did\u00e0ctica-pell-1.jpg\" class=\"attachment-large size-large\" alt=\"\" srcset=\"https:\/\/museupelligualada.cat\/wp-content\/uploads\/Quadren-did\u00e0ctica-pell-1.jpg 707w, https:\/\/museupelligualada.cat\/wp-content\/uploads\/Quadren-did\u00e0ctica-pell-1-240x340.jpg 240w, https:\/\/museupelligualada.cat\/wp-content\/uploads\/Quadren-did\u00e0ctica-pell-1-566x800.jpg 566w\" sizes=\"auto, (max-width: 707px) 100vw, 707px\" \/>\t\t\t\t\t\t\n\t\t\t\t\t<\/div>\n\t\t\t\t\t\t<\/a>\t\t\n<style scope=\"scope\">\n\n#image_1729963897 {\n  width: 100%;\n}\n<\/style>\n\t<\/div>\n\t\n<\/div><\/div>\n<div class=\"col medium-8 small-12 large-8\"  ><div class=\"col-inner\"  >\n<p><a href=\"https:\/\/museupelligualada.cat\/wp-content\/uploads\/EL-MUSEU-DE-LA-PELL-DIGUALADA_QDD-14.pdf\" target=\"_blank\" rel=\"noopener\"><strong>El Museo de la Piel de Igualada. Cuaderno de did\u00e1ctica y difusi\u00f3n<\/strong><\/a><\/p>\n<p>Cuaderno sobre la actividad curtidora en la ciudad de Igualada, desde el proceso preindustrial hasta la industrializaci\u00f3n.<\/p>\n<p>Disponible solo en catal\u00e1n.<\/p>\n<\/div><\/div>\n<\/div>\n<\/div><\/div>\n<div class=\"col medium-6 small-12 large-6\"  ><div class=\"col-inner\"  >\n<div class=\"row\"  id=\"row-1763236524\">\n<div class=\"col medium-4 small-12 large-4\"  ><div class=\"col-inner\"  >\n\t<div class=\"img has-hover x md-x lg-x y md-y lg-y\" id=\"image_1541907321\">\n\t\t\t\t\t\t\t\t<div class=\"img-inner dark\" >\n\t\t\t<img loading=\"lazy\" decoding=\"async\" width=\"778\" height=\"1000\" src=\"https:\/\/museupelligualada.cat\/wp-content\/uploads\/gremiblanquers-1.jpg\" class=\"attachment-large size-large\" alt=\"\" srcset=\"https:\/\/museupelligualada.cat\/wp-content\/uploads\/gremiblanquers-1.jpg 778w, https:\/\/museupelligualada.cat\/wp-content\/uploads\/gremiblanquers-1-265x340.jpg 265w, https:\/\/museupelligualada.cat\/wp-content\/uploads\/gremiblanquers-1-622x800.jpg 622w, https:\/\/museupelligualada.cat\/wp-content\/uploads\/gremiblanquers-1-768x987.jpg 768w\" sizes=\"auto, (max-width: 778px) 100vw, 778px\" \/>\t\t\t\t\t\t\n\t\t\t\t\t<\/div>\n\t\t\t\t\t\t\t\t\n<style scope=\"scope\">\n\n#image_1541907321 {\n  width: 100%;\n}\n<\/style>\n\t<\/div>\n\t\n<\/div><\/div>\n<div class=\"col medium-8 small-12 large-8\"  ><div class=\"col-inner\"  >\n<p><strong>Historia del Gremio de Curtidores de Igualada<\/strong><\/p>\n<p>Publicaci\u00f3n editada por el Gremio de Curtidores de Igualada en 1997. Recopilaci\u00f3n hist\u00f3rica desde los or\u00edgenes hasta finales del siglo XX. Incluye documentos, fotograf\u00edas y un inventario de las curtidur\u00edas y almacenes de cuero de Igualada.<\/p>\n<p>Disponible solo en catal\u00e1n.<\/p>\n<\/div><\/div>\n<\/div>\n<\/div><\/div>\n<\/div>\n<div class=\"row\"  id=\"row-1891374478\">\n<div class=\"col medium-6 small-12 large-6\"  ><div class=\"col-inner\"  >\n<div class=\"row\"  id=\"row-47823014\">\n<div class=\"col medium-4 small-12 large-4\"  ><div class=\"col-inner\"  >\n\t<div class=\"img has-hover x md-x lg-x y md-y lg-y\" id=\"image_1424242948\">\n\t\t\t\t\t\t\t\t<div class=\"img-inner dark\" >\n\t\t\t<img loading=\"lazy\" decoding=\"async\" width=\"708\" height=\"1000\" src=\"https:\/\/museupelligualada.cat\/wp-content\/uploads\/oficisdepell-1.jpg\" class=\"attachment-large size-large\" alt=\"\" srcset=\"https:\/\/museupelligualada.cat\/wp-content\/uploads\/oficisdepell-1.jpg 708w, https:\/\/museupelligualada.cat\/wp-content\/uploads\/oficisdepell-1-241x340.jpg 241w, https:\/\/museupelligualada.cat\/wp-content\/uploads\/oficisdepell-1-566x800.jpg 566w\" sizes=\"auto, (max-width: 708px) 100vw, 708px\" \/>\t\t\t\t\t\t\n\t\t\t\t\t<\/div>\n\t\t\t\t\t\t\t\t\n<style scope=\"scope\">\n\n#image_1424242948 {\n  width: 100%;\n}\n<\/style>\n\t<\/div>\n\t\n<\/div><\/div>\n<div class=\"col medium-8 small-12 large-8\"  ><div class=\"col-inner\"  >\n<p><strong><em>Els oficis de la pell a la Catalunya preindustrial<\/em><\/strong><strong>, de J.M. Torras i Rib\u00e9<\/strong><\/p>\n<p>Combina elementos hist\u00f3ricos, patrimoniales y t\u00e9cnicos del gremio de la piel. Analiza la configuraci\u00f3n geogr\u00e1fica de los oficios de la piel y estudia el funcionamiento, la organizaci\u00f3n del trabajo y la tipolog\u00eda arquitect\u00f3nica de las curtidur\u00edas.<\/p>\n<p>Disponible solo en catal\u00e1n.<\/p>\n<\/div><\/div>\n<\/div>\n<\/div><\/div>\n<div class=\"col medium-6 small-12 large-6\"  ><div class=\"col-inner\"  >\n<div class=\"row\"  id=\"row-2143669154\">\n<div class=\"col medium-4 small-12 large-4\"  ><div class=\"col-inner\"  >\n\t<div class=\"img has-hover x md-x lg-x y md-y lg-y\" id=\"image_1486350801\">\n\t\t\t\t\t\t\t\t<div class=\"img-inner dark\" >\n\t\t\t<img loading=\"lazy\" decoding=\"async\" width=\"704\" height=\"1000\" src=\"https:\/\/museupelligualada.cat\/wp-content\/uploads\/diccionari.jpg\" class=\"attachment-large size-large\" alt=\"\" srcset=\"https:\/\/museupelligualada.cat\/wp-content\/uploads\/diccionari.jpg 704w, https:\/\/museupelligualada.cat\/wp-content\/uploads\/diccionari-239x340.jpg 239w, https:\/\/museupelligualada.cat\/wp-content\/uploads\/diccionari-563x800.jpg 563w\" sizes=\"auto, (max-width: 704px) 100vw, 704px\" \/>\t\t\t\t\t\t\n\t\t\t\t\t<\/div>\n\t\t\t\t\t\t\t\t\n<style scope=\"scope\">\n\n#image_1486350801 {\n  width: 100%;\n}\n<\/style>\n\t<\/div>\n\t\n<\/div><\/div>\n<div class=\"col medium-8 small-12 large-8\"  ><div class=\"col-inner\"  >\n<p><strong>Diccionario de la industria del curtido de la piel<\/strong><\/p>\n<p>Vocabulario editado en 1992, con revisi\u00f3n terminol\u00f3gica del TERMCAT. Incluye todos los t\u00e9rminos relativos a la piel, con su definici\u00f3n en catal\u00e1n y las equivalencias en castellano.<\/p>\n<\/div><\/div>\n<\/div>\n<\/div><\/div>\n\n<style scope=\"scope\">\n\n<\/style>\n<\/div>\n\n  <div class=\"banner has-hover\" id=\"banner-1090155115\">\n          <div class=\"banner-inner fill\">\n        <div class=\"banner-bg fill\" >\n            <div class=\"bg fill bg-fill \"><\/div>\n                        <div class=\"overlay\"><\/div>            \n                    <\/div><!-- bg-layers -->\n        <div class=\"banner-layers container\">\n            <div class=\"fill banner-link\"><\/div>            \n        <\/div><!-- .banner-layers -->\n      <\/div><!-- .banner-inner -->\n\n            \n<style scope=\"scope\">\n\n#banner-1090155115 {\n  padding-top: 100px;\n}\n#banner-1090155115 .bg.bg-loaded {\n  background-image: url(https:\/\/museupelligualada.cat\/wp-content\/uploads\/IMG_3171.jpg);\n}\n#banner-1090155115 .overlay {\n  background-color: rgba(255,255,255,.5);\n}\n#banner-1090155115 .bg {\n  background-position: 34% 34%;\n}\n<\/style>\n  <\/div><!-- .banner -->\n\n\n<div class=\"gap-element\" style=\"display:block; height:auto; padding-top:60px\" class=\"clearfix\"><\/div>\n<h2 id=\"lloguer\" class=\"thin-font\" style=\"text-align: center;\">Cesi\u00f3n y alquiler de espacios<\/h2>\n<h6 style=\"text-align: center;\" align=\"center\">Inicio &gt; El Museo &gt; Alquiler de espacios<\/h6>\n<div class=\"gap-element\" style=\"display:block; height:auto; padding-top:60px\" class=\"clearfix\"><\/div>\n\n  <div class=\"banner has-hover\" id=\"banner-750397166\">\n          <div class=\"banner-inner fill\">\n        <div class=\"banner-bg fill\" >\n            <div class=\"bg fill bg-fill \"><\/div>\n                        <div class=\"overlay\"><\/div>            \n                    <\/div><!-- bg-layers -->\n        <div class=\"banner-layers container\">\n            <div class=\"fill banner-link\"><\/div>            \n   <div id=\"text-box-266073542\" class=\"text-box banner-layer x50 md-x50 lg-x50 y50 md-y50 lg-y50 res-text\">\n                                <div class=\"text dark\">\n              \n              <div class=\"text-inner text-center\">\n                  \n<p><span style=\"font-size: 130%;\"><strong>El Museo cuenta con espacios privilegiados que pone a disposici\u00f3n de entidades y empresas para la celebraci\u00f3n de actos culturales, sociales o educativos (conferencias, reuniones, simposios, conciertos\u2026) o de car\u00e1cter comercial (presentaci\u00f3n de productos, filmaciones, rodajes de espots, fotograf\u00eda publicitaria\u2026).<\/strong><\/span><\/p>\n              <\/div>\n           <\/div><!-- text-box-inner -->\n                            \n<style scope=\"scope\">\n\n#text-box-266073542 {\n  width: 90%;\n}\n#text-box-266073542 .text {\n  font-size: 100%;\n}\n<\/style>\n    <\/div><!-- text-box -->\n \n        <\/div><!-- .banner-layers -->\n      <\/div><!-- .banner-inner -->\n\n            \n<style scope=\"scope\">\n\n#banner-750397166 {\n  padding-top: 300px;\n}\n#banner-750397166 .bg.bg-loaded {\n  background-image: url(https:\/\/museupelligualada.cat\/wp-content\/uploads\/Museu-Pell-exterior-fulles.jpg);\n}\n#banner-750397166 .overlay {\n  background-color: rgba(8, 7, 7, 0.53);\n}\n#banner-750397166 .bg {\n  background-position: 17% 16%;\n}\n<\/style>\n  <\/div><!-- .banner -->\n\n\n<div class=\"gap-element\" style=\"display:block; height:auto; padding-top:30px\" class=\"clearfix\"><\/div>\n<div class=\"row\"  id=\"row-2041301069\">\n<div class=\"col medium-1\/1 large-12\"  ><div class=\"col-inner\"  >\n<p>Todos los espacios son accesibles para personas con movilidad reducida. Para solicitarlos, hay que consultar antes su disponibilidad, llamando al\u00a0<a href=\"tel:+34938046752\">93 804 67 52<\/a>\u00a0o enviando un correo a\u00a0<a href=\"mailto:m.igualadal@diba.cat\">m.igualada@diba.cat<\/a>, y despu\u00e9s rellenar una\u00a0<a href=\"https:\/\/tramits.igualada.cat\/Ciutadania\/DetallTramit.aspx?IdTema=11&amp;IdTramit=361&amp;IdTema=11\">instancia<\/a>.<\/p>\n<p>El acto se puede completar con visitas privadas de car\u00e1cter exclusivo, fuera del horario habitual, a las salas y a los espacios gestionados por el Museo: curtidur\u00eda de Cal Granotes, Igualadina Algodonera, Gas\u00f3geno de Cal Pasqual, iglesia de Sant Jaume Sesoliveres y Villa Romana de l\u2019Espelt.<\/p>\n<div class=\"slider-wrapper relative \" id=\"slider-1571514449\" >\n    <div class=\"slider slider-nav-circle slider-nav-large slider-nav-light slider-style-normal\"\n        data-flickity-options='{\n            \"cellAlign\": \"center\",\n            \"imagesLoaded\": true,\n            \"lazyLoad\": 1,\n            \"freeScroll\": false,\n            \"wrapAround\": true,\n            \"autoPlay\": 6000,\n            \"pauseAutoPlayOnHover\" : true,\n            \"prevNextButtons\": true,\n            \"contain\" : true,\n            \"adaptiveHeight\" : true,\n            \"dragThreshold\" : 5,\n            \"percentPosition\": true,\n            \"pageDots\": true,\n            \"rightToLeft\": false,\n            \"draggable\": true,\n            \"selectedAttraction\": 0.1,\n            \"parallax\" : 0,\n            \"friction\": 0.6        }'\n        >\n        \n\n  <div class=\"banner has-hover\" id=\"banner-835538167\">\n          <div class=\"banner-inner fill\">\n        <div class=\"banner-bg fill\" >\n            <div class=\"bg fill bg-fill \"><\/div>\n                        <div class=\"overlay\"><\/div>            \n                    <\/div><!-- bg-layers -->\n        <div class=\"banner-layers container\">\n            <a href=\"#pati-moli\"  class=\"fill\"><div class=\"fill banner-link\"><\/div><\/a>            \n   <div id=\"text-box-172981356\" class=\"text-box banner-layer x5 md-x5 lg-x5 y15 md-y15 lg-y15 res-text\">\n                                <div class=\"text dark\">\n              \n              <div class=\"text-inner text-center\">\n                  \n<p>Espacios privilegiados del Museo<\/p>\n<p>PATIO DEL MOLINO DE CORTEZA DE CAL GRANOTES<\/p>\n<a href=\"#pati-moli\" target=\"_self\" class=\"button secondary is-small lowercase\"  >\n    <span>M\u00e1s Informaci\u00f3n<\/span>\n  <\/a>\n\n              <\/div>\n           <\/div><!-- text-box-inner -->\n                            \n<style scope=\"scope\">\n\n#text-box-172981356 {\n  width: 60%;\n}\n#text-box-172981356 .text {\n  font-size: 100%;\n}\n\n\n@media (min-width:550px) {\n\n  #text-box-172981356 {\n    width: 40%;\n  }\n\n}\n<\/style>\n    <\/div><!-- text-box -->\n \n        <\/div><!-- .banner-layers -->\n      <\/div><!-- .banner-inner -->\n\n            \n<style scope=\"scope\">\n\n#banner-835538167 {\n  padding-top: 500px;\n}\n#banner-835538167 .bg.bg-loaded {\n  background-image: url(https:\/\/museupelligualada.cat\/wp-content\/uploads\/Museu-Pell-pati-Cal-Granotes.jpg);\n}\n#banner-835538167 .overlay {\n  background-color: rgba(0, 0, 0, 0.44);\n}\n#banner-835538167 .bg {\n  background-position: 0% 0%;\n}\n<\/style>\n  <\/div><!-- .banner -->\n\n\n\n  <div class=\"banner has-hover\" id=\"banner-235842831\">\n          <div class=\"banner-inner fill\">\n        <div class=\"banner-bg fill\" >\n            <div class=\"bg fill bg-fill \"><\/div>\n                        <div class=\"overlay\"><\/div>            \n                    <\/div><!-- bg-layers -->\n        <div class=\"banner-layers container\">\n            <div class=\"fill banner-link\"><\/div>            \n   <div id=\"text-box-791661577\" class=\"text-box banner-layer x5 md-x5 lg-x5 y15 md-y15 lg-y15 res-text\">\n                                <div class=\"text dark\">\n              \n              <div class=\"text-inner text-center\">\n                  \n<p>Espacios privilegiados del Museo<\/p>\n<p><em>ENCAVALLADES<\/em> DE CAL BOYER<\/p>\n<a href=\"#encavallades\" target=\"_self\" class=\"button secondary is-small lowercase\"  >\n    <span>M\u00e1s Informaci\u00f3n<\/span>\n  <\/a>\n\n              <\/div>\n           <\/div><!-- text-box-inner -->\n                            \n<style scope=\"scope\">\n\n#text-box-791661577 {\n  width: 60%;\n}\n#text-box-791661577 .text {\n  font-size: 100%;\n}\n\n\n@media (min-width:550px) {\n\n  #text-box-791661577 {\n    width: 40%;\n  }\n\n}\n<\/style>\n    <\/div><!-- text-box -->\n \n        <\/div><!-- .banner-layers -->\n      <\/div><!-- .banner-inner -->\n\n            \n<style scope=\"scope\">\n\n#banner-235842831 {\n  padding-top: 500px;\n}\n#banner-235842831 .bg.bg-loaded {\n  background-image: url(https:\/\/museupelligualada.cat\/wp-content\/uploads\/encavallades-1600x1081.jpg);\n}\n#banner-235842831 .overlay {\n  background-color: rgba(0, 0, 0, 0.44);\n}\n#banner-235842831 .bg {\n  background-position: 46% 57%;\n}\n<\/style>\n  <\/div><!-- .banner -->\n\n\n\n  <div class=\"banner has-hover\" id=\"banner-1017544647\">\n          <div class=\"banner-inner fill\">\n        <div class=\"banner-bg fill\" >\n            <div class=\"bg fill bg-fill \"><\/div>\n                        <div class=\"overlay\"><\/div>            \n                    <\/div><!-- bg-layers -->\n        <div class=\"banner-layers container\">\n            <div class=\"fill banner-link\"><\/div>            \n   <div id=\"text-box-990636390\" class=\"text-box banner-layer x5 md-x5 lg-x5 y15 md-y15 lg-y15 res-text\">\n                                <div class=\"text dark\">\n              \n              <div class=\"text-inner text-center\">\n                  \n<p>Espacios privilegiados del Museo<\/p>\n<p>PATIO DE CAL BOYER<\/p>\n<a href=\"#pati-boyer\" target=\"_self\" class=\"button secondary is-small lowercase\"  >\n    <span>M\u00e1s Informaci\u00f3n<\/span>\n  <\/a>\n\n              <\/div>\n           <\/div><!-- text-box-inner -->\n                            \n<style scope=\"scope\">\n\n#text-box-990636390 {\n  width: 60%;\n}\n#text-box-990636390 .text {\n  font-size: 100%;\n}\n\n\n@media (min-width:550px) {\n\n  #text-box-990636390 {\n    width: 40%;\n  }\n\n}\n<\/style>\n    <\/div><!-- text-box -->\n \n        <\/div><!-- .banner-layers -->\n      <\/div><!-- .banner-inner -->\n\n            \n<style scope=\"scope\">\n\n#banner-1017544647 {\n  padding-top: 500px;\n}\n#banner-1017544647 .bg.bg-loaded {\n  background-image: url(https:\/\/museupelligualada.cat\/wp-content\/uploads\/Museu0006-1600x1095.jpg);\n}\n#banner-1017544647 .overlay {\n  background-color: rgba(0, 0, 0, 0.44);\n}\n#banner-1017544647 .bg {\n  background-position: 23% 31%;\n}\n<\/style>\n  <\/div><!-- .banner -->\n\n\n\n  <div class=\"banner has-hover\" id=\"banner-1551839086\">\n          <div class=\"banner-inner fill\">\n        <div class=\"banner-bg fill\" >\n            <div class=\"bg fill bg-fill \"><\/div>\n                        <div class=\"overlay\"><\/div>            \n                    <\/div><!-- bg-layers -->\n        <div class=\"banner-layers container\">\n            <a href=\"#espai-cub\"  class=\"fill\"><div class=\"fill banner-link\"><\/div><\/a>            \n   <div id=\"text-box-1162697908\" class=\"text-box banner-layer x5 md-x5 lg-x5 y15 md-y15 lg-y15 res-text\">\n                                <div class=\"text dark\">\n              \n              <div class=\"text-inner text-center\">\n                  \n<p>Espacios privilegiados del Museo<\/p>\n<p>ESPAI CUB<\/p>\n<a href=\"#espai-cub\" target=\"_self\" class=\"button secondary is-small lowercase\"  >\n    <span>M\u00e1s Informaci\u00f3n<\/span>\n  <\/a>\n\n              <\/div>\n           <\/div><!-- text-box-inner -->\n                            \n<style scope=\"scope\">\n\n#text-box-1162697908 {\n  width: 60%;\n}\n#text-box-1162697908 .text {\n  font-size: 100%;\n}\n\n\n@media (min-width:550px) {\n\n  #text-box-1162697908 {\n    width: 40%;\n  }\n\n}\n<\/style>\n    <\/div><!-- text-box -->\n \n        <\/div><!-- .banner-layers -->\n      <\/div><!-- .banner-inner -->\n\n            \n<style scope=\"scope\">\n\n#banner-1551839086 {\n  padding-top: 500px;\n}\n#banner-1551839086 .bg.bg-loaded {\n  background-image: url(https:\/\/museupelligualada.cat\/wp-content\/uploads\/Espai-cub-1600x1200.jpg);\n}\n#banner-1551839086 .overlay {\n  background-color: rgba(0, 0, 0, 0.44);\n}\n#banner-1551839086 .bg {\n  background-position: 44% 82%;\n}\n<\/style>\n  <\/div><!-- .banner -->\n\n\n\n  <div class=\"banner has-hover\" id=\"banner-2946400\">\n          <div class=\"banner-inner fill\">\n        <div class=\"banner-bg fill\" >\n            <div class=\"bg fill bg-fill \"><\/div>\n                        <div class=\"overlay\"><\/div>            \n                    <\/div><!-- bg-layers -->\n        <div class=\"banner-layers container\">\n            <div class=\"fill banner-link\"><\/div>            \n   <div id=\"text-box-1810223549\" class=\"text-box banner-layer x5 md-x5 lg-x5 y15 md-y15 lg-y15 res-text\">\n                                <div class=\"text dark\">\n              \n              <div class=\"text-inner text-center\">\n                  \n<p>Espacios privilegiados del Museo<\/p>\n<p>AUDITORIO<\/p>\n<a href=\"#auditori\" target=\"_self\" class=\"button secondary is-small lowercase\"  >\n    <span>M\u00e1s Informaci\u00f3n<\/span>\n  <\/a>\n\n              <\/div>\n           <\/div><!-- text-box-inner -->\n                            \n<style scope=\"scope\">\n\n#text-box-1810223549 {\n  width: 60%;\n}\n#text-box-1810223549 .text {\n  font-size: 100%;\n}\n\n\n@media (min-width:550px) {\n\n  #text-box-1810223549 {\n    width: 40%;\n  }\n\n}\n<\/style>\n    <\/div><!-- text-box -->\n \n        <\/div><!-- .banner-layers -->\n      <\/div><!-- .banner-inner -->\n\n            \n<style scope=\"scope\">\n\n#banner-2946400 {\n  padding-top: 500px;\n}\n#banner-2946400 .bg.bg-loaded {\n  background-image: url(https:\/\/museupelligualada.cat\/wp-content\/uploads\/180610-19.jpg);\n}\n#banner-2946400 .overlay {\n  background-color: rgba(0, 0, 0, 0.44);\n}\n#banner-2946400 .bg {\n  background-position: 62% 69%;\n}\n<\/style>\n  <\/div><!-- .banner -->\n\n\n\n  <div class=\"banner has-hover\" id=\"banner-841457181\">\n          <div class=\"banner-inner fill\">\n        <div class=\"banner-bg fill\" >\n            <div class=\"bg fill bg-fill \"><\/div>\n                        <div class=\"overlay\"><\/div>            \n                    <\/div><!-- bg-layers -->\n        <div class=\"banner-layers container\">\n            <div class=\"fill banner-link\"><\/div>            \n   <div id=\"text-box-2019051021\" class=\"text-box banner-layer x5 md-x5 lg-x5 y15 md-y15 lg-y15 res-text\">\n                                <div class=\"text dark\">\n              \n              <div class=\"text-inner text-center\">\n                  \n<p>Espacios privilegiados del Museo<\/p>\n<p>SALA DE EXPOSICIONES TEMPORALES<\/p>\n<a href=\"#sala-exposicions\" target=\"_self\" class=\"button secondary is-small lowercase\"  >\n    <span>M\u00e1s Informaci\u00f3n<\/span>\n  <\/a>\n\n              <\/div>\n           <\/div><!-- text-box-inner -->\n                            \n<style scope=\"scope\">\n\n#text-box-2019051021 {\n  width: 60%;\n}\n#text-box-2019051021 .text {\n  font-size: 100%;\n}\n\n\n@media (min-width:550px) {\n\n  #text-box-2019051021 {\n    width: 40%;\n  }\n\n}\n<\/style>\n    <\/div><!-- text-box -->\n \n        <\/div><!-- .banner-layers -->\n      <\/div><!-- .banner-inner -->\n\n            \n<style scope=\"scope\">\n\n#banner-841457181 {\n  padding-top: 500px;\n}\n#banner-841457181 .bg.bg-loaded {\n  background-image: url(https:\/\/museupelligualada.cat\/wp-content\/uploads\/Museu-Pell-exposicions-2.jpg);\n}\n#banner-841457181 .overlay {\n  background-color: rgba(0, 0, 0, 0.44);\n}\n#banner-841457181 .bg {\n  background-position: 62% 69%;\n}\n<\/style>\n  <\/div><!-- .banner -->\n\n\n\n  <div class=\"banner has-hover\" id=\"banner-1083460152\">\n          <div class=\"banner-inner fill\">\n        <div class=\"banner-bg fill\" >\n            <div class=\"bg fill bg-fill \"><\/div>\n                        <div class=\"overlay\"><\/div>            \n                    <\/div><!-- bg-layers -->\n        <div class=\"banner-layers container\">\n            <div class=\"fill banner-link\"><\/div>            \n   <div id=\"text-box-1703988482\" class=\"text-box banner-layer x5 md-x5 lg-x5 y15 md-y15 lg-y15 res-text\">\n                                <div class=\"text dark\">\n              \n              <div class=\"text-inner text-center\">\n                  \n<p>Espacios privilegiados del Museo<\/p>\n<p>ESPACIO TALLER<\/p>\n<a href=\"#espai-taller\" target=\"_self\" class=\"button secondary is-small lowercase\"  >\n    <span>M\u00e1s Informaci\u00f3n<\/span>\n  <\/a>\n\n              <\/div>\n           <\/div><!-- text-box-inner -->\n                            \n<style scope=\"scope\">\n\n#text-box-1703988482 {\n  width: 60%;\n}\n#text-box-1703988482 .text {\n  font-size: 100%;\n}\n\n\n@media (min-width:550px) {\n\n  #text-box-1703988482 {\n    width: 40%;\n  }\n\n}\n<\/style>\n    <\/div><!-- text-box -->\n \n        <\/div><!-- .banner-layers -->\n      <\/div><!-- .banner-inner -->\n\n            \n<style scope=\"scope\">\n\n#banner-1083460152 {\n  padding-top: 500px;\n}\n#banner-1083460152 .bg.bg-loaded {\n  background-image: url(https:\/\/museupelligualada.cat\/wp-content\/uploads\/180610-93.jpg);\n}\n#banner-1083460152 .overlay {\n  background-color: rgba(0, 0, 0, 0.44);\n}\n<\/style>\n  <\/div><!-- .banner -->\n\n\n\n  <div class=\"banner has-hover\" id=\"banner-622635536\">\n          <div class=\"banner-inner fill\">\n        <div class=\"banner-bg fill\" >\n            <div class=\"bg fill bg-fill \"><\/div>\n                        <div class=\"overlay\"><\/div>            \n                    <\/div><!-- bg-layers -->\n        <div class=\"banner-layers container\">\n            <div class=\"fill banner-link\"><\/div>            \n   <div id=\"text-box-1327211227\" class=\"text-box banner-layer x5 md-x5 lg-x5 y15 md-y15 lg-y15 res-text\">\n                                <div class=\"text dark\">\n              \n              <div class=\"text-inner text-center\">\n                  \n<p>Espacios privilegiados del Museo<\/p>\n<p>VEST\u00cdBULO DE CAL BOYER<\/p>\n<a href=\"#vestibul\" target=\"_self\" class=\"button secondary is-small lowercase\"  >\n    <span>M\u00e1s Informaci\u00f3n<\/span>\n  <\/a>\n\n              <\/div>\n           <\/div><!-- text-box-inner -->\n                            \n<style scope=\"scope\">\n\n#text-box-1327211227 {\n  width: 60%;\n}\n#text-box-1327211227 .text {\n  font-size: 100%;\n}\n\n\n@media (min-width:550px) {\n\n  #text-box-1327211227 {\n    width: 40%;\n  }\n\n}\n<\/style>\n    <\/div><!-- text-box -->\n \n        <\/div><!-- .banner-layers -->\n      <\/div><!-- .banner-inner -->\n\n            \n<style scope=\"scope\">\n\n#banner-622635536 {\n  padding-top: 500px;\n}\n#banner-622635536 .bg.bg-loaded {\n  background-image: url(https:\/\/museupelligualada.cat\/wp-content\/uploads\/180610-35.jpg);\n}\n#banner-622635536 .overlay {\n  background-color: rgba(0, 0, 0, 0.44);\n}\n<\/style>\n  <\/div><!-- .banner -->\n\n\n     <\/div>\n\n     <div class=\"loading-spin dark large centered\"><\/div>\n\n     <style scope=\"scope\">\n             <\/style>\n<\/div><!-- .ux-slider-wrapper -->\n\n\n<div id=\"vestibul\"\n    class=\"lightbox-by-id lightbox-content mfp-hide lightbox-white \"\n    style=\"max-width:60% ;padding:50px\">\n    \n<p><strong>VEST\u00cdBULO<\/strong><\/p>\n<p>Situado en la entrada del Museo, tiene una superficie total de unos 144 m<sup>2<\/sup>\u00a0y capacidad para 72 personas. Es un espacio adecuado para recepciones. Tiene iluminaci\u00f3n natural y acceso al patio. Dispone de dos c\u00e1maras refrigeradas y m\u00e1quina de bebidas calientes. Wifi gratuito.<\/p>\n<\/div>\n\n\n<div id=\"pati-moli\"\n    class=\"lightbox-by-id lightbox-content mfp-hide lightbox-white \"\n    style=\"max-width:60% ;padding:50px\">\n    \n<p><strong>PATIO DEL MOLINO DE CORTEZA DE CAL GRANOTES<\/strong><\/p>\n<p>Es el patio que da acceso a la curtidur\u00eda de Cal Granotes, presidido por un molino de corteza y con un banco de piedra en uno de los extremos.\u00a0Se puede equipar para actividades en el exterior que no exijan un gran espacio; tambi\u00e9n para desayunos, almuerzos o cenas y conciertos y espect\u00e1culos de formato reducido. Tiene una superficie de 112 m<sup>2\u00a0<\/sup>i un aforo de 100 personas.<\/p>\n<\/div>\n\n\n<div id=\"espai-taller\"\n    class=\"lightbox-by-id lightbox-content mfp-hide lightbox-white \"\n    style=\"max-width:60% ;padding:50px\">\n    \n<p><strong>ESPACIO TALLER<\/strong><\/p>\n<p>Situado en la primera planta del Museo. Superficie de 54 m<sup>2<\/sup>, con capacidad para 27 personas sentadas y mesas preparadas para trabajar la piel o desarrollar cualquier actividad manual, talleres o formaci\u00f3n en general. Iluminaci\u00f3n natural o artificial. Dispone de un punto de agua y un tablero largo fijo. Se puede equipar con pizarra de caballete con papel. Wifi gratuito.<\/p>\n<\/div>\n\n\n<div id=\"sala-exposicions\"\n    class=\"lightbox-by-id lightbox-content mfp-hide lightbox-white \"\n    style=\"max-width:60% ;padding:50px\">\n    \n<p><strong>SALA DE EXPOSICIONES TEMPORALES<\/strong><\/p>\n<p>Espacio amplio y regular situado en la planta baja del Museo, de 180 m<sup>2<\/sup>, con acceso desde el vest\u00edbulo. Aforo de 112 personas. Equipado para todo tipo de exposiciones, tambi\u00e9n funciona como sala de uso polivalente para actos varios. Posibilidad de adaptar el espacio con dos paredes m\u00f3viles. Iluminaci\u00f3n artificial. Espacio climatizado. Wifi gratuito y equipo de megafon\u00eda port\u00e1til.<\/p>\n<\/div>\n\n\n<div id=\"encavallades\"\n    class=\"lightbox-by-id lightbox-content mfp-hide lightbox-white \"\n    style=\"max-width:60% ;padding:50px\">\n    \n<p><strong><em>ENCAVALLADES<\/em><\/strong><strong> DE CAL BOYER<\/strong><\/p>\n<p>Situado en la primera planta del Museo, y con un espl\u00e9ndido techo de cerchas de madera (<em>encavallades), <\/em>tiene una superficie de 769 m<sup>2<\/sup>\u00a0y es un espacio adecuado para actos de gran formato, para rodajes y sesiones fotogr\u00e1ficas. Capacidad para 270 personas. Iluminaci\u00f3n natural y artificial. Dispone de montacargas con acceso al patio y ascensor con acceso al vest\u00edbulo. Espacio no climatizado. Wifi gratuito.<\/p>\n<\/div>\n\n\n<div id=\"pati-boyer\"\n    class=\"lightbox-by-id lightbox-content mfp-hide lightbox-white \"\n    style=\"max-width:60% ;padding:50px\">\n    \n<p><strong>PATIO DE CAL BOYER.<\/strong><\/p>\n<p>El patio se extiende a lo largo de las fachadas de entrada (oeste) y sur del edificio. En verano, la zona de poniente recibe el cobijo que le ofrecen unos almezos. Una amplia rampa lo hace accesible desde la calle. Dispone de gradas y bancos, papeleras, una fuente y un wc. Se puede equipar para ferias, matinales y jornadas, comidas o cenas, conciertos y espect\u00e1culos varios. La superficie total es de 1.190 m<sup>2<\/sup>\u00a0y tiene una capacidad de 600 personas. Con 3 puntos de conexi\u00f3n el\u00e9ctrica y uno de agua.<br \/>\nUn patio de servicio, situado detr\u00e1s de la chimenea, entre las dos naves, se puede utilizar como espacio anexo. Dispone de acceso al vest\u00edbulo. Se puede equipar para actividades en el exterior que no sean de gran formato y tambi\u00e9n para desayunos y comidas. Tiene una superficie de 140 m<sup>2<\/sup>\u00a0y un aforo de 75 personas.<\/p>\n<\/div>\n\n\n<div id=\"espai-cub\"\n    class=\"lightbox-by-id lightbox-content mfp-hide lightbox-white \"\n    style=\"max-width:60% ;padding:50px\">\n    \n<p><strong>ESPAI CUB.<\/strong><\/p>\n<p>Situado en la primera planta del Museo, en la nave de las <em>Encavallades<\/em>. Espacio perimetral de 50 metros lineales para exposiciones temporales. Iluminaci\u00f3n natural o artificial.<\/p>\n<\/div>\n\n\n<div id=\"auditori\"\n    class=\"lightbox-by-id lightbox-content mfp-hide lightbox-white \"\n    style=\"max-width:60% ;padding:50px\">\n    \n<p><strong>AUDITORIO.<\/strong><\/p>\n<p>La sala de actos o auditorio se encuentra en la planta baja. Dispone de 154 asientos, tarima, mesa y atril para ponentes. Est\u00e1 habilitada para acoger conferencias y jornadas, proyecciones y presentaciones multimedia. Conexi\u00f3n a internet por cable y wifi gratuito. Espacio climatizado. Sonorizaci\u00f3n est\u00e9reo con equipo de sonido (un micr\u00f3fono de pie, dos de mesa y dos inal\u00e1mbricos). Equipo de imagen con proyecci\u00f3n de sistemas DVD y PC. Pantalla retr\u00e1ctil. Cabina de proyecci\u00f3n con mesa profesional de diez canales.<\/p>\n<\/div>\n\n\n<div class=\"gap-element\" style=\"display:block; height:auto; padding-top:30px\" class=\"clearfix\"><\/div>\n<div class=\"gap-element\" style=\"display:block; height:auto; padding-top:0px\" class=\"clearfix\"><\/div>\n<\/div><\/div>\n<\/div>\n\n  <div class=\"banner has-hover\" id=\"banner-739036539\">\n          <div class=\"banner-inner fill\">\n        <div class=\"banner-bg fill\" >\n            <div class=\"bg fill bg-fill \"><\/div>\n                        <div class=\"overlay\"><\/div>            \n                    <\/div><!-- bg-layers -->\n        <div class=\"banner-layers container\">\n            <div class=\"fill banner-link\"><\/div>            \n        <\/div><!-- .banner-layers -->\n      <\/div><!-- .banner-inner -->\n\n            \n<style scope=\"scope\">\n\n#banner-739036539 {\n  padding-top: 100px;\n}\n#banner-739036539 .bg.bg-loaded {\n  background-image: url(https:\/\/museupelligualada.cat\/wp-content\/uploads\/Museu-Pell-exterior-fulles.jpg);\n}\n#banner-739036539 .overlay {\n  background-color: rgba(255,255,255,.5);\n}\n#banner-739036539 .bg {\n  background-position: 22% 17%;\n}\n<\/style>\n  <\/div><!-- .banner -->\n\n\n<div class=\"gap-element\" style=\"display:block; height:auto; padding-top:60px\" class=\"clearfix\"><\/div>\n<h2 id=\"xarxa\" class=\"thin-font\" style=\"text-align: center;\">Red de museos<\/h2>\n<h6 style=\"text-align: center;\" align=\"center\">Inicio &gt; El Museo &gt; Red de museos<\/h6>\n<div class=\"gap-element\" style=\"display:block; height:auto; padding-top:60px\" class=\"clearfix\"><\/div>\n\n  <div class=\"banner has-hover\" id=\"banner-2114795070\">\n          <div class=\"banner-inner fill\">\n        <div class=\"banner-bg fill\" >\n            <div class=\"bg fill bg-fill \"><\/div>\n                        <div class=\"overlay\"><\/div>            \n                    <\/div><!-- bg-layers -->\n        <div class=\"banner-layers container\">\n            <div class=\"fill banner-link\"><\/div>            \n   <div id=\"text-box-797644157\" class=\"text-box banner-layer x50 md-x50 lg-x50 y50 md-y50 lg-y50 res-text\">\n                                <div class=\"text dark\">\n              \n              <div class=\"text-inner text-center\">\n                  \n<p><strong>El Museo de la Piel pertenece a distintas redes de museos, de apoyo tem\u00e1tico y territorial, dentro del Sistema de Museos de Catalunya. Tambi\u00e9n forma parte del Leather Cluster Barcelona, con sede en Igualada.<\/strong><\/p>\n              <\/div>\n           <\/div><!-- text-box-inner -->\n                            \n<style scope=\"scope\">\n\n#text-box-797644157 {\n  width: 90%;\n}\n#text-box-797644157 .text {\n  font-size: 100%;\n}\n<\/style>\n    <\/div><!-- text-box -->\n \n        <\/div><!-- .banner-layers -->\n      <\/div><!-- .banner-inner -->\n\n            \n<style scope=\"scope\">\n\n#banner-2114795070 {\n  padding-top: 300px;\n}\n#banner-2114795070 .bg.bg-loaded {\n  background-image: url(https:\/\/museupelligualada.cat\/wp-content\/uploads\/Museu-Pell-encavallades-1.jpg);\n}\n#banner-2114795070 .overlay {\n  background-color: rgba(8, 7, 7, 0.53);\n}\n#banner-2114795070 .bg {\n  background-position: 52% 82%;\n}\n<\/style>\n  <\/div><!-- .banner -->\n\n\n<div class=\"gap-element\" style=\"display:block; height:auto; padding-top:60px\" class=\"clearfix\"><\/div>\n<div class=\"row\"  id=\"row-1866324173\">\n<div class=\"col medium-1\/1 large-12\"  ><div class=\"col-inner\"  >\n<p><strong>Sistema Territorial del Museo de la Ciencia y de la T\u00e9cnica de Catalunya<\/strong><\/p>\n<p><strong><a href=\"https:\/\/sistema.mnactec.cat\/es\/\">http:\/\/sistema.mnactec.cat\/<\/a><\/strong><\/p>\n<p><strong>Red de Museos Locales<\/strong><\/p>\n<p><strong><a href=\"https:\/\/www.diba.cat\/es\/web\/opc\/default_xml\">http:\/\/www.diba.cat\/web\/opc\/default_xml\/<\/a><\/strong><\/p>\n<p><strong>Red de Turismo Industrial de Catalunya<\/strong><\/p>\n<p><strong><a href=\"http:\/\/www.xatic.cat\">http:\/\/www.xatic.cat<\/a><\/strong><\/p>\n<p><strong>Leather Cluster Barcelona<\/strong><\/p>\n<p><strong><a href=\"https:\/\/leatherbarcelona.com\/es\/\">http:\/\/igualadaleather.com\/es\/igualada-leather-cluster-es\/<\/a><\/strong><\/p>\n<div class=\"gap-element\" style=\"display:block; height:auto; padding-top:0px\" class=\"clearfix\"><\/div>\n<\/div><\/div>\n<\/div>\n\n  <div class=\"banner has-hover\" id=\"banner-1959621166\">\n          <div class=\"banner-inner fill\">\n        <div class=\"banner-bg fill\" >\n            <div class=\"bg fill bg-fill \"><\/div>\n                        <div class=\"overlay\"><\/div>            \n                    <\/div><!-- bg-layers -->\n        <div class=\"banner-layers container\">\n            <div class=\"fill banner-link\"><\/div>            \n        <\/div><!-- .banner-layers -->\n      <\/div><!-- .banner-inner -->\n\n            \n<style scope=\"scope\">\n\n#banner-1959621166 {\n  padding-top: 100px;\n}\n#banner-1959621166 .bg.bg-loaded {\n  background-image: url(https:\/\/museupelligualada.cat\/wp-content\/uploads\/Museu-Pell-encavallades-1.jpg);\n}\n#banner-1959621166 .overlay {\n  background-color: rgba(255,255,255,.5);\n}\n#banner-1959621166 .bg {\n  background-position: 22% 79%;\n}\n<\/style>\n  <\/div><!-- .banner -->\n\n\n<div class=\"gap-element\" style=\"display:block; height:auto; padding-top:60px\" class=\"clearfix\"><\/div>\n<h2 id=\"tienda\" class=\"thin-font\" style=\"text-align: center;\">Tienda<\/h2>\n<h6 style=\"text-align: center;\" align=\"center\">Inicio &gt; El Museo &gt; Tienda<\/h6>\n<div class=\"gap-element\" style=\"display:block; height:auto; padding-top:60px\" class=\"clearfix\"><\/div>\n\n  <div class=\"banner has-hover\" id=\"banner-1682408294\">\n          <div class=\"banner-inner fill\">\n        <div class=\"banner-bg fill\" >\n            <div class=\"bg fill bg-fill \"><\/div>\n                        <div class=\"overlay\"><\/div>            \n                    <\/div><!-- bg-layers -->\n        <div class=\"banner-layers container\">\n            <div class=\"fill banner-link\"><\/div>            \n   <div id=\"text-box-1620221603\" class=\"text-box banner-layer x50 md-x50 lg-x50 y50 md-y50 lg-y50 res-text\">\n                                <div class=\"text dark\">\n              \n              <div class=\"text-inner text-center\">\n                  \n<p><span style=\"font-size: 130%;\"><strong>Un espacio permanente, en el vest\u00edbulo del Museo, donde encontrar art\u00edculos relacionados con el mundo de la piel. Tamb\u00e9 ofrece todas la publicaciones exclusivas del Museo y de los espacios patrimoniales que gestiona, una selecci\u00f3n de libros sobre Igualada, la comarca del Anoia y el patrimonio industrial.<\/strong><\/span><\/p>\n              <\/div>\n           <\/div><!-- text-box-inner -->\n                            \n<style scope=\"scope\">\n\n#text-box-1620221603 {\n  width: 90%;\n}\n#text-box-1620221603 .text {\n  font-size: 100%;\n}\n<\/style>\n    <\/div><!-- text-box -->\n \n        <\/div><!-- .banner-layers -->\n      <\/div><!-- .banner-inner -->\n\n            \n<style scope=\"scope\">\n\n#banner-1682408294 {\n  padding-top: 300px;\n}\n#banner-1682408294 .bg.bg-loaded {\n  background-image: url(https:\/\/museupelligualada.cat\/wp-content\/uploads\/Museu-Pell-pells-colors-2.jpg);\n}\n#banner-1682408294 .overlay {\n  background-color: rgba(8, 7, 7, 0.53);\n}\n#banner-1682408294 .bg {\n  background-position: 37% 32%;\n}\n<\/style>\n  <\/div><!-- .banner -->\n\n\n<div class=\"gap-element\" style=\"display:block; height:auto; padding-top:30px\" class=\"clearfix\"><\/div>\n<div class=\"row\"  id=\"row-383944599\">\n<\/div>\n","protected":false},"excerpt":{"rendered":"<p>Historia Inicio &gt; El Museo &gt; Historia Colecciones y consultas del fondo Inicio &gt; El Museo &gt; Conlecciones y consultas del fondo Publicaciones Inicio &gt; El Museo &gt; Publicaciones Cesi\u00f3n y alquiler de espacios Inicio &gt; El Museo &gt; Alquiler de espacios Red de museos Inicio &gt; El Museo &gt; Red de museos Tienda Inicio [&hellip;]\n","protected":false},"author":1,"featured_media":0,"parent":0,"menu_order":0,"comment_status":"closed","ping_status":"closed","template":"page-transparent-header.php","meta":{"footnotes":""},"class_list":["post-3743","page","type-page","status-publish","hentry"],"_links":{"self":[{"href":"https:\/\/museupelligualada.cat\/es\/wp-json\/wp\/v2\/pages\/3743","targetHints":{"allow":["GET"]}}],"collection":[{"href":"https:\/\/museupelligualada.cat\/es\/wp-json\/wp\/v2\/pages"}],"about":[{"href":"https:\/\/museupelligualada.cat\/es\/wp-json\/wp\/v2\/types\/page"}],"author":[{"embeddable":true,"href":"https:\/\/museupelligualada.cat\/es\/wp-json\/wp\/v2\/users\/1"}],"replies":[{"embeddable":true,"href":"https:\/\/museupelligualada.cat\/es\/wp-json\/wp\/v2\/comments?post=3743"}],"version-history":[{"count":0,"href":"https:\/\/museupelligualada.cat\/es\/wp-json\/wp\/v2\/pages\/3743\/revisions"}],"wp:attachment":[{"href":"https:\/\/museupelligualada.cat\/es\/wp-json\/wp\/v2\/media?parent=3743"}],"curies":[{"name":"wp","href":"https:\/\/api.w.org\/{rel}","templated":true}]}}