{"id":4441,"date":"2017-04-05T10:38:01","date_gmt":"2017-04-05T10:38:01","guid":{"rendered":"https:\/\/museupelligualada.cat\/pagina-exemple\/"},"modified":"2017-04-05T10:38:01","modified_gmt":"2017-04-05T10:38:01","slug":"pagina-exemple","status":"publish","type":"page","link":"https:\/\/museupelligualada.cat\/es\/pagina-exemple\/","title":{"rendered":"inici"},"content":{"rendered":"<p><!-- Global site tag (gtag.js) - Google Analytics --><br \/>\n<script async src=\"https:\/\/www.googletagmanager.com\/gtag\/js?id=UA-126785217-1\"><\/script><br \/>\n<script>\n  window.dataLayer = window.dataLayer || [];\n  function gtag(){dataLayer.push(arguments);}\n  gtag('js', new Date());<\/p>\n<p>  gtag('config', 'UA-126785217-1');\n<\/script><\/p>\n\n  <div class=\"banner has-hover has-parallax\" id=\"banner-454922784\">\n          <div class=\"banner-inner fill\">\n        <div class=\"banner-bg fill\" data-parallax=\"-9\" data-parallax-container=\".banner\" data-parallax-background>\n            <div class=\"bg fill bg-fill \"><\/div>\n                        <div class=\"overlay\"><\/div>            \n                    <\/div><!-- bg-layers -->\n        <div class=\"banner-layers container\">\n            <div class=\"fill banner-link\"><\/div>            \n<div class=\"row\"  id=\"row-1500391743\">\n<div class=\"col medium-1\/3 large-4\"  ><div class=\"col-inner\"  >\n<div class=\"inici-museu-esq\">\n<h5 class=\"adreca\">c\/ Dr. Joan Mercader, 1<\/h5>\n<h5 class=\"adreca\"><i class=\"fa fa-map-o\"><\/i> <a href=\"https:\/\/www.google.com\/maps\/embed?pb=!1m18!1m12!1m3!1d1492.3143828782704!2d1.613439474767631!3d41.57727849618578!2m3!1f0!2f0!3f0!3m2!1i1024!2i768!4f13.1!3m3!1m2!1s0x0%3A0xc42d5e541155dcd3!2sMuseu+de+la+Pell+d'Igualada+i+Comarcal+de+l'Anoia!5e0!3m2!1ses!2sus!4v1491849463835\" target=\"_blank\" rel=\"noopener noreferrer\">08700 Igualada &#8211; Barcelona<\/a><\/h5>\n<h5 class=\"adreca\"><i class=\"fa fa-phone-square\"><\/i> <a title=\"tel:+34938046752\" href=\"tel:+34938046752\"> +34 938 046 752<\/a><\/h5>\n<h5 class=\"adreca\"><i class=\"fa fa-envelope-o\"><\/i> <a title=\"m.igualada@diba.cat\" href=\"mailto:m.igualada@diba.cat\">m.igualada@diba.cat<\/a><\/h5>\n<h5 class=\"adreca\"><i class=\"fa fa-sitemap\"><\/i> <a title=\"www.museupelligualada.cat\" href=\"http:\/\/www.museupelligualada.cat\">www.museupelligualada.cat<\/a><\/h5>\n<h5 class=\"adreca\"><i class=\"fa fa-facebook-square \"><\/i> <a href=\"https:\/\/www.facebook.com\/MuseuPellIgualada\/?fref=ts\" target=\"_blank\" rel=\"noopener noreferrer\">facebook.com\/Museupelligualada<\/a><\/h5>\n<p><img decoding=\"async\" style=\"width: 60%; padding-top: 15px;\" src=\"http:\/\/museupelligualada.cat\/wp-content\/uploads\/logo-Ajuntament-Igualada-b.png\" alt=\"Ajuntament Igualada\" \/><img decoding=\"async\" style=\"width: 30%; padding-top: 15px;padding-left: 15px;\" src=\"http:\/\/museupelligualada.cat\/wp-content\/uploads\/logo-Cultura-Igualada-b.png\" alt=\"Cultura Igualada\" \/><\/p>\n<\/div>\n<\/div><\/div>\n<div class=\"col medium-2\/3 large-8\"  ><div class=\"col-inner\"  >\n<div class=\"inici-museu-dre\">\n<h3 class=\"majuscules \"><strong>Museu de la Pell d\u2019Igualada<br \/>\ni Comarcal de l\u2019Anoia<\/strong><\/h3>\n<p style=\"color: #ddd;\"><em class=\"alt-font\">Estem renovant el web, perdoneu les mol\u00e8sties<\/em><\/p>\n<\/div>\n<\/div><\/div>\n<\/div>\n        <\/div><!-- .banner-layers -->\n      <\/div><!-- .banner-inner -->\n\n            \n<style scope=\"scope\">\n\n#banner-454922784 {\n  padding-top: 670px;\n}\n#banner-454922784 .bg.bg-loaded {\n  background-image: url(http:\/\/museupelligualada.cat\/wp-content\/uploads\/Museu-Pell-Igualada-nit.jpg);\n}\n#banner-454922784 .overlay {\n  background-color: rgba(0,0,0,0.15);\n}\n<\/style>\n  <\/div><!-- .banner -->\n\n\n<div class=\"row\"  id=\"row-625656103\">\n<div class=\"col medium-1\/1 large-12\"  ><div class=\"col-inner\"  >\n<div class=\"gap-element\" style=\"display:block; height:auto; padding-top:60px\" class=\"clearfix\"><\/div>\n<h2 class=\"thin-font\">El <strong><a href=\"http:\/\/museupelligualada.cat\/\">Museu de la Pell d\u2019Igualada i Comarcal de l\u2019Anoia<\/a><\/strong> presenta una visi\u00f3 general de l\u2019\u00fas de la pell en diferents cultures i recull el llegat de la ind\u00fastria adobera que ha configurat el singular barri del Rec.<\/h2>\n<div class=\"gap-element\" style=\"display:block; height:auto; padding-top:10px\" class=\"clearfix\"><\/div>\n<h2 class=\"thin-font\">A <strong>Cal Granotes<\/strong>, una adoberia del segle XVIII en ple cor del Rec, la posada en escena de l&#8217;ofici artesanal de l\u2019adob ens transporta a la Igualada preindustrial.<\/h2>\n<div class=\"gap-element\" style=\"display:block; height:auto; padding-top:10px\" class=\"clearfix\"><\/div>\n<h2 class=\"thin-font\">A <strong>Cal Boyer<\/strong> \u2014antiga f\u00e0brica t\u00e8xtil actualment seu del Museu\u2014 s\u2019hi mostren objectes de pell, i eines i m\u00e0quines que s\u00f3n els testimonis de l\u2019adob de la pell a Igualada des dels inicis manufacturers fins\u00a0a la implantaci\u00f3 industrial. En l\u2019espai L\u2019home i l\u2019aigua es d\u00f3na una visi\u00f3 general de les qualitats de l\u2019aigua i del seu \u00fas a trav\u00e9s d\u2019una col\u00b7lecci\u00f3 d&#8217;estris i enginys hidr\u00e0ulics; un canal d\u2019experimentaci\u00f3 permet comprendre alguns m\u00e8todes del seu aprofitament energ\u00e8tic i industrial.<\/h2>\n<div class=\"gap-element\" style=\"display:block; height:auto; padding-top:10px\" class=\"clearfix\"><\/div>\n<h2 class=\"thin-font\">El museu gestiona, a m\u00e9s, altres espais patrimonials: la <strong>Igualadina Cotonera<\/strong>, el <strong>Gasogen de Cal Pasqual<\/strong>, <strong>Sant Jaume Sesoliveres<\/strong> i la <strong>Vil\u00b7la Romana de l\u2019Espelt<\/strong>.<\/h2>\n<div class=\"gap-element\" style=\"display:block; height:auto; padding-top:10px\" class=\"clearfix\"><\/div>\n<h2 class=\"thin-font\">Pel seu inter\u00e8s fonamental en la conservaci\u00f3, la recerca i la divulgaci\u00f3 del patrimoni relacionat amb el sector adober, aquest museu \u00e9s secci\u00f3 del Museu Nacional de la Ci\u00e8ncia i de la T\u00e8cnica de Catalunya i forma part del Sistema Territorial de la seva xarxa de museus.<\/h2>\n<div class=\"gap-element\" style=\"display:block; height:auto; padding-top:10px\" class=\"clearfix\"><\/div>\n<div class=\"gap-element\" style=\"display:block; height:auto; padding-top:30px\" class=\"clearfix\"><\/div>\n<\/div><\/div>\n<\/div>\n\n  <div class=\"banner has-hover\" id=\"banner-1907392291\">\n          <div class=\"banner-inner fill\">\n        <div class=\"banner-bg fill\" 0>\n            <div class=\"bg fill bg-fill \"><\/div>\n                                    \n                    <\/div><!-- bg-layers -->\n        <div class=\"banner-layers container\">\n            <div class=\"fill banner-link\"><\/div>            \n<h3 class=\"alt-font\">Horaris<\/h3>\n<h5>&#8212;<\/h5>\n<h3>Cal Boyer<\/h3>\n<h4 class=\"thin-font\">De dimarts a divendres: de 10 a 14 h<\/h4>\n<h4 class=\"thin-font\">Dijous i divendres tarda: de 16 a 18.30 h (exposicions temporals fins a les 20 h) \/ juliol i agost tancat<\/h4>\n<h4 class=\"thin-font\">Dissabtes, diumenges i festius: d\u201911 a 14 h<\/h4>\n<h5>&#8212;<\/h5>\n<h3>Cal Granotes<\/h3>\n<p>(punt de sortida: Cal Boyer)<\/p>\n<h4 class=\"thin-font\">De dimarts a diumenge, i festius: de 12 a 14 h<\/h4>\n<h4 class=\"thin-font\">Dijous i divendres tarda: de 17 a 18.30 h \/ juliol i agost tancat<\/h4>\n<h5>&#8212;<\/h5>\n<h4>Tancat tots els dilluns i els dies 1, 5 (tarda) i 6 de gener, dimarts de Pasqua i 24, 25, 26 i 31 de desembre.<\/h4>\n<h5>&#8212;<\/h5>\n<div class=\"gap-element\" style=\"display:block; height:auto; padding-top:20px\" class=\"clearfix\"><\/div>\n<h3 class=\"alt-font\">Serveis<\/h3>\n<h4 class=\"thin-font\">El Museu programa visites guiades, activitats did\u00e0ctiques i tallers, exposicions temporals i activitats diverses per a tots els p\u00fablics, at\u00e9n consultes sobre les col\u00b7leccions i documentaci\u00f3 i fa assessorament en treballs de recerca.<\/h4>\n<h4 class=\"thin-font\">L\u2019auditori, la nau d\u2019encavallades, el pati i altres espais de l\u2019equipament es poden sol\u00b7licitar per acollir diversos tipus d&#8217;esdeveniments.<\/h4>\n<a href=\"mailto:m.igualada@diba.cat\" target=\"_self\" class=\"button white is-outline is-medium\"  >\n    <span>Contactar<\/span>\n  <\/a>\n\n        <\/div><!-- .banner-layers -->\n      <\/div><!-- .banner-inner -->\n\n            \n<style scope=\"scope\">\n\n#banner-1907392291 {\n  padding-top: 1000px;\n}\n#banner-1907392291 .bg.bg-loaded {\n  background-image: url(http:\/\/imageurl);\n}\n<\/style>\n  <\/div><!-- .banner -->\n\n\n","protected":false},"excerpt":{"rendered":"","protected":false},"author":1,"featured_media":0,"parent":0,"menu_order":0,"comment_status":"closed","ping_status":"open","template":"page-transparent-header.php","meta":{"footnotes":""},"class_list":["post-4441","page","type-page","status-publish","hentry"],"_links":{"self":[{"href":"https:\/\/museupelligualada.cat\/es\/wp-json\/wp\/v2\/pages\/4441","targetHints":{"allow":["GET"]}}],"collection":[{"href":"https:\/\/museupelligualada.cat\/es\/wp-json\/wp\/v2\/pages"}],"about":[{"href":"https:\/\/museupelligualada.cat\/es\/wp-json\/wp\/v2\/types\/page"}],"author":[{"embeddable":true,"href":"https:\/\/museupelligualada.cat\/es\/wp-json\/wp\/v2\/users\/1"}],"replies":[{"embeddable":true,"href":"https:\/\/museupelligualada.cat\/es\/wp-json\/wp\/v2\/comments?post=4441"}],"version-history":[{"count":0,"href":"https:\/\/museupelligualada.cat\/es\/wp-json\/wp\/v2\/pages\/4441\/revisions"}],"wp:attachment":[{"href":"https:\/\/museupelligualada.cat\/es\/wp-json\/wp\/v2\/media?parent=4441"}],"curies":[{"name":"wp","href":"https:\/\/api.w.org\/{rel}","templated":true}]}}