{"id":3742,"date":"2018-02-02T11:16:28","date_gmt":"2018-02-02T11:16:28","guid":{"rendered":"http:\/\/museupelligualada.cat\/el-museu\/"},"modified":"2020-09-30T07:14:47","modified_gmt":"2020-09-30T07:14:47","slug":"el-museu","status":"publish","type":"page","link":"https:\/\/museupelligualada.cat\/fr\/el-museu\/","title":{"rendered":"El Museu"},"content":{"rendered":"\n  <div class=\"banner has-hover\" id=\"banner-489807317\">\n          <div class=\"banner-inner fill\">\n        <div class=\"banner-bg fill\" >\n            <div class=\"bg fill bg-fill \"><\/div>\n                        <div class=\"overlay\"><\/div>            \n                    <\/div><!-- bg-layers -->\n        <div class=\"banner-layers container\">\n            <div class=\"fill banner-link\"><\/div>            \n   <div id=\"text-box-853580789\" class=\"text-box banner-layer x50 md-x50 lg-x50 y50 md-y50 lg-y50 res-text\">\n                     <div data-animate=\"none\">           <div class=\"text dark\">\n              \n              <div class=\"text-inner text-right\">\n                  \n<p><!--\n\n<h2 class=\"majuscules \" style=\"text-align: right;\">El Museu<\/h2>\n\n\n\n<div class=\"submenu\"><a class=\"_ps2id\" href=\"#historia\">Hist\u00f2ria 44444<\/a> <a class=\"_ps2id\" href=\"#colleccions\">Col\u00b7leccions i fons<\/a> <a class=\"_ps2id\" href=\"#publicacions\">Publicacions<\/a> <a class=\"_ps2id\" href=\"#lloguer\">Lloguer espais<\/a> <a class=\"_ps2id\" href=\"#xarxa\">Museu en xarxa<\/a> <a class=\"_ps2id\" href=\"#botiga\">Botiga<\/a><\/div>\n\n--><\/p>\n              <\/div>\n           <\/div><!-- text-box-inner -->\n       <\/div>                     \n<style scope=\"scope\">\n\n#text-box-853580789 .text-inner {\n  padding: 120px 30px 30px 30px;\n}\n#text-box-853580789 {\n  width: 100%;\n}\n#text-box-853580789 .text {\n  font-size: 100%;\n}\n<\/style>\n    <\/div><!-- text-box -->\n \n        <\/div><!-- .banner-layers -->\n      <\/div><!-- .banner-inner -->\n\n            \n<style scope=\"scope\">\n\n#banner-489807317 {\n  padding-top: 500px;\n}\n#banner-489807317 .bg.bg-loaded {\n  background-image: url(http:\/\/museupelligualada.cat\/wp-content\/uploads\/_Museu\/Museu-aire-bn.jpg);\n}\n#banner-489807317 .overlay {\n  background-color: rgba(0, 0, 0, 0.5);\n}\n#banner-489807317 .bg {\n  background-position: 1% 17%;\n}\n<\/style>\n  <\/div><!-- .banner -->\n\n\n<div class=\"gap-element\" style=\"display:block; height:auto; padding-top:60px\" class=\"clearfix\"><\/div>\n<h2 id=\"historia\" class=\"thin-font\" style=\"text-align: center;\">Histoire<\/h2>\n<h6 style=\"text-align: center;\">Accueil &gt; Le Mus\u00e9e &gt; Histoire<\/h6>\n<div class=\"gap-element\" style=\"display:block; height:auto; padding-top:60px\" class=\"clearfix\"><\/div>\n\n  <div class=\"banner has-hover\" id=\"banner-1944038039\">\n          <div class=\"banner-inner fill\">\n        <div class=\"banner-bg fill\" >\n            <div class=\"bg fill bg-fill \"><\/div>\n                        <div class=\"overlay\"><\/div>            \n                    <\/div><!-- bg-layers -->\n        <div class=\"banner-layers container\">\n            <div class=\"fill banner-link\"><\/div>            \n   <div id=\"text-box-1648907071\" class=\"text-box banner-layer x50 md-x50 lg-x50 y50 md-y50 lg-y50 res-text\">\n                                <div class=\"text dark\">\n              \n              <div class=\"text-inner text-left\">\n                  \n<p><strong><span style=\"font-size: 130%;\">Tout au long de son existence, le Mus\u00e9e a constamment renforc\u00e9 son r\u00f4le de \u00ab haut-parleur \u00bb du patrimoine culturel et industriel de la ville et de la comarque, \u00e0 travers de nombreuses initiatives de dynamisation, de recherche et de divulgation, r\u00e9alis\u00e9es depuis la mairie d\u2019Igualada avec la complicit\u00e9 du tissu associatif local.<\/span><\/strong><\/p>\n              <\/div>\n           <\/div><!-- text-box-inner -->\n                            \n<style scope=\"scope\">\n\n#text-box-1648907071 {\n  width: 60%;\n}\n#text-box-1648907071 .text {\n  font-size: 100%;\n}\n\n\n@media (min-width:550px) {\n\n  #text-box-1648907071 {\n    width: 97%;\n  }\n\n}\n<\/style>\n    <\/div><!-- text-box -->\n \n        <\/div><!-- .banner-layers -->\n      <\/div><!-- .banner-inner -->\n\n            \n<style scope=\"scope\">\n\n#banner-1944038039 {\n  padding-top: 300px;\n}\n#banner-1944038039 .bg.bg-loaded {\n  background-image: url(https:\/\/museupelligualada.cat\/wp-content\/uploads\/CAL-BOYER-RETOC-3-AFMI08173-1600x900.jpg);\n}\n#banner-1944038039 .overlay {\n  background-color: rgba(12, 12, 12, 0.58);\n}\n#banner-1944038039 .bg {\n  background-position: 59% 63%;\n}\n<\/style>\n  <\/div><!-- .banner -->\n\n\n<div class=\"gap-element\" style=\"display:block; height:auto; padding-top:30px\" class=\"clearfix\"><\/div>\n<div class=\"gap-element\" style=\"display:block; height:auto; padding-top:30px\" class=\"clearfix\"><\/div>\n<div class=\"row\"  id=\"row-825636539\">\n<div class=\"col medium-1\/1 large-12\"  ><div class=\"col-inner\"  >\n<p>Le Mus\u00e9e \u00e9tait \u00e0 l\u2019origine le Mus\u00e9e de la Ville, inaugur\u00e9 en 1949 \u00e0 l\u2019initiative du Centre d\u2019\u00c9tudes de la Comarque d\u2019Igualada. En 1954, une section d\u00e9di\u00e9e au cuir fut mise en place dans cet espace avec le soutien des tanneurs. En 1982, la gestion de l\u2019ancien mus\u00e9e passa aux main de la Fondation Publique Municipale Mus\u00e9e de la Comarque de l\u2019Anoia.<\/p>\n<p>En 1983, la Mairie d\u2019Igualada, le Service des Mus\u00e9es de la Generalitat et la Corporation des Tanneurs acquirent la tannerie Cal Granotes (XVIIIe s.), qui serait l\u2019objet de fouilles puis restaur\u00e9e et ouverte au public en 1990. La Mairie acheta \u00e9galement une ancienne usine textile, Cal Boyer, si\u00e8ge de l\u2019actuel Mus\u00e9e : la r\u00e9novation eut lieu par phases, entre 1986 et 1999, et on y dispose maintenant de diff\u00e9rents espaces et expositions permanentes sur le patrimoine industriel de la tannerie et sur l\u2019eau.<\/p>\n<p>En 1988, en collaboration avec neuf autres mus\u00e9es de la D\u00e9putation de Barcelone, le Mus\u00e9e fonde la Commission de Coop\u00e9ration des Mus\u00e9es Locaux, qui deviendra plus tard le R\u00e9seau des Mus\u00e9es Locaux. En 1998, le Mus\u00e9e est d\u00e9clar\u00e9 section du Mus\u00e9e de la Science et de la Technique de Catalogne et devient membre du Syst\u00e8me Territorial du mNACTEC. En 2015, il int\u00e8gre l\u2019Igualada Leather Cluster Barcelona.<\/p>\n<div class=\"gap-element\" style=\"display:block; height:auto; padding-top:0px\" class=\"clearfix\"><\/div>\n<\/div><\/div>\n\n<style scope=\"scope\">\n\n<\/style>\n<\/div>\n\n  <div class=\"banner has-hover\" id=\"banner-5041404\">\n          <div class=\"banner-inner fill\">\n        <div class=\"banner-bg fill\" >\n            <div class=\"bg fill bg-fill \"><\/div>\n                        <div class=\"overlay\"><\/div>            \n                    <\/div><!-- bg-layers -->\n        <div class=\"banner-layers container\">\n            <div class=\"fill banner-link\"><\/div>            \n        <\/div><!-- .banner-layers -->\n      <\/div><!-- .banner-inner -->\n\n            \n<style scope=\"scope\">\n\n#banner-5041404 {\n  padding-top: 100px;\n}\n#banner-5041404 .bg.bg-loaded {\n  background-image: url(https:\/\/museupelligualada.cat\/wp-content\/uploads\/CAL-BOYER-RETOC-3-AFMI08173-1600x900.jpg);\n}\n#banner-5041404 .overlay {\n  background-color: rgba(255,255,255,.5);\n}\n#banner-5041404 .bg {\n  background-position: 22% 67%;\n}\n<\/style>\n  <\/div><!-- .banner -->\n\n\n<div class=\"gap-element\" style=\"display:block; height:auto; padding-top:60px\" class=\"clearfix\"><\/div>\n<h2 id=\"colleccions\" class=\"thin-font\" style=\"text-align: center;\">Collections et consultation du fonds<\/h2>\n<h6 style=\"text-align: center;\">Accueil &gt; Le Mus\u00e9e &gt; Collections<\/h6>\n<div class=\"gap-element\" style=\"display:block; height:auto; padding-top:60px\" class=\"clearfix\"><\/div>\n\n  <div class=\"banner has-hover\" id=\"banner-1188976415\">\n          <div class=\"banner-inner fill\">\n        <div class=\"banner-bg fill\" >\n            <div class=\"bg fill bg-fill \"><\/div>\n                        <div class=\"overlay\"><\/div>            \n                    <\/div><!-- bg-layers -->\n        <div class=\"banner-layers container\">\n            <div class=\"fill banner-link\"><\/div>            \n   <div id=\"text-box-962672371\" class=\"text-box banner-layer x5 md-x5 lg-x5 y50 md-y50 lg-y50 res-text\">\n                                <div class=\"text dark\">\n              \n              <div class=\"text-inner text-left\">\n                  \n<p><strong><span style=\"font-size: 130%;\">Les collections du Mus\u00e9e, expos\u00e9es \u00e0 Cal Granotes et dans les salles d\u2019exposition permanentes de Cal Boyer, regroupent diff\u00e9rents objets, machines et outils li\u00e9s au cuir et \u00e0 l\u2019industrie de la tannerie, mais aussi des inventions hydrauliques, des machines et des objets li\u00e9s \u00e0 l\u2019eau et \u00e0 son exploitation, expos\u00e9s dans l\u2019espace L\u2019Homme et l\u2019eau. <\/span><\/strong><\/p>\n              <\/div>\n           <\/div><!-- text-box-inner -->\n                            \n<style scope=\"scope\">\n\n#text-box-962672371 {\n  width: 60%;\n}\n#text-box-962672371 .text {\n  font-size: 100%;\n}\n\n\n@media (min-width:550px) {\n\n  #text-box-962672371 {\n    width: 90%;\n  }\n\n}\n<\/style>\n    <\/div><!-- text-box -->\n \n        <\/div><!-- .banner-layers -->\n      <\/div><!-- .banner-inner -->\n\n            \n<style scope=\"scope\">\n\n#banner-1188976415 {\n  padding-top: 300px;\n}\n#banner-1188976415 .bg.bg-loaded {\n  background-image: url(https:\/\/museupelligualada.cat\/wp-content\/uploads\/Museu-Pell-restauracio.jpg);\n}\n#banner-1188976415 .overlay {\n  background-color: rgba(0,0,0,.5);\n}\n#banner-1188976415 .bg {\n  background-position: 39% 46%;\n}\n<\/style>\n  <\/div><!-- .banner -->\n\n\n<div class=\"gap-element\" style=\"display:block; height:auto; padding-top:60px\" class=\"clearfix\"><\/div>\n<div class=\"row\"  id=\"row-593968767\">\n<div class=\"col medium-1\/10 large-1\/10\"  ><div class=\"col-inner\"  >\n<p>La r\u00e9serve du Mus\u00e9e est constitu\u00e9e d\u2019un fonds artistique de peinture et sculpture, retables et art religieux, arch\u00e9ologie, pal\u00e9ontologie, science et technique, ethnologie et sciences naturelles. Ce fonds est partiellement accessible \u00e0 travers le web Mus\u00e9es en ligne.<\/p>\n<p>Le fonds bibliographique du Mus\u00e9e est constitu\u00e9 de livres et de documents sur la tannerie du cuir et fait partie du R\u00e9seau de Biblioth\u00e8ques Sp\u00e9cialis\u00e9es de la Generalitat de Catalogne (BEG), dont le catalogue peut \u00eatre consult\u00e9 en ligne.<\/p>\n<p>De surcro\u00eet, le Mus\u00e9e dispose d\u2019un service de consultation des collection de de conseil pour les travaux de recherche, disponible du lundi au vendredi de 9 h \u00e0 13 h, sur rendez-vous pr\u00e9alable par t\u00e9l\u00e9phone (+34 938 04 67 52) ou par courriel (m.igualada@diba.cat).<\/p>\n<div class=\"gap-element\" style=\"display:block; height:auto; padding-top:0px\" class=\"clearfix\"><\/div>\n<\/div><\/div>\n<\/div>\n<p><!-- \/* ********* publicacions ************ *\/ --><\/p>\n\n  <div class=\"banner has-hover\" id=\"banner-1689627763\">\n          <div class=\"banner-inner fill\">\n        <div class=\"banner-bg fill\" >\n            <div class=\"bg fill bg-fill \"><\/div>\n                        <div class=\"overlay\"><\/div>            \n                    <\/div><!-- bg-layers -->\n        <div class=\"banner-layers container\">\n            <div class=\"fill banner-link\"><\/div>            \n        <\/div><!-- .banner-layers -->\n      <\/div><!-- .banner-inner -->\n\n            \n<style scope=\"scope\">\n\n#banner-1689627763 {\n  padding-top: 100px;\n}\n#banner-1689627763 .bg.bg-loaded {\n  background-image: url(https:\/\/museupelligualada.cat\/wp-content\/uploads\/Museu-Pell-restauracio.jpg);\n}\n#banner-1689627763 .overlay {\n  background-color: rgba(255,255,255,.5);\n}\n#banner-1689627763 .bg {\n  background-position: 13% 47%;\n}\n<\/style>\n  <\/div><!-- .banner -->\n\n\n<div class=\"gap-element\" style=\"display:block; height:auto; padding-top:60px\" class=\"clearfix\"><\/div>\n<h2 id=\"publicacions\" class=\"thin-font\" style=\"text-align: center;\">Publications<\/h2>\n<h6 style=\"text-align: center;\">Accueil &gt; Le Mus\u00e9e &gt; Publications<\/h6>\n<div class=\"gap-element\" style=\"display:block; height:auto; padding-top:60px\" class=\"clearfix\"><\/div>\n\n  <div class=\"banner has-hover\" id=\"banner-1066989415\">\n          <div class=\"banner-inner fill\">\n        <div class=\"banner-bg fill\" >\n            <div class=\"bg fill bg-fill \"><\/div>\n                        <div class=\"overlay\"><\/div>            \n                    <\/div><!-- bg-layers -->\n        <div class=\"banner-layers container\">\n            <div class=\"fill banner-link\"><\/div>            \n   <div id=\"text-box-443027035\" class=\"text-box banner-layer x5 md-x5 lg-x5 y50 md-y50 lg-y50 res-text\">\n                                <div class=\"text dark\">\n              \n              <div class=\"text-inner text-left\">\n                  \n<p><strong><span style=\"font-size: 130%;\">Le Mus\u00e9e dispose de publications sp\u00e9cialis\u00e9es sur le th\u00e8me du cuir, des tanneries et des proc\u00e9d\u00e9s de tannage pr\u00e9-industriels et industriels. <\/span><\/strong><\/p>\n              <\/div>\n           <\/div><!-- text-box-inner -->\n                            \n<style scope=\"scope\">\n\n#text-box-443027035 {\n  width: 60%;\n}\n#text-box-443027035 .text {\n  font-size: 100%;\n}\n\n\n@media (min-width:550px) {\n\n  #text-box-443027035 {\n    width: 90%;\n  }\n\n}\n<\/style>\n    <\/div><!-- text-box -->\n \n        <\/div><!-- .banner-layers -->\n      <\/div><!-- .banner-inner -->\n\n            \n<style scope=\"scope\">\n\n#banner-1066989415 {\n  padding-top: 300px;\n}\n#banner-1066989415 .bg.bg-loaded {\n  background-image: url(https:\/\/museupelligualada.cat\/wp-content\/uploads\/IMG_3171.jpg);\n}\n#banner-1066989415 .overlay {\n  background-color: rgba(0,0,0,.5);\n}\n#banner-1066989415 .bg {\n  background-position: 54% 46%;\n}\n<\/style>\n  <\/div><!-- .banner -->\n\n\n<div class=\"gap-element\" style=\"display:block; height:auto; padding-top:60px\" class=\"clearfix\"><\/div>\n<div class=\"row\"  id=\"row-1997741087\">\n<div class=\"col medium-6 small-12 large-6\"  ><div class=\"col-inner\"  >\n<div class=\"row\"  id=\"row-767518055\">\n<div class=\"col medium-4 small-12 large-4\"  ><div class=\"col-inner\"  >\n\t<div class=\"img has-hover x md-x lg-x y md-y lg-y\" id=\"image_1912314119\">\n\t\t\t\t\t\t\t\t<div class=\"img-inner dark\" >\n\t\t\t<img loading=\"lazy\" decoding=\"async\" width=\"707\" height=\"1000\" src=\"https:\/\/museupelligualada.cat\/wp-content\/uploads\/Cal-Granotes-1.jpg\" class=\"attachment-large size-large\" alt=\"\" srcset=\"https:\/\/museupelligualada.cat\/wp-content\/uploads\/Cal-Granotes-1.jpg 707w, https:\/\/museupelligualada.cat\/wp-content\/uploads\/Cal-Granotes-1-240x340.jpg 240w, https:\/\/museupelligualada.cat\/wp-content\/uploads\/Cal-Granotes-1-566x800.jpg 566w\" sizes=\"auto, (max-width: 707px) 100vw, 707px\" \/>\t\t\t\t\t\t\n\t\t\t\t\t<\/div>\n\t\t\t\t\t\t\t\t\n<style scope=\"scope\">\n\n#image_1912314119 {\n  width: 100%;\n}\n<\/style>\n\t<\/div>\n\t\n<\/div><\/div>\n<div class=\"col medium-8 small-12 large-8\"  ><div class=\"col-inner\"  >\n<h4>\u201cCal Granotes\u201d. Une tannerie du XVIIIe si\u00e8cle<\/h4>\n<p>Publication correspondant \u00e0 l\u2019exposition permanente de la tannerie transform\u00e9e en mus\u00e9e en 1990, sur le tannage pr\u00e9-industriel et la maroquinerie ancienne. Textes, images historiques et photographies des objets expos\u00e9s les plus importants. En espagnol, catalan, anglais et allemand.<\/p>\n<\/div><\/div>\n<\/div>\n<\/div><\/div>\n<div class=\"col medium-6 small-12 large-6\"  ><div class=\"col-inner\"  >\n<div class=\"row\"  id=\"row-745584786\">\n<div class=\"col medium-4 small-12 large-4\"  ><div class=\"col-inner\"  >\n\t<div class=\"img has-hover x md-x lg-x y md-y lg-y\" id=\"image_891989043\">\n\t\t\t\t\t\t\t\t<div class=\"img-inner dark\" >\n\t\t\t<img loading=\"lazy\" decoding=\"async\" width=\"707\" height=\"1000\" src=\"https:\/\/museupelligualada.cat\/wp-content\/uploads\/Bombos-1.jpg\" class=\"attachment-large size-large\" alt=\"\" srcset=\"https:\/\/museupelligualada.cat\/wp-content\/uploads\/Bombos-1.jpg 707w, https:\/\/museupelligualada.cat\/wp-content\/uploads\/Bombos-1-240x340.jpg 240w, https:\/\/museupelligualada.cat\/wp-content\/uploads\/Bombos-1-566x800.jpg 566w\" sizes=\"auto, (max-width: 707px) 100vw, 707px\" \/>\t\t\t\t\t\t\n\t\t\t\t\t<\/div>\n\t\t\t\t\t\t\t\t\n<style scope=\"scope\">\n\n#image_891989043 {\n  width: 100%;\n}\n<\/style>\n\t<\/div>\n\t\n<\/div><\/div>\n<div class=\"col medium-8 small-12 large-8\"  ><div class=\"col-inner\"  >\n<h4>Mus\u00e9e du Cuir. Igualada. Des cuves aux tonneaux. L\u2019industrialisation du cuir<\/h4>\n<p>Publications sur \u201cLes cuves et les tonneaux\u201d et \u201cL\u2019industrialisation du cuir\u201d, correspondant \u00e0 l\u2019espace permanent du Mus\u00e9e du Cuir d\u2019Igualada, cr\u00e9\u00e9 en 1999. Textes, images historiques et photographies des objets expos\u00e9s les plus importants. En espagnol, catalan, anglais et allemand.<\/p>\n<\/div><\/div>\n<\/div>\n<\/div><\/div>\n<\/div>\n<div class=\"row\"  id=\"row-667852847\">\n<div class=\"col medium-6 small-12 large-6\"  ><div class=\"col-inner\"  >\n<div class=\"row\"  id=\"row-571127922\">\n<div class=\"col medium-4 small-12 large-4\"  ><div class=\"col-inner\"  >\n\t<div class=\"img has-hover x md-x lg-x y md-y lg-y\" id=\"image_1160368006\">\n\t\t\t\t\t\t\t\t<div class=\"img-inner dark\" >\n\t\t\t<img loading=\"lazy\" decoding=\"async\" width=\"707\" height=\"1000\" src=\"https:\/\/museupelligualada.cat\/wp-content\/uploads\/Museu-Pell-1.jpg\" class=\"attachment-large size-large\" alt=\"\" srcset=\"https:\/\/museupelligualada.cat\/wp-content\/uploads\/Museu-Pell-1.jpg 707w, https:\/\/museupelligualada.cat\/wp-content\/uploads\/Museu-Pell-1-240x340.jpg 240w, https:\/\/museupelligualada.cat\/wp-content\/uploads\/Museu-Pell-1-566x800.jpg 566w\" sizes=\"auto, (max-width: 707px) 100vw, 707px\" \/>\t\t\t\t\t\t\n\t\t\t\t\t<\/div>\n\t\t\t\t\t\t\t\t\n<style scope=\"scope\">\n\n#image_1160368006 {\n  width: 100%;\n}\n<\/style>\n\t<\/div>\n\t\n<\/div><\/div>\n<div class=\"col medium-8 small-12 large-8\"  ><div class=\"col-inner\"  >\n<h4>Mus\u00e9e du Cuir. Igualada<\/h4>\n<p>Publications sur \u201cLe cuir dans l\u2019Histoire\u201d et \u201cUn univers de cuir\u201d, correspondant \u00e0 l\u2019espace permanent du Mus\u00e9e du Cuir d\u2019Igualada, cr\u00e9\u00e9 en 1995. Textes, images historiques et photographies des objets expos\u00e9s les plus importants. En espagnol, catalan, anglais et allemand.<\/p>\n<\/div><\/div>\n<\/div>\n<\/div><\/div>\n<div class=\"col medium-6 small-12 large-6\"  ><div class=\"col-inner\"  >\n<div class=\"row\"  id=\"row-591765073\">\n<div class=\"col medium-4 small-12 large-4\"  ><div class=\"col-inner\"  >\n\t<div class=\"img has-hover x md-x lg-x y md-y lg-y\" id=\"image_253175900\">\n\t\t\t\t\t\t\t\t<div class=\"img-inner dark\" >\n\t\t\t<img loading=\"lazy\" decoding=\"async\" width=\"707\" height=\"1000\" src=\"https:\/\/museupelligualada.cat\/wp-content\/uploads\/Biodiversitat-pell-1.jpg\" class=\"attachment-large size-large\" alt=\"\" srcset=\"https:\/\/museupelligualada.cat\/wp-content\/uploads\/Biodiversitat-pell-1.jpg 707w, https:\/\/museupelligualada.cat\/wp-content\/uploads\/Biodiversitat-pell-1-240x340.jpg 240w, https:\/\/museupelligualada.cat\/wp-content\/uploads\/Biodiversitat-pell-1-566x800.jpg 566w\" sizes=\"auto, (max-width: 707px) 100vw, 707px\" \/>\t\t\t\t\t\t\n\t\t\t\t\t<\/div>\n\t\t\t\t\t\t\t\t\n<style scope=\"scope\">\n\n#image_253175900 {\n  width: 100%;\n}\n<\/style>\n\t<\/div>\n\t\n<\/div><\/div>\n<div class=\"col medium-8 small-12 large-8\"  ><div class=\"col-inner\"  >\n<h4>Le Cuir. Collection Biodiversit\u00e9 et Technodiversit\u00e9<\/h4>\n<p>Suivi de tout le processus de transformation du cuir, qui inclut son impact environnemental et le traitement des d\u00e9chets g\u00e9n\u00e9raux.<\/p>\n<\/div><\/div>\n<\/div>\n<\/div><\/div>\n<\/div>\n<div class=\"row\"  id=\"row-545740422\">\n<div class=\"col medium-6 small-12 large-6\"  ><div class=\"col-inner\"  >\n<div class=\"row\"  id=\"row-964917344\">\n<div class=\"col medium-4 small-12 large-4\"  ><div class=\"col-inner\"  >\n\t<div class=\"img has-hover x md-x lg-x y md-y lg-y\" id=\"image_744874261\">\n\t\t\t\t\t\t\t\t<div class=\"img-inner dark\" >\n\t\t\t<img loading=\"lazy\" decoding=\"async\" width=\"707\" height=\"1000\" src=\"https:\/\/museupelligualada.cat\/wp-content\/uploads\/Quadren-did\u00e0ctica-pell-1.jpg\" class=\"attachment-large size-large\" alt=\"\" srcset=\"https:\/\/museupelligualada.cat\/wp-content\/uploads\/Quadren-did\u00e0ctica-pell-1.jpg 707w, https:\/\/museupelligualada.cat\/wp-content\/uploads\/Quadren-did\u00e0ctica-pell-1-240x340.jpg 240w, https:\/\/museupelligualada.cat\/wp-content\/uploads\/Quadren-did\u00e0ctica-pell-1-566x800.jpg 566w\" sizes=\"auto, (max-width: 707px) 100vw, 707px\" \/>\t\t\t\t\t\t\n\t\t\t\t\t<\/div>\n\t\t\t\t\t\t\t\t\n<style scope=\"scope\">\n\n#image_744874261 {\n  width: 100%;\n}\n<\/style>\n\t<\/div>\n\t\n<\/div><\/div>\n<div class=\"col medium-8 small-12 large-8\"  ><div class=\"col-inner\"  >\n<h4>Le Mus\u00e9e du Cuir d\u2019Igualada. Cahier didactique et de diffusion<\/h4>\n<p>Cahier sur le tannage \u00e0 Igualada, du proc\u00e9d\u00e9 pr\u00e9-industriel \u00e0 l\u2019industrialisation.<\/p>\n<\/div><\/div>\n<\/div>\n<\/div><\/div>\n<div class=\"col medium-6 small-12 large-6\"  ><div class=\"col-inner\"  >\n<div class=\"row\"  id=\"row-2007279124\">\n<div class=\"col medium-4 small-12 large-4\"  ><div class=\"col-inner\"  >\n\t<div class=\"img has-hover x md-x lg-x y md-y lg-y\" id=\"image_1969177677\">\n\t\t\t\t\t\t\t\t<div class=\"img-inner dark\" >\n\t\t\t<img loading=\"lazy\" decoding=\"async\" width=\"778\" height=\"1000\" src=\"https:\/\/museupelligualada.cat\/wp-content\/uploads\/gremiblanquers-1.jpg\" class=\"attachment-large size-large\" alt=\"\" srcset=\"https:\/\/museupelligualada.cat\/wp-content\/uploads\/gremiblanquers-1.jpg 778w, https:\/\/museupelligualada.cat\/wp-content\/uploads\/gremiblanquers-1-265x340.jpg 265w, https:\/\/museupelligualada.cat\/wp-content\/uploads\/gremiblanquers-1-622x800.jpg 622w, https:\/\/museupelligualada.cat\/wp-content\/uploads\/gremiblanquers-1-768x987.jpg 768w\" sizes=\"auto, (max-width: 778px) 100vw, 778px\" \/>\t\t\t\t\t\t\n\t\t\t\t\t<\/div>\n\t\t\t\t\t\t\t\t\n<style scope=\"scope\">\n\n#image_1969177677 {\n  width: 100%;\n}\n<\/style>\n\t<\/div>\n\t\n<\/div><\/div>\n<div class=\"col medium-8 small-12 large-8\"  ><div class=\"col-inner\"  >\n<h4>Histoire de la Corporation des Tanneurs d\u2019Igualada<\/h4>\n<p>Publication \u00e9dit\u00e9e par la Corporation des Tanneurs d\u2019Igualada en 1997. Recueil historique des origines jusqu\u2019au XXe si\u00e8cle. Contient des documents, des photographies et un inventaire des tanneries et des entrep\u00f4ts de cuir d\u2019Igualada.<\/p>\n<\/div><\/div>\n<\/div>\n<\/div><\/div>\n<\/div>\n<div class=\"row\"  id=\"row-1890010595\">\n<div class=\"col medium-6 small-12 large-6\"  ><div class=\"col-inner\"  >\n<div class=\"row\"  id=\"row-1616053595\">\n<div class=\"col medium-4 small-12 large-4\"  ><div class=\"col-inner\"  >\n\t<div class=\"img has-hover x md-x lg-x y md-y lg-y\" id=\"image_416531350\">\n\t\t\t\t\t\t\t\t<div class=\"img-inner dark\" >\n\t\t\t<img loading=\"lazy\" decoding=\"async\" width=\"708\" height=\"1000\" src=\"https:\/\/museupelligualada.cat\/wp-content\/uploads\/oficisdepell-1.jpg\" class=\"attachment-large size-large\" alt=\"\" srcset=\"https:\/\/museupelligualada.cat\/wp-content\/uploads\/oficisdepell-1.jpg 708w, https:\/\/museupelligualada.cat\/wp-content\/uploads\/oficisdepell-1-241x340.jpg 241w, https:\/\/museupelligualada.cat\/wp-content\/uploads\/oficisdepell-1-566x800.jpg 566w\" sizes=\"auto, (max-width: 708px) 100vw, 708px\" \/>\t\t\t\t\t\t\n\t\t\t\t\t<\/div>\n\t\t\t\t\t\t\t\t\n<style scope=\"scope\">\n\n#image_416531350 {\n  width: 100%;\n}\n<\/style>\n\t<\/div>\n\t\n<\/div><\/div>\n<div class=\"col medium-8 small-12 large-8\"  ><div class=\"col-inner\"  >\n<h4>Les M\u00e9tiers du Cuir dans la Catalogne pr\u00e9-industrielle, par J. M. Torras i Rib\u00e9<\/h4>\n<p>Combine diff\u00e9rents aspects historiques, patrimoniaux et techniques du travail du cuir. Analyse la configuration g\u00e9ographique des m\u00e9tiers du cuir et \u00e9tudie le fonctionnement, l\u2019organisation et la typologie architectonique des tanneries.<\/p>\n<\/div><\/div>\n<\/div>\n<\/div><\/div>\n<div class=\"col medium-6 small-12 large-6\"  ><div class=\"col-inner\"  >\n<div class=\"row\"  id=\"row-2086344180\">\n<div class=\"col medium-4 small-12 large-4\"  ><div class=\"col-inner\"  >\n\t<div class=\"img has-hover x md-x lg-x y md-y lg-y\" id=\"image_1631221710\">\n\t\t\t\t\t\t\t\t<div class=\"img-inner dark\" >\n\t\t\t<img loading=\"lazy\" decoding=\"async\" width=\"704\" height=\"1000\" src=\"https:\/\/museupelligualada.cat\/wp-content\/uploads\/diccionari.jpg\" class=\"attachment-large size-large\" alt=\"\" srcset=\"https:\/\/museupelligualada.cat\/wp-content\/uploads\/diccionari.jpg 704w, https:\/\/museupelligualada.cat\/wp-content\/uploads\/diccionari-239x340.jpg 239w, https:\/\/museupelligualada.cat\/wp-content\/uploads\/diccionari-563x800.jpg 563w\" sizes=\"auto, (max-width: 704px) 100vw, 704px\" \/>\t\t\t\t\t\t\n\t\t\t\t\t<\/div>\n\t\t\t\t\t\t\t\t\n<style scope=\"scope\">\n\n#image_1631221710 {\n  width: 100%;\n}\n<\/style>\n\t<\/div>\n\t\n<\/div><\/div>\n<div class=\"col medium-8 small-12 large-8\"  ><div class=\"col-inner\"  >\n<h4>Dictionnaire de l\u2019industrie de la tannerie du cuir<\/h4>\n<p>Vocabulaire \u00e9dit\u00e9 en 1992. R\u00e9vision terminologique du centre de terminologie catalan TERMCAT. Inclut tous les termes relatifs au cuir, leur d\u00e9finition en catalan et l\u2019\u00e9quivalent en espagnol.<\/p>\n<\/div><\/div>\n<\/div>\n<\/div><\/div>\n\n<style scope=\"scope\">\n\n<\/style>\n<\/div>\n\n  <div class=\"banner has-hover\" id=\"banner-683799690\">\n          <div class=\"banner-inner fill\">\n        <div class=\"banner-bg fill\" >\n            <div class=\"bg fill bg-fill \"><\/div>\n                        <div class=\"overlay\"><\/div>            \n                    <\/div><!-- bg-layers -->\n        <div class=\"banner-layers container\">\n            <div class=\"fill banner-link\"><\/div>            \n        <\/div><!-- .banner-layers -->\n      <\/div><!-- .banner-inner -->\n\n            \n<style scope=\"scope\">\n\n#banner-683799690 {\n  padding-top: 100px;\n}\n#banner-683799690 .bg.bg-loaded {\n  background-image: url(https:\/\/museupelligualada.cat\/wp-content\/uploads\/IMG_3171.jpg);\n}\n#banner-683799690 .overlay {\n  background-color: rgba(255,255,255,.5);\n}\n#banner-683799690 .bg {\n  background-position: 34% 34%;\n}\n<\/style>\n  <\/div><!-- .banner -->\n\n\n<div class=\"gap-element\" style=\"display:block; height:auto; padding-top:60px\" class=\"clearfix\"><\/div>\n<h2 id=\"lloguer\" class=\"thin-font\" style=\"text-align: center;\">Cession et location d\u2019espaces<\/h2>\n<h6 style=\"text-align: center;\">Accueil &gt; Le Mus\u00e9e &gt; Location d\u2019espaces<\/h6>\n<div class=\"gap-element\" style=\"display:block; height:auto; padding-top:60px\" class=\"clearfix\"><\/div>\n\n  <div class=\"banner has-hover\" id=\"banner-249091352\">\n          <div class=\"banner-inner fill\">\n        <div class=\"banner-bg fill\" >\n            <div class=\"bg fill bg-fill \"><\/div>\n                        <div class=\"overlay\"><\/div>            \n                    <\/div><!-- bg-layers -->\n        <div class=\"banner-layers container\">\n            <div class=\"fill banner-link\"><\/div>            \n   <div id=\"text-box-983853205\" class=\"text-box banner-layer x50 md-x50 lg-x50 y50 md-y50 lg-y50 res-text\">\n                                <div class=\"text dark\">\n              \n              <div class=\"text-inner text-center\">\n                  \n<p style=\"text-align: left;\"><strong><span style=\"font-size: 130%;\">Le Mus\u00e9e dispose de nombreux espaces privil\u00e9gi\u00e9s qui peuvent \u00eatre mis \u00e0 disposition d\u2019entit\u00e9s et d\u2019entreprises pour la tenue d\u2019\u00e9v\u00e9nements culturels, sociaux ou \u00e9ducatifs (conf\u00e9rences, r\u00e9unions, symposiums, concerts, etc.) ou commerciaux (pr\u00e9sentation de produit, tournage de film, de spot publicitaires, session photo, etc.).<\/span><\/strong><\/p>\n              <\/div>\n           <\/div><!-- text-box-inner -->\n                            \n<style scope=\"scope\">\n\n#text-box-983853205 {\n  width: 90%;\n}\n#text-box-983853205 .text {\n  font-size: 100%;\n}\n<\/style>\n    <\/div><!-- text-box -->\n \n        <\/div><!-- .banner-layers -->\n      <\/div><!-- .banner-inner -->\n\n            \n<style scope=\"scope\">\n\n#banner-249091352 {\n  padding-top: 300px;\n}\n#banner-249091352 .bg.bg-loaded {\n  background-image: url(https:\/\/museupelligualada.cat\/wp-content\/uploads\/Museu-Pell-exterior-fulles.jpg);\n}\n#banner-249091352 .overlay {\n  background-color: rgba(8, 7, 7, 0.53);\n}\n#banner-249091352 .bg {\n  background-position: 17% 16%;\n}\n<\/style>\n  <\/div><!-- .banner -->\n\n\n<div class=\"gap-element\" style=\"display:block; height:auto; padding-top:30px\" class=\"clearfix\"><\/div>\n<div class=\"row\"  id=\"row-867450274\">\n<div class=\"col medium-1\/1 large-12\"  ><div class=\"col-inner\"  >\n<p>Tous les espaces sont accessibles pour les personnes \u00e0 mobilit\u00e9 r\u00e9duite. Avant de r\u00e9server, consulter la disponibilit\u00e9 par t\u00e9l\u00e9phone (+34 938 04 67 52) ou par courriel (m.igualada@diba.cat), puis remplir le formulaire correspondant.<br \/>Votre \u00e9v\u00e9nements peut \u00eatre compl\u00e9t\u00e9 par des visites priv\u00e9es exclusives, en dehors de l\u2019horaire habituel, des salles et des espaces g\u00e9r\u00e9s par le Mus\u00e9e : la tannerie de Cal Granotes, l\u2019Igualadina Algodonera, le gazog\u00e8ne de Cal Pasqual, l\u2019\u00e9glise de Sant Jaume Sesoliveres et la Villa Romaine de l\u2019Espelt.<\/p>\n<div class=\"slider-wrapper relative \" id=\"slider-464863072\" >\n    <div class=\"slider slider-nav-circle slider-nav-large slider-nav-light slider-style-normal\"\n        data-flickity-options='{\n            \"cellAlign\": \"center\",\n            \"imagesLoaded\": true,\n            \"lazyLoad\": 1,\n            \"freeScroll\": false,\n            \"wrapAround\": true,\n            \"autoPlay\": 6000,\n            \"pauseAutoPlayOnHover\" : true,\n            \"prevNextButtons\": true,\n            \"contain\" : true,\n            \"adaptiveHeight\" : true,\n            \"dragThreshold\" : 5,\n            \"percentPosition\": true,\n            \"pageDots\": true,\n            \"rightToLeft\": false,\n            \"draggable\": true,\n            \"selectedAttraction\": 0.1,\n            \"parallax\" : 0,\n            \"friction\": 0.6        }'\n        >\n        \n\n  <div class=\"banner has-hover\" id=\"banner-836016849\">\n          <div class=\"banner-inner fill\">\n        <div class=\"banner-bg fill\" >\n            <div class=\"bg fill bg-fill \"><\/div>\n                        <div class=\"overlay\"><\/div>            \n                    <\/div><!-- bg-layers -->\n        <div class=\"banner-layers container\">\n            <a href=\"#pati-moli\"  class=\"fill\"><div class=\"fill banner-link\"><\/div><\/a>            \n   <div id=\"text-box-1907616957\" class=\"text-box banner-layer x5 md-x5 lg-x5 y15 md-y15 lg-y15 res-text\">\n                                <div class=\"text dark\">\n              \n              <div class=\"text-inner text-center\">\n                  \n<p>\u00a0<\/p>\n<h3 class=\"uppercase\">COUR DU MOULIN \u00c0 \u00c9CORCE DE CAL GRANOTES<\/h3>\n<a href=\"#pati-moli\" target=\"_self\" class=\"button secondary is-small lowercase\"  >\n    <span>Plus d'information<\/span>\n  <\/a>\n\n              <\/div>\n           <\/div><!-- text-box-inner -->\n                            \n<style scope=\"scope\">\n\n#text-box-1907616957 {\n  width: 60%;\n}\n#text-box-1907616957 .text {\n  font-size: 100%;\n}\n\n\n@media (min-width:550px) {\n\n  #text-box-1907616957 {\n    width: 40%;\n  }\n\n}\n<\/style>\n    <\/div><!-- text-box -->\n \n        <\/div><!-- .banner-layers -->\n      <\/div><!-- .banner-inner -->\n\n            \n<style scope=\"scope\">\n\n#banner-836016849 {\n  padding-top: 500px;\n}\n#banner-836016849 .bg.bg-loaded {\n  background-image: url(https:\/\/museupelligualada.cat\/wp-content\/uploads\/Museu-Pell-pati-Cal-Granotes.jpg);\n}\n#banner-836016849 .overlay {\n  background-color: rgba(0, 0, 0, 0.44);\n}\n#banner-836016849 .bg {\n  background-position: 0% 0%;\n}\n<\/style>\n  <\/div><!-- .banner -->\n\n\n\n  <div class=\"banner has-hover\" id=\"banner-446057212\">\n          <div class=\"banner-inner fill\">\n        <div class=\"banner-bg fill\" >\n            <div class=\"bg fill bg-fill \"><\/div>\n                        <div class=\"overlay\"><\/div>            \n                    <\/div><!-- bg-layers -->\n        <div class=\"banner-layers container\">\n            <div class=\"fill banner-link\"><\/div>            \n   <div id=\"text-box-471035575\" class=\"text-box banner-layer x5 md-x5 lg-x5 y15 md-y15 lg-y15 res-text\">\n                                <div class=\"text dark\">\n              \n              <div class=\"text-inner text-center\">\n                  \n<p>\u00a0<\/p>\n<h3 class=\"uppercase\">ENCAVALLADES DE CAL BOYER<\/h3>\n<a href=\"#encavallades\" target=\"_self\" class=\"button secondary is-small lowercase\"  >\n    <span>Plus d'information<\/span>\n  <\/a>\n\n              <\/div>\n           <\/div><!-- text-box-inner -->\n                            \n<style scope=\"scope\">\n\n#text-box-471035575 {\n  width: 60%;\n}\n#text-box-471035575 .text {\n  font-size: 100%;\n}\n\n\n@media (min-width:550px) {\n\n  #text-box-471035575 {\n    width: 40%;\n  }\n\n}\n<\/style>\n    <\/div><!-- text-box -->\n \n        <\/div><!-- .banner-layers -->\n      <\/div><!-- .banner-inner -->\n\n            \n<style scope=\"scope\">\n\n#banner-446057212 {\n  padding-top: 500px;\n}\n#banner-446057212 .bg.bg-loaded {\n  background-image: url(https:\/\/museupelligualada.cat\/wp-content\/uploads\/encavallades-1600x1081.jpg);\n}\n#banner-446057212 .overlay {\n  background-color: rgba(0, 0, 0, 0.44);\n}\n#banner-446057212 .bg {\n  background-position: 46% 57%;\n}\n<\/style>\n  <\/div><!-- .banner -->\n\n\n\n  <div class=\"banner has-hover\" id=\"banner-1521332279\">\n          <div class=\"banner-inner fill\">\n        <div class=\"banner-bg fill\" >\n            <div class=\"bg fill bg-fill \"><\/div>\n                        <div class=\"overlay\"><\/div>            \n                    <\/div><!-- bg-layers -->\n        <div class=\"banner-layers container\">\n            <div class=\"fill banner-link\"><\/div>            \n   <div id=\"text-box-1507037754\" class=\"text-box banner-layer x5 md-x5 lg-x5 y15 md-y15 lg-y15 res-text\">\n                                <div class=\"text dark\">\n              \n              <div class=\"text-inner text-center\">\n                  \n<h3 class=\"uppercase\">COUR DE CAL BOYER<\/h3>\n<a href=\"#pati-boyer\" target=\"_self\" class=\"button secondary is-small lowercase\"  >\n    <span>Plus d'information<\/span>\n  <\/a>\n\n              <\/div>\n           <\/div><!-- text-box-inner -->\n                            \n<style scope=\"scope\">\n\n#text-box-1507037754 {\n  width: 60%;\n}\n#text-box-1507037754 .text {\n  font-size: 100%;\n}\n\n\n@media (min-width:550px) {\n\n  #text-box-1507037754 {\n    width: 40%;\n  }\n\n}\n<\/style>\n    <\/div><!-- text-box -->\n \n        <\/div><!-- .banner-layers -->\n      <\/div><!-- .banner-inner -->\n\n            \n<style scope=\"scope\">\n\n#banner-1521332279 {\n  padding-top: 500px;\n}\n#banner-1521332279 .bg.bg-loaded {\n  background-image: url(https:\/\/museupelligualada.cat\/wp-content\/uploads\/Museu0006-1600x1095.jpg);\n}\n#banner-1521332279 .overlay {\n  background-color: rgba(0, 0, 0, 0.44);\n}\n#banner-1521332279 .bg {\n  background-position: 23% 31%;\n}\n<\/style>\n  <\/div><!-- .banner -->\n\n\n\n  <div class=\"banner has-hover\" id=\"banner-1331904132\">\n          <div class=\"banner-inner fill\">\n        <div class=\"banner-bg fill\" >\n            <div class=\"bg fill bg-fill \"><\/div>\n                        <div class=\"overlay\"><\/div>            \n                    <\/div><!-- bg-layers -->\n        <div class=\"banner-layers container\">\n            <a href=\"#espai-cub\"  class=\"fill\"><div class=\"fill banner-link\"><\/div><\/a>            \n   <div id=\"text-box-2071474177\" class=\"text-box banner-layer x5 md-x5 lg-x5 y15 md-y15 lg-y15 res-text\">\n                                <div class=\"text dark\">\n              \n              <div class=\"text-inner text-center\">\n                  \n<p>\u00a0<\/p>\n<h3 class=\"uppercase\">EspaCE CUB<\/h3>\n<a href=\"#espai-cub\" target=\"_self\" class=\"button secondary is-small lowercase\"  >\n    <span>Plus d'information<\/span>\n  <\/a>\n\n              <\/div>\n           <\/div><!-- text-box-inner -->\n                            \n<style scope=\"scope\">\n\n#text-box-2071474177 {\n  width: 60%;\n}\n#text-box-2071474177 .text {\n  font-size: 100%;\n}\n\n\n@media (min-width:550px) {\n\n  #text-box-2071474177 {\n    width: 40%;\n  }\n\n}\n<\/style>\n    <\/div><!-- text-box -->\n \n        <\/div><!-- .banner-layers -->\n      <\/div><!-- .banner-inner -->\n\n            \n<style scope=\"scope\">\n\n#banner-1331904132 {\n  padding-top: 500px;\n}\n#banner-1331904132 .bg.bg-loaded {\n  background-image: url(https:\/\/museupelligualada.cat\/wp-content\/uploads\/Espai-cub-1600x1200.jpg);\n}\n#banner-1331904132 .overlay {\n  background-color: rgba(0, 0, 0, 0.44);\n}\n#banner-1331904132 .bg {\n  background-position: 44% 82%;\n}\n<\/style>\n  <\/div><!-- .banner -->\n\n\n\n  <div class=\"banner has-hover\" id=\"banner-268704972\">\n          <div class=\"banner-inner fill\">\n        <div class=\"banner-bg fill\" >\n            <div class=\"bg fill bg-fill \"><\/div>\n                        <div class=\"overlay\"><\/div>            \n                    <\/div><!-- bg-layers -->\n        <div class=\"banner-layers container\">\n            <div class=\"fill banner-link\"><\/div>            \n   <div id=\"text-box-1513762752\" class=\"text-box banner-layer x5 md-x5 lg-x5 y15 md-y15 lg-y15 res-text\">\n                                <div class=\"text dark\">\n              \n              <div class=\"text-inner text-center\">\n                  \n<p>\u00a0<\/p>\n<h3 class=\"uppercase\">auditoriUM<\/h3>\n<a href=\"#auditori\" target=\"_self\" class=\"button secondary is-small lowercase\"  >\n    <span>Plus d'information<\/span>\n  <\/a>\n\n              <\/div>\n           <\/div><!-- text-box-inner -->\n                            \n<style scope=\"scope\">\n\n#text-box-1513762752 {\n  width: 60%;\n}\n#text-box-1513762752 .text {\n  font-size: 100%;\n}\n\n\n@media (min-width:550px) {\n\n  #text-box-1513762752 {\n    width: 40%;\n  }\n\n}\n<\/style>\n    <\/div><!-- text-box -->\n \n        <\/div><!-- .banner-layers -->\n      <\/div><!-- .banner-inner -->\n\n            \n<style scope=\"scope\">\n\n#banner-268704972 {\n  padding-top: 500px;\n}\n#banner-268704972 .bg.bg-loaded {\n  background-image: url(https:\/\/museupelligualada.cat\/wp-content\/uploads\/180610-19.jpg);\n}\n#banner-268704972 .overlay {\n  background-color: rgba(0, 0, 0, 0.44);\n}\n#banner-268704972 .bg {\n  background-position: 62% 69%;\n}\n<\/style>\n  <\/div><!-- .banner -->\n\n\n\n  <div class=\"banner has-hover\" id=\"banner-1478945726\">\n          <div class=\"banner-inner fill\">\n        <div class=\"banner-bg fill\" >\n            <div class=\"bg fill bg-fill \"><\/div>\n                        <div class=\"overlay\"><\/div>            \n                    <\/div><!-- bg-layers -->\n        <div class=\"banner-layers container\">\n            <div class=\"fill banner-link\"><\/div>            \n   <div id=\"text-box-1676911196\" class=\"text-box banner-layer x5 md-x5 lg-x5 y15 md-y15 lg-y15 res-text\">\n                                <div class=\"text dark\">\n              \n              <div class=\"text-inner text-center\">\n                  \n<p>\u00a0<\/p>\n<h3 class=\"uppercase\">SALLE D\u2019EXPOSITIONS TEMPORAIRES<\/h3>\n<a href=\"#sala-exposicions\" target=\"_self\" class=\"button secondary is-small lowercase\"  >\n    <span>Plus d'information<\/span>\n  <\/a>\n\n              <\/div>\n           <\/div><!-- text-box-inner -->\n                            \n<style scope=\"scope\">\n\n#text-box-1676911196 {\n  width: 60%;\n}\n#text-box-1676911196 .text {\n  font-size: 100%;\n}\n\n\n@media (min-width:550px) {\n\n  #text-box-1676911196 {\n    width: 40%;\n  }\n\n}\n<\/style>\n    <\/div><!-- text-box -->\n \n        <\/div><!-- .banner-layers -->\n      <\/div><!-- .banner-inner -->\n\n            \n<style scope=\"scope\">\n\n#banner-1478945726 {\n  padding-top: 500px;\n}\n#banner-1478945726 .bg.bg-loaded {\n  background-image: url(https:\/\/museupelligualada.cat\/wp-content\/uploads\/Museu-Pell-exposicions-2.jpg);\n}\n#banner-1478945726 .overlay {\n  background-color: rgba(0, 0, 0, 0.44);\n}\n#banner-1478945726 .bg {\n  background-position: 62% 69%;\n}\n<\/style>\n  <\/div><!-- .banner -->\n\n\n\n  <div class=\"banner has-hover\" id=\"banner-1430647108\">\n          <div class=\"banner-inner fill\">\n        <div class=\"banner-bg fill\" >\n            <div class=\"bg fill bg-fill \"><\/div>\n                        <div class=\"overlay\"><\/div>            \n                    <\/div><!-- bg-layers -->\n        <div class=\"banner-layers container\">\n            <div class=\"fill banner-link\"><\/div>            \n   <div id=\"text-box-1849941385\" class=\"text-box banner-layer x5 md-x5 lg-x5 y15 md-y15 lg-y15 res-text\">\n                                <div class=\"text dark\">\n              \n              <div class=\"text-inner text-center\">\n                  \n<p>\u00a0<\/p>\n<h3 class=\"uppercase\">ESPACE ATELIER<\/h3>\n<a href=\"#espai-taller\" target=\"_self\" class=\"button secondary is-small lowercase\"  >\n    <span>Plus d'information<\/span>\n  <\/a>\n\n              <\/div>\n           <\/div><!-- text-box-inner -->\n                            \n<style scope=\"scope\">\n\n#text-box-1849941385 {\n  width: 60%;\n}\n#text-box-1849941385 .text {\n  font-size: 100%;\n}\n\n\n@media (min-width:550px) {\n\n  #text-box-1849941385 {\n    width: 40%;\n  }\n\n}\n<\/style>\n    <\/div><!-- text-box -->\n \n        <\/div><!-- .banner-layers -->\n      <\/div><!-- .banner-inner -->\n\n            \n<style scope=\"scope\">\n\n#banner-1430647108 {\n  padding-top: 500px;\n}\n#banner-1430647108 .bg.bg-loaded {\n  background-image: url(https:\/\/museupelligualada.cat\/wp-content\/uploads\/180610-93.jpg);\n}\n#banner-1430647108 .overlay {\n  background-color: rgba(0, 0, 0, 0.44);\n}\n<\/style>\n  <\/div><!-- .banner -->\n\n\n\n  <div class=\"banner has-hover\" id=\"banner-145496200\">\n          <div class=\"banner-inner fill\">\n        <div class=\"banner-bg fill\" >\n            <div class=\"bg fill bg-fill \"><\/div>\n                        <div class=\"overlay\"><\/div>            \n                    <\/div><!-- bg-layers -->\n        <div class=\"banner-layers container\">\n            <div class=\"fill banner-link\"><\/div>            \n   <div id=\"text-box-1626119622\" class=\"text-box banner-layer x5 md-x5 lg-x5 y15 md-y15 lg-y15 res-text\">\n                                <div class=\"text dark\">\n              \n              <div class=\"text-inner text-center\">\n                  \n<p>Espais privilegiats del Museu<\/p>\n<h3 class=\"uppercase\">vestibule du cal boyer<\/h3>\n<a href=\"#vestibul\" target=\"_self\" class=\"button secondary is-small lowercase\"  >\n    <span>Plus d'information<\/span>\n  <\/a>\n\n              <\/div>\n           <\/div><!-- text-box-inner -->\n                            \n<style scope=\"scope\">\n\n#text-box-1626119622 {\n  width: 60%;\n}\n#text-box-1626119622 .text {\n  font-size: 100%;\n}\n\n\n@media (min-width:550px) {\n\n  #text-box-1626119622 {\n    width: 40%;\n  }\n\n}\n<\/style>\n    <\/div><!-- text-box -->\n \n        <\/div><!-- .banner-layers -->\n      <\/div><!-- .banner-inner -->\n\n            \n<style scope=\"scope\">\n\n#banner-145496200 {\n  padding-top: 500px;\n}\n#banner-145496200 .bg.bg-loaded {\n  background-image: url(https:\/\/museupelligualada.cat\/wp-content\/uploads\/180610-35.jpg);\n}\n#banner-145496200 .overlay {\n  background-color: rgba(0, 0, 0, 0.44);\n}\n<\/style>\n  <\/div><!-- .banner -->\n\n\n     <\/div>\n\n     <div class=\"loading-spin dark large centered\"><\/div>\n\n     <style scope=\"scope\">\n             <\/style>\n<\/div><!-- .ux-slider-wrapper -->\n\n\n<div id=\"vestibul\"\n    class=\"lightbox-by-id lightbox-content mfp-hide lightbox-white \"\n    style=\"max-width:60% ;padding:50px\">\n    \n<h4>VESTIBULE.<\/h4>\n<p>Situ\u00e9 \u00e0 l\u2019entr\u00e9e du mus\u00e9e, cette salle a une surface totale de 144 m2 et une capacit\u00e9 de 72 personnes. C\u2019est un espace adapt\u00e9 aux r\u00e9ceptions. \u00c9clairage naturel et acc\u00e8s \u00e0 la cour. Dispose de deux chambres froides et d\u2019une machine \u00e0 boissons chaudes. Wifi gratuit.<\/p>\n<\/div>\n\n\n<div id=\"pati-moli\"\n    class=\"lightbox-by-id lightbox-content mfp-hide lightbox-white \"\n    style=\"max-width:60% ;padding:50px\">\n    \n<h4>COUR DU MOULIN \u00c0 \u00c9CORCE DE CAL GRANOTES<\/h4>\n<p>C\u2019est la cour qui donne acc\u00e8s \u00e0 la tannerie de Cal Granotes. On y trouve un moulin \u00e0 \u00e9corce et un banc de pierre \u00e0 l\u2019un des extr\u00eames. Elle peut \u00eatre \u00e9quip\u00e9e pour des activit\u00e9s ext\u00e9rieures qui ne demandent pas beaucoup d\u2019espace ou pour des repas ou des concerts et spectacles de format r\u00e9duit. Surface de 112 m2 et capacit\u00e9 de 100 personnes.<\/p>\n<\/div>\n\n\n<div id=\"espai-taller\"\n    class=\"lightbox-by-id lightbox-content mfp-hide lightbox-white \"\n    style=\"max-width:60% ;padding:50px\">\n    \n<h4>ESPACE ATELIER<\/h4>\n<p>Au premier \u00e9tage du Mus\u00e9e. Une surface de 54 m2, une capacit\u00e9 de 27 places assises et des tables pr\u00e9par\u00e9es pour travailler le cuir ou r\u00e9aliser d\u2019autres activit\u00e9s manuelles, ateliers et formations en g\u00e9n\u00e9ral. Point d\u2019eau et plan de travail fixe. Possibilit\u00e9 de tableau-chevalet \u00e0 papier. Wifi gratuit.<\/p>\n<\/div>\n\n\n<div id=\"sala-exposicions\"\n    class=\"lightbox-by-id lightbox-content mfp-hide lightbox-white \"\n    style=\"max-width:60% ;padding:50px\">\n    \n<h4>SALLE D\u2019EXPOSITIONS TEMPORAIRES<\/h4>\n<p>Espace ample et r\u00e9gulier de 180 m2 situ\u00e9 au rez-de-chauss\u00e9e du Mus\u00e9e, avec acc\u00e8s au vestibule. Capacit\u00e9 de 112 personnes. \u00c9quip\u00e9 pour tous type d\u2019expositions, cet espace peut aussi \u00eatre utilis\u00e9 comme salle polyvalente pour toutes sortes d\u2019\u00e9v\u00e9nements. Possibilit\u00e9 de moduler l\u2019espace avec deux parois mobiles. \u00c9clairage artificiel. Wifi gratuit. M\u00e9gaphone portable.<\/p>\n<\/div>\n\n\n<div id=\"encavallades\"\n    class=\"lightbox-by-id lightbox-content mfp-hide lightbox-white \"\n    style=\"max-width:60% ;padding:50px\">\n    \n<h4>ENCAVALLADES DE CAL BOYER<\/h4>\n<p>Situ\u00e9e au premier \u00e9tage du mus\u00e9e, avec un splendide treillis de bois (encavallades) au plafond, cette salle a une surface de 769 m2. Il s\u2019agit d\u2019un espace ad\u00e9quat pour des \u00e9v\u00e9nements de grand format, des tournages et des sessions photographiques. Capacit\u00e9 de 270 personnes. \u00c9clairage naturel et artificiel. Monte-charge avec acc\u00e8s \u00e0 la cour et ascenseur avec acc\u00e8s au vestibule. Salle non climatis\u00e9e. Wifi gratuit.<\/p>\n<\/div>\n\n\n<div id=\"pati-boyer\"\n    class=\"lightbox-by-id lightbox-content mfp-hide lightbox-white \"\n    style=\"max-width:60% ;padding:50px\">\n    \n<h4>COUR DE CAL BOYER<\/h4>\n<p>La cour longe la fa\u00e7ade principale (ouest) et la fa\u00e7ade sud du b\u00e2timent. En \u00e9t\u00e9, la zone ouest offre un abri \u00e0 l\u2019ombre des micocouliers. Une grande rampe donne acc\u00e8s \u00e0 la cour depuis la rue. La cour dispose de gradins, de bancs, de poubelles, d\u2019une fontaine d\u2019eau potable et de WC. Elle peut \u00eatre \u00e9quip\u00e9e pour des salons, des matin\u00e9es ou des journ\u00e9es, des repas, des concerts ou toutes sortes de spectacles. Sa surface totale est de 1 190 m2 et sa capacit\u00e9 de 600 personnes. Trois points de connexion \u00e9lectrique et un point d\u2019eau.<br \/>Une cour de service, situ\u00e9e derri\u00e8re la chemin\u00e9e, entre les deux b\u00e2timents, peut \u00eatre utilis\u00e9e comme espace annexe. Acc\u00e8s au vestibule. Surface de 140 m2 et capacit\u00e9 de 75 personnes.<\/p>\n<\/div>\n\n\n<div id=\"espai-cub\"\n    class=\"lightbox-by-id lightbox-content mfp-hide lightbox-white \"\n    style=\"max-width:60% ;padding:50px\">\n    \n<h4>ESPACE CUB<\/h4>\n<p>Situ\u00e9 au premier \u00e9tage du mus\u00e9e, dans la halle des Encavallades. Espace p\u00e9rim\u00e9tral de 50 m\u00e8tres lin\u00e9aires pour des expositions temporaires. \u00c9clairage naturel ou artificiel.<\/p>\n<\/div>\n\n\n<div id=\"auditori\"\n    class=\"lightbox-by-id lightbox-content mfp-hide lightbox-white \"\n    style=\"max-width:60% ;padding:50px\">\n    \n<h4>AUDITORIUM<\/h4>\n<p>L\u2019auditorium se trouve au rez-de-chauss\u00e9e. Il dispose de 154 fauteuils, d\u2019une estrade, une table et un pupitre pour les conf\u00e9renciers. Il est pr\u00e9vu pour accueillir des conf\u00e9rences, des journ\u00e9es, des projections et des pr\u00e9sentations multim\u00e9dia. Connexion \u00e0 l\u2019Internet c\u00e2bl\u00e9e et wifi gratuit. Salle climatis\u00e9e. Son st\u00e9r\u00e9o et \u00e9quipement son (un micro debout, deux micros de table et deux micros sans fil). \u00c9quipement image incluant la projection de syst\u00e8mes DVD et PC. \u00c9cran r\u00e9tractile. Cabine de projection avec table professionnelle de 10 canaux.<\/p>\n<\/div>\n\n\n<div class=\"gap-element\" style=\"display:block; height:auto; padding-top:30px\" class=\"clearfix\"><\/div>\n<div class=\"gap-element\" style=\"display:block; height:auto; padding-top:0px\" class=\"clearfix\"><\/div>\n<\/div><\/div>\n<\/div>\n\n  <div class=\"banner has-hover\" id=\"banner-523391107\">\n          <div class=\"banner-inner fill\">\n        <div class=\"banner-bg fill\" >\n            <div class=\"bg fill bg-fill \"><\/div>\n                        <div class=\"overlay\"><\/div>            \n                    <\/div><!-- bg-layers -->\n        <div class=\"banner-layers container\">\n            <div class=\"fill banner-link\"><\/div>            \n        <\/div><!-- .banner-layers -->\n      <\/div><!-- .banner-inner -->\n\n            \n<style scope=\"scope\">\n\n#banner-523391107 {\n  padding-top: 100px;\n}\n#banner-523391107 .bg.bg-loaded {\n  background-image: url(https:\/\/museupelligualada.cat\/wp-content\/uploads\/Museu-Pell-exterior-fulles.jpg);\n}\n#banner-523391107 .overlay {\n  background-color: rgba(255,255,255,.5);\n}\n#banner-523391107 .bg {\n  background-position: 22% 17%;\n}\n<\/style>\n  <\/div><!-- .banner -->\n\n\n<div class=\"gap-element\" style=\"display:block; height:auto; padding-top:60px\" class=\"clearfix\"><\/div>\n<h2 id=\"xarxa\" class=\"thin-font\" style=\"text-align: center;\">Un Mus\u00e9e en r\u00e9seau<\/h2>\n<h6 style=\"text-align: center;\">Accueil &gt; Le Mus\u00e9e &gt; Un Mus\u00e9e en r\u00e9seau<\/h6>\n<div class=\"gap-element\" style=\"display:block; height:auto; padding-top:60px\" class=\"clearfix\"><\/div>\n\n  <div class=\"banner has-hover\" id=\"banner-719999065\">\n          <div class=\"banner-inner fill\">\n        <div class=\"banner-bg fill\" >\n            <div class=\"bg fill bg-fill \"><\/div>\n                        <div class=\"overlay\"><\/div>            \n                    <\/div><!-- bg-layers -->\n        <div class=\"banner-layers container\">\n            <div class=\"fill banner-link\"><\/div>            \n   <div id=\"text-box-1430621452\" class=\"text-box banner-layer x50 md-x50 lg-x50 y50 md-y50 lg-y50 res-text\">\n                                <div class=\"text dark\">\n              \n              <div class=\"text-inner text-center\">\n                  \n<p style=\"text-align: left;\"><strong><span style=\"font-size: 130%;\">Le Mus\u00e9e du Cuir fait partie de diff\u00e9rents r\u00e9seaux de mus\u00e9es, aussi bien th\u00e9matiques que territoriaux, au sein du Syst\u00e8me de Mus\u00e9es de Catalogne. Le Mus\u00e9e fait aussi partie du Leather Cluster Barcelona, dont le si\u00e8ge est \u00e0 Igualada. <\/span><\/strong><\/p>\n              <\/div>\n           <\/div><!-- text-box-inner -->\n                            \n<style scope=\"scope\">\n\n#text-box-1430621452 {\n  width: 90%;\n}\n#text-box-1430621452 .text {\n  font-size: 100%;\n}\n<\/style>\n    <\/div><!-- text-box -->\n \n        <\/div><!-- .banner-layers -->\n      <\/div><!-- .banner-inner -->\n\n            \n<style scope=\"scope\">\n\n#banner-719999065 {\n  padding-top: 300px;\n}\n#banner-719999065 .bg.bg-loaded {\n  background-image: url(https:\/\/museupelligualada.cat\/wp-content\/uploads\/Museu-Pell-encavallades-1.jpg);\n}\n#banner-719999065 .overlay {\n  background-color: rgba(8, 7, 7, 0.53);\n}\n#banner-719999065 .bg {\n  background-position: 52% 82%;\n}\n<\/style>\n  <\/div><!-- .banner -->\n\n\n<div class=\"gap-element\" style=\"display:block; height:auto; padding-top:60px\" class=\"clearfix\"><\/div>\n<div class=\"row\"  id=\"row-1932532248\">\n<div class=\"col medium-1\/1 large-12\"  ><div class=\"col-inner\"  >\n<p><strong>Syst\u00e8me Territorial du Mus\u00e9e de la Science et de la Technique de Catalogne<br \/><\/strong><a href=\"http:\/\/sistema.mnactec.cat\/\"><strong>http:\/\/sistema.mnactec.cat\/<\/strong><\/a><\/p>\n<p><strong>R\u00e9seau des Mus\u00e9es Locaux<br \/><\/strong><a href=\"http:\/\/www.diba.cat\/web\/opc\/default_xml\/\"><strong>http:\/\/www.diba.cat\/web\/opc\/default_xml\/<\/strong><\/a><\/p>\n<p><strong>R\u00e9seau de Tourisme Industriel de Catalogne<br \/><\/strong><a href=\"http:\/\/www.xatic.cat\/\"><strong>http:\/\/www.xatic.cat<\/strong><\/a><\/p>\n<p><strong>Leather Cluster Barcelona<br \/><\/strong><a href=\"https:\/\/leatherbarcelona.com\/\"><strong>https:\/\/leatherbarcelona.com\/<\/strong><\/a><\/p>\n<div class=\"gap-element\" style=\"display:block; height:auto; padding-top:0px\" class=\"clearfix\"><\/div>\n<\/div><\/div>\n<\/div>\n\n  <div class=\"banner has-hover\" id=\"banner-1506950067\">\n          <div class=\"banner-inner fill\">\n        <div class=\"banner-bg fill\" >\n            <div class=\"bg fill bg-fill \"><\/div>\n                        <div class=\"overlay\"><\/div>            \n                    <\/div><!-- bg-layers -->\n        <div class=\"banner-layers container\">\n            <div class=\"fill banner-link\"><\/div>            \n        <\/div><!-- .banner-layers -->\n      <\/div><!-- .banner-inner -->\n\n            \n<style scope=\"scope\">\n\n#banner-1506950067 {\n  padding-top: 100px;\n}\n#banner-1506950067 .bg.bg-loaded {\n  background-image: url(https:\/\/museupelligualada.cat\/wp-content\/uploads\/Museu-Pell-encavallades-1.jpg);\n}\n#banner-1506950067 .overlay {\n  background-color: rgba(255,255,255,.5);\n}\n#banner-1506950067 .bg {\n  background-position: 22% 79%;\n}\n<\/style>\n  <\/div><!-- .banner -->\n\n\n<div class=\"gap-element\" style=\"display:block; height:auto; padding-top:60px\" class=\"clearfix\"><\/div>\n<h2 id=\"botiga\" class=\"thin-font\" style=\"text-align: center;\">Boutique<\/h2>\n<h6 style=\"text-align: center;\">Accueil &gt; Le Mus\u00e9e &gt; Boutique<\/h6>\n<div class=\"gap-element\" style=\"display:block; height:auto; padding-top:60px\" class=\"clearfix\"><\/div>\n\n  <div class=\"banner has-hover\" id=\"banner-1749654440\">\n          <div class=\"banner-inner fill\">\n        <div class=\"banner-bg fill\" >\n            <div class=\"bg fill bg-fill \"><\/div>\n                        <div class=\"overlay\"><\/div>            \n                    <\/div><!-- bg-layers -->\n        <div class=\"banner-layers container\">\n            <div class=\"fill banner-link\"><\/div>            \n   <div id=\"text-box-971210362\" class=\"text-box banner-layer x50 md-x50 lg-x50 y50 md-y50 lg-y50 res-text\">\n                                <div class=\"text dark\">\n              \n              <div class=\"text-inner text-center\">\n                  \n<p style=\"text-align: left;\"><strong><span style=\"font-size: 130%;\">C\u2019est un espace permanent \u00e0 l\u2019entr\u00e9e du mus\u00e9e, o\u00f9 vous trouverez diff\u00e9rents articles en relation avec le monde du cuir. Vous y trouverez \u00e9galement toutes les publications exclusives du Mus\u00e9e et des espaces patrimoniaux associ\u00e9s, une s\u00e9lection de livres sur Igualada, la comarque de l\u2019Anoia et le patrimoine industriel.<\/span><\/strong><\/p>\n              <\/div>\n           <\/div><!-- text-box-inner -->\n                            \n<style scope=\"scope\">\n\n#text-box-971210362 {\n  width: 90%;\n}\n#text-box-971210362 .text {\n  font-size: 100%;\n}\n<\/style>\n    <\/div><!-- text-box -->\n \n        <\/div><!-- .banner-layers -->\n      <\/div><!-- .banner-inner -->\n\n            \n<style scope=\"scope\">\n\n#banner-1749654440 {\n  padding-top: 300px;\n}\n#banner-1749654440 .bg.bg-loaded {\n  background-image: url(https:\/\/museupelligualada.cat\/wp-content\/uploads\/Museu-Pell-pells-colors-2.jpg);\n}\n#banner-1749654440 .overlay {\n  background-color: rgba(8, 7, 7, 0.53);\n}\n#banner-1749654440 .bg {\n  background-position: 37% 32%;\n}\n<\/style>\n  <\/div><!-- .banner -->\n\n\n","protected":false},"excerpt":{"rendered":"<p>Histoire Accueil &gt; Le Mus\u00e9e &gt; Histoire Collections et consultation du fonds Accueil &gt; Le Mus\u00e9e &gt; Collections Publications Accueil &gt; Le Mus\u00e9e &gt; Publications Cession et location d\u2019espaces Accueil &gt; Le Mus\u00e9e &gt; Location d\u2019espaces Un Mus\u00e9e en r\u00e9seau Accueil &gt; Le Mus\u00e9e &gt; Un Mus\u00e9e en r\u00e9seau Boutique Accueil &gt; Le Mus\u00e9e &gt; [&hellip;]\n","protected":false},"author":1,"featured_media":0,"parent":0,"menu_order":0,"comment_status":"closed","ping_status":"closed","template":"page-transparent-header.php","meta":{"footnotes":""},"class_list":["post-3742","page","type-page","status-publish","hentry"],"_links":{"self":[{"href":"https:\/\/museupelligualada.cat\/fr\/wp-json\/wp\/v2\/pages\/3742","targetHints":{"allow":["GET"]}}],"collection":[{"href":"https:\/\/museupelligualada.cat\/fr\/wp-json\/wp\/v2\/pages"}],"about":[{"href":"https:\/\/museupelligualada.cat\/fr\/wp-json\/wp\/v2\/types\/page"}],"author":[{"embeddable":true,"href":"https:\/\/museupelligualada.cat\/fr\/wp-json\/wp\/v2\/users\/1"}],"replies":[{"embeddable":true,"href":"https:\/\/museupelligualada.cat\/fr\/wp-json\/wp\/v2\/comments?post=3742"}],"version-history":[{"count":0,"href":"https:\/\/museupelligualada.cat\/fr\/wp-json\/wp\/v2\/pages\/3742\/revisions"}],"wp:attachment":[{"href":"https:\/\/museupelligualada.cat\/fr\/wp-json\/wp\/v2\/media?parent=3742"}],"curies":[{"name":"wp","href":"https:\/\/api.w.org\/{rel}","templated":true}]}}