{"id":4431,"date":"2018-02-08T13:05:59","date_gmt":"2018-02-08T13:05:59","guid":{"rendered":"https:\/\/museupelligualada.cat\/espais\/"},"modified":"2024-07-04T10:57:56","modified_gmt":"2024-07-04T10:57:56","slug":"espais","status":"publish","type":"page","link":"https:\/\/museupelligualada.cat\/fr\/espais\/","title":{"rendered":"Espais"},"content":{"rendered":"\n  <div class=\"banner has-hover\" id=\"banner-1261610480\">\n          <div class=\"banner-inner fill\">\n        <div class=\"banner-bg fill\" >\n            <div class=\"bg fill bg-fill \"><\/div>\n                        <div class=\"overlay\"><\/div>            \n                    <\/div><!-- bg-layers -->\n        <div class=\"banner-layers container\">\n            <div class=\"fill banner-link\"><\/div>            \n   <div id=\"text-box-769782145\" class=\"text-box banner-layer x50 md-x50 lg-x50 y50 md-y50 lg-y50 res-text\">\n                     <div data-animate=\"none\">           <div class=\"text dark\">\n              \n              <div class=\"text-inner text-right\">\n                  \n<p><!--\n\n<h2 class=\"majuscules \" style=\"text-align: right;\">Espais<\/h2>\n\n\n\n<div class=\"submenu\"><a class=\"_ps2id\" href=\"#Cal-Granotes\">Adoberia de Cal Granotes<\/a> <a class=\"_ps2id\" href=\"#Museu-Pell\">Museu de la Pell<\/a> <a class=\"_ps2id\" href=\"#Casa-Festa\">Casa de la Festa<\/a> <a class=\"_ps2id\" href=\"#Altres-espais\">Altres espais<\/a><\/div>\n\n--><\/p>\n              <\/div>\n           <\/div><!-- text-box-inner -->\n       <\/div>                     \n<style scope=\"scope\">\n\n#text-box-769782145 .text-inner {\n  padding: 120px 30px 30px 30px;\n}\n#text-box-769782145 {\n  width: 100%;\n}\n#text-box-769782145 .text {\n  font-size: 100%;\n}\n<\/style>\n    <\/div><!-- text-box -->\n \n        <\/div><!-- .banner-layers -->\n      <\/div><!-- .banner-inner -->\n\n            \n<style scope=\"scope\">\n\n#banner-1261610480 {\n  padding-top: 500px;\n}\n#banner-1261610480 .bg.bg-loaded {\n  background-image: url(https:\/\/museupelligualada.cat\/wp-content\/uploads\/Espai-cub-1600x1200.jpg);\n}\n#banner-1261610480 .overlay {\n  background-color: rgba(0,0,0,.5);\n}\n#banner-1261610480 .bg {\n  background-position: 54% 0%;\n}\n<\/style>\n  <\/div><!-- .banner -->\n\n\n<p><!-- \/* ********** 1 ************ *\/ --><\/p>\n<div class=\"gap-element\" style=\"display:block; height:auto; padding-top:60px\" class=\"clearfix\"><\/div>\n<h2 id=\"Cal-Granotes\" class=\"thin-font\" style=\"text-align: center;\">Tannerie de Cal Granotes<\/h2>\n<h6 style=\"text-align: center;\">Accueil &gt; Espaces &gt; Tannerie de Cal Granotes<\/h6>\n<div class=\"gap-element\" style=\"display:block; height:auto; padding-top:60px\" class=\"clearfix\"><\/div>\n<div class=\"slider-wrapper relative \" id=\"slider-1403567263\" style=\"background-color:rgb(0, 0, 0);\">\n    <div class=\"slider slider-type-fade slider-nav-circle slider-nav-large slider-nav-light slider-style-normal\"\n        data-flickity-options='{\n            \"cellAlign\": \"center\",\n            \"imagesLoaded\": true,\n            \"lazyLoad\": 1,\n            \"freeScroll\": false,\n            \"wrapAround\": true,\n            \"autoPlay\": 6000,\n            \"pauseAutoPlayOnHover\" : true,\n            \"prevNextButtons\": true,\n            \"contain\" : true,\n            \"adaptiveHeight\" : true,\n            \"dragThreshold\" : 5,\n            \"percentPosition\": true,\n            \"pageDots\": true,\n            \"rightToLeft\": false,\n            \"draggable\": true,\n            \"selectedAttraction\": 0.1,\n            \"parallax\" : 0,\n            \"friction\": 0.6        }'\n        >\n        \n\n  <div class=\"banner has-hover\" id=\"banner-501644837\">\n          <div class=\"banner-inner fill\">\n        <div class=\"banner-bg fill\" >\n            <div class=\"bg fill bg-fill \"><\/div>\n                                    \n                    <\/div><!-- bg-layers -->\n        <div class=\"banner-layers container\">\n            <div class=\"fill banner-link\"><\/div>            \n        <\/div><!-- .banner-layers -->\n      <\/div><!-- .banner-inner -->\n\n            \n<style scope=\"scope\">\n\n#banner-501644837 {\n  padding-top: 500px;\n}\n#banner-501644837 .bg.bg-loaded {\n  background-image: url(https:\/\/museupelligualada.cat\/wp-content\/uploads\/Museu-Pell-Cal-Granotes-2.jpg);\n}\n<\/style>\n  <\/div><!-- .banner -->\n\n\n\n  <div class=\"banner has-hover\" id=\"banner-1543702157\">\n          <div class=\"banner-inner fill\">\n        <div class=\"banner-bg fill\" >\n            <div class=\"bg fill bg-fill \"><\/div>\n                                    \n                    <\/div><!-- bg-layers -->\n        <div class=\"banner-layers container\">\n            <div class=\"fill banner-link\"><\/div>            \n        <\/div><!-- .banner-layers -->\n      <\/div><!-- .banner-inner -->\n\n            \n<style scope=\"scope\">\n\n#banner-1543702157 {\n  padding-top: 500px;\n}\n#banner-1543702157 .bg.bg-loaded {\n  background-image: url(https:\/\/museupelligualada.cat\/wp-content\/uploads\/Museu-Pell-Cal-Granotes-7.jpg);\n}\n<\/style>\n  <\/div><!-- .banner -->\n\n\n\n  <div class=\"banner has-hover\" id=\"banner-1880318546\">\n          <div class=\"banner-inner fill\">\n        <div class=\"banner-bg fill\" >\n            <div class=\"bg fill bg-fill \"><\/div>\n                                    \n                    <\/div><!-- bg-layers -->\n        <div class=\"banner-layers container\">\n            <div class=\"fill banner-link\"><\/div>            \n        <\/div><!-- .banner-layers -->\n      <\/div><!-- .banner-inner -->\n\n            \n<style scope=\"scope\">\n\n#banner-1880318546 {\n  padding-top: 500px;\n}\n#banner-1880318546 .bg.bg-loaded {\n  background-image: url(https:\/\/museupelligualada.cat\/wp-content\/uploads\/Museu-Pell-Cal-Granotes-4.jpg);\n}\n<\/style>\n  <\/div><!-- .banner -->\n\n\n\n  <div class=\"banner has-hover\" id=\"banner-1400160879\">\n          <div class=\"banner-inner fill\">\n        <div class=\"banner-bg fill\" >\n            <div class=\"bg fill bg-fill \"><\/div>\n                                    \n                    <\/div><!-- bg-layers -->\n        <div class=\"banner-layers container\">\n            <div class=\"fill banner-link\"><\/div>            \n        <\/div><!-- .banner-layers -->\n      <\/div><!-- .banner-inner -->\n\n            \n<style scope=\"scope\">\n\n#banner-1400160879 {\n  padding-top: 500px;\n}\n#banner-1400160879 .bg.bg-loaded {\n  background-image: url(https:\/\/museupelligualada.cat\/wp-content\/uploads\/Museu-Pell-Cal-Granotes-5.jpg);\n}\n<\/style>\n  <\/div><!-- .banner -->\n\n\n     <\/div>\n\n     <div class=\"loading-spin dark large centered\"><\/div>\n\n     <style scope=\"scope\">\n             <\/style>\n<\/div><!-- .ux-slider-wrapper -->\n\n\n<div class=\"row\"  id=\"row-1721482622\">\n<div class=\"col medium-1\/1 large-12\"  ><div class=\"col-inner\"  >\n<p>Cal Granotes est une tannerie du XVIIIe si\u00e8cle, situ\u00e9e en plein c\u0153ur du quartier du Rec d\u2019Igualada, non loin du canal d\u2019irrigation &#8211;<em>rec<\/em> en catalan- qui lui a donn\u00e9 son nom. Tous les \u00e9l\u00e9ments caract\u00e9ristiques d\u2019une tannerie d\u2019il y a 300 ans y sont conserv\u00e9s intacts et, \u00e0 travers d\u2019une mise en sc\u00e8ne attractive du m\u00e9tier et de ses outil, on y explique le proc\u00e9d\u00e9 de tannerie artisanale pr\u00e9-industriel. <br \/>La visite commence au rez-de-chauss\u00e9e ou atelier de rivi\u00e8re (o\u00f9 les peaux \u00e9taient tremp\u00e9es, pelan\u00e9es, \u00e9charn\u00e9es puis tann\u00e9es) et continue \u00e0 l\u2019\u00e9tage sup\u00e9rieur ou \u00e9tendoir (l\u2019endroit o\u00f9 les peaux \u00e9taient s\u00e9ch\u00e9es, \u00e9tir\u00e9es, graiss\u00e9es et liss\u00e9es). Un proc\u00e9d\u00e9 manuel laborieux, qui durait une ann\u00e9e enti\u00e8re et qui, actuellement, ne dure pas plus de deux semaines.<\/p>\n<p><strong><span style=\"color: #ff9900;\">Cal Granotes restera ferm\u00e9e de juillet 2024 jusqu&rsquo;au second semestre 2025. La tannerie entame un processus de modernisation du b\u00e2timent, d&rsquo;adaptation aux normes de durabilit\u00e9 environnementale et de mise en \u0153uvre d&rsquo;une nouvelle mus\u00e9ographie plus immersive qui expliquera les origines de la ville. d&rsquo;Igualada, la cr\u00e9ation du quartier du Rec et le commerce du tannage du cuir au XXIe si\u00e8cle.<\/span><\/strong><\/p>\n<p><strong><span style=\"color: #ff9900;\">D\u00e9sol\u00e9 pour le d\u00e9rangement.<\/span><\/strong><\/p>\n<div class=\"gap-element\" style=\"display:block; height:auto; padding-top:0px\" class=\"clearfix\"><\/div>\n<\/div><\/div>\n<\/div>\n<p><!-- \/* ********** 2 ************ *\/ --><\/p>\n<div class=\"gap-element\" style=\"display:block; height:auto; padding-top:60px\" class=\"clearfix\"><\/div>\n<h2 id=\"Museu-Pell\" class=\"thin-font\" style=\"text-align: center;\">Mus\u00e9e du Cuir<br \/>Cal Boyer<\/h2>\n<h6 style=\"text-align: center;\">Accueil &gt; Espaces &gt; Mus\u00e9e du Cuir<\/h6>\n<div class=\"gap-element\" style=\"display:block; height:auto; padding-top:60px\" class=\"clearfix\"><\/div>\n<div class=\"slider-wrapper relative \" id=\"slider-929353333\" style=\"background-color:rgb(0, 0, 0);\">\n    <div class=\"slider slider-type-fade slider-nav-circle slider-nav-large slider-nav-light slider-style-normal\"\n        data-flickity-options='{\n            \"cellAlign\": \"center\",\n            \"imagesLoaded\": true,\n            \"lazyLoad\": 1,\n            \"freeScroll\": false,\n            \"wrapAround\": true,\n            \"autoPlay\": 6000,\n            \"pauseAutoPlayOnHover\" : true,\n            \"prevNextButtons\": true,\n            \"contain\" : true,\n            \"adaptiveHeight\" : true,\n            \"dragThreshold\" : 5,\n            \"percentPosition\": true,\n            \"pageDots\": true,\n            \"rightToLeft\": false,\n            \"draggable\": true,\n            \"selectedAttraction\": 0.1,\n            \"parallax\" : 0,\n            \"friction\": 0.6        }'\n        >\n        \n\n  <div class=\"banner has-hover\" id=\"banner-675914646\">\n          <div class=\"banner-inner fill\">\n        <div class=\"banner-bg fill\" >\n            <div class=\"bg fill bg-fill \"><\/div>\n                                    \n                    <\/div><!-- bg-layers -->\n        <div class=\"banner-layers container\">\n            <div class=\"fill banner-link\"><\/div>            \n   <div id=\"text-box-329670010\" class=\"text-box banner-layer x50 md-x50 lg-x50 y50 md-y50 lg-y50 res-text\">\n                                <div class=\"text dark\">\n              \n              <div class=\"text-inner text-center\">\n                  \n<h1 class=\"uppercase\">Cal boyer<\/h1>\n              <\/div>\n           <\/div><!-- text-box-inner -->\n                            \n<style scope=\"scope\">\n\n#text-box-329670010 {\n  width: 60%;\n}\n#text-box-329670010 .text {\n  font-size: 100%;\n}\n<\/style>\n    <\/div><!-- text-box -->\n \n        <\/div><!-- .banner-layers -->\n      <\/div><!-- .banner-inner -->\n\n            \n<style scope=\"scope\">\n\n#banner-675914646 {\n  padding-top: 500px;\n}\n#banner-675914646 .bg.bg-loaded {\n  background-image: url(https:\/\/museupelligualada.cat\/wp-content\/uploads\/Museu-Pell-exterior-pati-herba.jpg);\n}\n#banner-675914646 .bg {\n  background-position: 24% 41%;\n}\n<\/style>\n  <\/div><!-- .banner -->\n\n\n\n  <div class=\"banner has-hover\" id=\"banner-488034294\">\n          <div class=\"banner-inner fill\">\n        <div class=\"banner-bg fill\" >\n            <div class=\"bg fill bg-fill \"><\/div>\n                                    \n                    <\/div><!-- bg-layers -->\n        <div class=\"banner-layers container\">\n            <div class=\"fill banner-link\"><\/div>            \n   <div id=\"text-box-1122520728\" class=\"text-box banner-layer x50 md-x50 lg-x50 y50 md-y50 lg-y50 res-text\">\n                                <div class=\"text dark\">\n              \n              <div class=\"text-inner text-center\">\n                  \n<h1 class=\"uppercase\">SALLE LE METIER DE TANNEUR<\/h1>\n              <\/div>\n           <\/div><!-- text-box-inner -->\n                            \n<style scope=\"scope\">\n\n#text-box-1122520728 {\n  width: 74%;\n}\n#text-box-1122520728 .text {\n  font-size: 100%;\n}\n<\/style>\n    <\/div><!-- text-box -->\n \n        <\/div><!-- .banner-layers -->\n      <\/div><!-- .banner-inner -->\n\n            \n<style scope=\"scope\">\n\n#banner-488034294 {\n  padding-top: 500px;\n}\n#banner-488034294 .bg.bg-loaded {\n  background-image: url(https:\/\/museupelligualada.cat\/wp-content\/uploads\/Museu-Pell-ofici-adober-4.jpg);\n}\n<\/style>\n  <\/div><!-- .banner -->\n\n\n\n  <div class=\"banner has-hover\" id=\"banner-1644916334\">\n          <div class=\"banner-inner fill\">\n        <div class=\"banner-bg fill\" >\n            <div class=\"bg fill bg-fill \"><\/div>\n                                    \n                    <\/div><!-- bg-layers -->\n        <div class=\"banner-layers container\">\n            <div class=\"fill banner-link\"><\/div>            \n   <div id=\"text-box-962793735\" class=\"text-box banner-layer x50 md-x50 lg-x50 y50 md-y50 lg-y50 res-text\">\n                                <div class=\"text dark\">\n              \n              <div class=\"text-inner text-center\">\n                  \n<h1 class=\"uppercase\">SALLE UN UNIVERS DE CUIR<\/h1>\n              <\/div>\n           <\/div><!-- text-box-inner -->\n                            \n<style scope=\"scope\">\n\n#text-box-962793735 {\n  width: 84%;\n}\n#text-box-962793735 .text {\n  font-size: 100%;\n}\n<\/style>\n    <\/div><!-- text-box -->\n \n        <\/div><!-- .banner-layers -->\n      <\/div><!-- .banner-inner -->\n\n            \n<style scope=\"scope\">\n\n#banner-1644916334 {\n  padding-top: 500px;\n}\n#banner-1644916334 .bg.bg-loaded {\n  background-image: url(https:\/\/museupelligualada.cat\/wp-content\/uploads\/Museu-Pell-univers-pell-4.jpg);\n}\n<\/style>\n  <\/div><!-- .banner -->\n\n\n\n  <div class=\"banner has-hover\" id=\"banner-1095506327\">\n          <div class=\"banner-inner fill\">\n        <div class=\"banner-bg fill\" >\n            <div class=\"bg fill bg-fill \"><\/div>\n                                    \n                    <\/div><!-- bg-layers -->\n        <div class=\"banner-layers container\">\n            <div class=\"fill banner-link\"><\/div>            \n   <div id=\"text-box-116622333\" class=\"text-box banner-layer x50 md-x50 lg-x50 y50 md-y50 lg-y50 res-text\">\n                                <div class=\"text dark\">\n              \n              <div class=\"text-inner text-center\">\n                  \n<h1 class=\"uppercase\">SALLE L\u2019HOMME ET L\u2019EAU<\/h1>\n              <\/div>\n           <\/div><!-- text-box-inner -->\n                            \n<style scope=\"scope\">\n\n#text-box-116622333 {\n  width: 72%;\n}\n#text-box-116622333 .text {\n  font-size: 100%;\n}\n<\/style>\n    <\/div><!-- text-box -->\n \n        <\/div><!-- .banner-layers -->\n      <\/div><!-- .banner-inner -->\n\n            \n<style scope=\"scope\">\n\n#banner-1095506327 {\n  padding-top: 500px;\n}\n#banner-1095506327 .bg.bg-loaded {\n  background-image: url(https:\/\/museupelligualada.cat\/wp-content\/uploads\/pic_2394.jpg);\n}\n#banner-1095506327 .bg {\n  background-position: 0% 100%;\n}\n<\/style>\n  <\/div><!-- .banner -->\n\n\n     <\/div>\n\n     <div class=\"loading-spin dark large centered\"><\/div>\n\n     <style scope=\"scope\">\n             <\/style>\n<\/div><!-- .ux-slider-wrapper -->\n\n\n<div class=\"row\"  id=\"row-1005748942\">\n<div class=\"col medium-1\/1 large-12\"  ><div class=\"col-inner\"  >\n<p>Le Mus\u00e9e du Cuir se trouve dans un b\u00e2timent embl\u00e9matique, Cal Boyer, une manufacture de coton de la fin du XIXe si\u00e8cle. On peut y visiter les expositions permanentes consacr\u00e9es \u00e0 l\u2019utilisation du cuir et \u00e0 l\u2019h\u00e9ritage de ce corps de m\u00e9tier \u00e0 Igualada, ainsi qu\u2019un espace d\u00e9di\u00e9 \u00e0 l\u2019obtention et l\u2019utilisation de l\u2019eau.<\/p>\n<p><strong>Salle Le m\u00e9tier de tanneur<\/strong><br \/>Igualada compte des g\u00e9n\u00e9rations de tanneurs qui ont d\u00e9di\u00e9 leur vie au tannage du cuir. Cette exposition commence par montrer l\u2019activit\u00e9 pr\u00e9-industrielle dans les ateliers qui apparurent pr\u00e8s du canal d\u2019irrigation (rec en catalan) et qui furent \u00e0 l\u2019origine de la naissance d\u2019un nouveau quartier. Ensuite, on suit le chemin qui m\u00e8ne \u00e0 l\u2019industrialisation \u00e0 partir des premi\u00e8res machines actionn\u00e9es par les nouvelles sources d\u2019\u00e9nergie, qui furent petit \u00e0 petit int\u00e9gr\u00e9es aux tanneries pour acc\u00e9l\u00e9rer les processus de trempe, \u00e9charnage, refendage et finissage des soles (le cuir de vache caract\u00e9ristique d\u2019Igualada) et contribu\u00e8rent \u00e0 assurer le d\u00e9veloppement de la tannerie comme une activit\u00e9 phare de la ville.<br \/>Salle Un univers de cuir<br \/>Tout au long de cet espace, on d\u00e9couvre comment le cuir a accompagn\u00e9 le d\u00e9veloppement de l\u2019humanit\u00e9 depuis ses d\u00e9buts et son utilisation dans des domaines extr\u00eamement vari\u00e9s, comme l\u2019habillement, l\u2019outillage, le transport, l\u2019\u00e9criture ou le sport. On peut y d\u00e9couvrir une collection soign\u00e9e d\u2019objets datant de l\u2019\u00e9poque romaine jusqu\u2019au XXe si\u00e8cle, qui proviennent aussi bien des environs que de cultures lointaines, confectionn\u00e9s totalement ou en partie en cuir, et qui illustrent les multiples usages de ce mat\u00e9riau tant appr\u00e9ci\u00e9.<\/p>\n<p><strong>Espace L\u2019Homme et l\u2019eau<\/strong><br \/>Dans cet espace, une vision g\u00e9n\u00e9rale de l\u2019obtention et l\u2019exploitation de l\u2019eau est pr\u00e9sent\u00e9e. Tout au long de l\u2019Histoire, les inventions de tous types abondent pour la recueillir et en extraire les b\u00e9n\u00e9fices, que ce soit pour l\u2019agriculture, la vie quotidienne ou comme source d\u2019\u00e9nergie. \u00c0 travers la collection d\u2019objets et inventions hydrauliques, on d\u00e9couvre diverses m\u00e9thodes d\u2019exploitation de l\u2019eau et, dans le canal d\u2019exp\u00e9rimentation, certaines maquettes peuvent \u00eatre actionn\u00e9es pour mieux comprendre leur fonctionnement.<\/p>\n<div class=\"gap-element\" style=\"display:block; height:auto; padding-top:0px\" class=\"clearfix\"><\/div>\n<\/div><\/div>\n<\/div>\n<p><!-- \/* ********* 3 ************ *\/ --><\/p>\n<div class=\"gap-element\" style=\"display:block; height:auto; padding-top:60px\" class=\"clearfix\"><\/div>\n<h2 id=\"Casa-Festa\" class=\"thin-font\" style=\"text-align: center;\">Casa de la Festa<\/h2>\n<h6 style=\"text-align: center;\">Accueil &gt; Espaces &gt; Casa de la Festa<\/h6>\n<div class=\"gap-element\" style=\"display:block; height:auto; padding-top:60px\" class=\"clearfix\"><\/div>\n<div class=\"slider-wrapper relative \" id=\"slider-1207385030\" >\n    <div class=\"slider slider-nav-circle slider-nav-large slider-nav-light slider-style-normal\"\n        data-flickity-options='{\n            \"cellAlign\": \"center\",\n            \"imagesLoaded\": true,\n            \"lazyLoad\": 1,\n            \"freeScroll\": false,\n            \"wrapAround\": true,\n            \"autoPlay\": 6000,\n            \"pauseAutoPlayOnHover\" : true,\n            \"prevNextButtons\": true,\n            \"contain\" : true,\n            \"adaptiveHeight\" : true,\n            \"dragThreshold\" : 5,\n            \"percentPosition\": true,\n            \"pageDots\": true,\n            \"rightToLeft\": false,\n            \"draggable\": true,\n            \"selectedAttraction\": 0.1,\n            \"parallax\" : 0,\n            \"friction\": 0.6        }'\n        >\n        \n\t<div class=\"img has-hover x md-x lg-x y md-y lg-y\" id=\"image_1412010576\">\n\t\t\t\t\t\t\t\t<div class=\"img-inner image-cover dark\" style=\"padding-top:500px;\">\n\t\t\t<img loading=\"lazy\" decoding=\"async\" width=\"1020\" height=\"680\" src=\"https:\/\/museupelligualada.cat\/wp-content\/uploads\/Museu-Pell-casa-de-la-festa-2.jpg\" class=\"attachment-large size-large\" alt=\"\" srcset=\"https:\/\/museupelligualada.cat\/wp-content\/uploads\/Museu-Pell-casa-de-la-festa-2.jpg 1500w, https:\/\/museupelligualada.cat\/wp-content\/uploads\/Museu-Pell-casa-de-la-festa-2-340x227.jpg 340w, https:\/\/museupelligualada.cat\/wp-content\/uploads\/Museu-Pell-casa-de-la-festa-2-800x533.jpg 800w, https:\/\/museupelligualada.cat\/wp-content\/uploads\/Museu-Pell-casa-de-la-festa-2-768x512.jpg 768w, https:\/\/museupelligualada.cat\/wp-content\/uploads\/Museu-Pell-casa-de-la-festa-2-1320x880.jpg 1320w\" sizes=\"auto, (max-width: 1020px) 100vw, 1020px\" \/>\t\t\t\t\t\t\n\t\t\t\t\t<\/div>\n\t\t\t\t\t\t\t\t\n<style scope=\"scope\">\n\n#image_1412010576 {\n  width: 100%;\n}\n<\/style>\n\t<\/div>\n\t\n\t<div class=\"img has-hover x md-x lg-x y md-y lg-y\" id=\"image_623541759\">\n\t\t\t\t\t\t\t\t<div class=\"img-inner image-cover dark\" style=\"padding-top:500px;\">\n\t\t\t<img loading=\"lazy\" decoding=\"async\" width=\"1020\" height=\"680\" src=\"https:\/\/museupelligualada.cat\/wp-content\/uploads\/Museu-Pell-casa-de-la-festa-4.jpg\" class=\"attachment-large size-large\" alt=\"\" srcset=\"https:\/\/museupelligualada.cat\/wp-content\/uploads\/Museu-Pell-casa-de-la-festa-4.jpg 1500w, https:\/\/museupelligualada.cat\/wp-content\/uploads\/Museu-Pell-casa-de-la-festa-4-340x227.jpg 340w, https:\/\/museupelligualada.cat\/wp-content\/uploads\/Museu-Pell-casa-de-la-festa-4-800x533.jpg 800w, https:\/\/museupelligualada.cat\/wp-content\/uploads\/Museu-Pell-casa-de-la-festa-4-768x512.jpg 768w, https:\/\/museupelligualada.cat\/wp-content\/uploads\/Museu-Pell-casa-de-la-festa-4-1320x880.jpg 1320w\" sizes=\"auto, (max-width: 1020px) 100vw, 1020px\" \/>\t\t\t\t\t\t\n\t\t\t\t\t<\/div>\n\t\t\t\t\t\t\t\t\n<style scope=\"scope\">\n\n#image_623541759 {\n  width: 100%;\n}\n<\/style>\n\t<\/div>\n\t\n\t<div class=\"img has-hover x md-x lg-x y md-y lg-y\" id=\"image_1323170093\">\n\t\t\t\t\t\t\t\t<div class=\"img-inner image-cover dark\" style=\"padding-top:500px;\">\n\t\t\t<img loading=\"lazy\" decoding=\"async\" width=\"1020\" height=\"680\" src=\"https:\/\/museupelligualada.cat\/wp-content\/uploads\/Museu-Pell-casa-de-la-festa-3.jpg\" class=\"attachment-large size-large\" alt=\"\" srcset=\"https:\/\/museupelligualada.cat\/wp-content\/uploads\/Museu-Pell-casa-de-la-festa-3.jpg 1500w, https:\/\/museupelligualada.cat\/wp-content\/uploads\/Museu-Pell-casa-de-la-festa-3-340x227.jpg 340w, https:\/\/museupelligualada.cat\/wp-content\/uploads\/Museu-Pell-casa-de-la-festa-3-800x533.jpg 800w, https:\/\/museupelligualada.cat\/wp-content\/uploads\/Museu-Pell-casa-de-la-festa-3-768x512.jpg 768w, https:\/\/museupelligualada.cat\/wp-content\/uploads\/Museu-Pell-casa-de-la-festa-3-1320x880.jpg 1320w\" sizes=\"auto, (max-width: 1020px) 100vw, 1020px\" \/>\t\t\t\t\t\t\n\t\t\t\t\t<\/div>\n\t\t\t\t\t\t\t\t\n<style scope=\"scope\">\n\n#image_1323170093 {\n  width: 100%;\n}\n<\/style>\n\t<\/div>\n\t\n     <\/div>\n\n     <div class=\"loading-spin dark large centered\"><\/div>\n\n     <style scope=\"scope\">\n             <\/style>\n<\/div><!-- .ux-slider-wrapper -->\n\n\n<div class=\"row\"  id=\"row-2142745985\">\n<p>La Casa de la Festa (ou \u00ab Maison de la F\u00eate \u00bb), si\u00e8ge d\u2019une grande part de l\u2019imaginaire festif d\u2019Igualada, est situ\u00e9e dans l\u2019ancienne salle de la machine \u00e0 vapeur de Cal Boyer. Y sont r\u00e9unis les gegants (g\u00e9ants) et les capgrossos (grosses-t\u00eates) d\u2019Igualada, les gegants des quartiers de Sant Ignasi et du Poble Sec, les gegants Tonet et Conxita, et Pia et Tomeu, ainsi que l\u2019aigle de la ville (\u00e0guila), le dragon (drac), la V\u00edbria Jove (sorte de dragonne), la V\u00edbria de la ville d\u2019Igualada et Bufarot, le petit dragon de la ville. Tous ces \u00e9l\u00e9ments font l\u2019objet d\u2019une exposition permanente, de fa\u00e7on qu\u2019ils peuvent \u00eatre appr\u00e9ci\u00e9s aux horaires d\u2019ouverture du mus\u00e9e (entr\u00e9e libre). Il est possible qu\u2019un ou l\u2019autre \u00e9l\u00e9ment manque parfois, soit parce qu\u2019il est utilis\u00e9 pour une f\u00eate \u00e0 ce moment-l\u00e0, soit parce qu\u2019il est en cours de restauration.<\/p>\n<\/div>\n<div class=\"gap-element\" style=\"display:block; height:auto; padding-top:60px\" class=\"clearfix\"><\/div>\n<p><!-- \/* ********** 4 ************ *\/ --><\/p>\n<h2 id=\"Altres-espais\" class=\"thin-font\" style=\"text-align: center;\">Autres espaces<\/h2>\n<h6 style=\"text-align: center;\">Accueil &gt; Espaces &gt; Autres espaces<\/h6>\n<div class=\"gap-element\" style=\"display:block; height:auto; padding-top:60px\" class=\"clearfix\"><\/div>\n<div class=\"slider-wrapper relative \" id=\"slider-1635045965\" style=\"background-color:rgb(0, 0, 0);\">\n    <div class=\"slider slider-type-fade slider-nav-circle slider-nav-large slider-nav-light slider-style-normal\"\n        data-flickity-options='{\n            \"cellAlign\": \"center\",\n            \"imagesLoaded\": true,\n            \"lazyLoad\": 1,\n            \"freeScroll\": false,\n            \"wrapAround\": true,\n            \"autoPlay\": 6000,\n            \"pauseAutoPlayOnHover\" : true,\n            \"prevNextButtons\": true,\n            \"contain\" : true,\n            \"adaptiveHeight\" : true,\n            \"dragThreshold\" : 5,\n            \"percentPosition\": true,\n            \"pageDots\": true,\n            \"rightToLeft\": false,\n            \"draggable\": true,\n            \"selectedAttraction\": 0.1,\n            \"parallax\" : 0,\n            \"friction\": 0.6        }'\n        >\n        \n\n  <div class=\"banner has-hover\" id=\"banner-274116235\">\n          <div class=\"banner-inner fill\">\n        <div class=\"banner-bg fill\" >\n            <div class=\"bg fill bg-fill \"><\/div>\n                                    \n                    <\/div><!-- bg-layers -->\n        <div class=\"banner-layers container\">\n            <div class=\"fill banner-link\"><\/div>            \n   <div id=\"text-box-1788211633\" class=\"text-box banner-layer x50 md-x50 lg-x50 y50 md-y50 lg-y50 res-text\">\n                                <div class=\"text dark\">\n              \n              <div class=\"text-inner text-center\">\n                  \n<h1 class=\"uppercase\">VILLA ROMAINE DE L\u2019ESPELT<\/h1>\n              <\/div>\n           <\/div><!-- text-box-inner -->\n                            \n<style scope=\"scope\">\n\n#text-box-1788211633 {\n  width: 60%;\n}\n#text-box-1788211633 .text {\n  font-size: 100%;\n}\n<\/style>\n    <\/div><!-- text-box -->\n \n        <\/div><!-- .banner-layers -->\n      <\/div><!-- .banner-inner -->\n\n            \n<style scope=\"scope\">\n\n#banner-274116235 {\n  padding-top: 500px;\n}\n#banner-274116235 .bg.bg-loaded {\n  background-image: url(https:\/\/museupelligualada.cat\/wp-content\/uploads\/Villa-Romana-Espelt-3-1.jpg);\n}\n<\/style>\n  <\/div><!-- .banner -->\n\n\n\n  <div class=\"banner has-hover\" id=\"banner-893236536\">\n          <div class=\"banner-inner fill\">\n        <div class=\"banner-bg fill\" >\n            <div class=\"bg fill bg-fill \"><\/div>\n                                    \n                    <\/div><!-- bg-layers -->\n        <div class=\"banner-layers container\">\n            <div class=\"fill banner-link\"><\/div>            \n   <div id=\"text-box-2143412021\" class=\"text-box banner-layer x50 md-x50 lg-x50 y50 md-y50 lg-y50 res-text\">\n                                <div class=\"text dark\">\n              \n              <div class=\"text-inner text-center\">\n                  \n<h1 class=\"uppercase\">igualadina algodonera<\/h1>\n              <\/div>\n           <\/div><!-- text-box-inner -->\n                            \n<style scope=\"scope\">\n\n#text-box-2143412021 {\n  width: 65%;\n}\n#text-box-2143412021 .text {\n  font-size: 100%;\n}\n<\/style>\n    <\/div><!-- text-box -->\n \n        <\/div><!-- .banner-layers -->\n      <\/div><!-- .banner-inner -->\n\n            \n<style scope=\"scope\">\n\n#banner-893236536 {\n  padding-top: 500px;\n}\n#banner-893236536 .bg.bg-loaded {\n  background-image: url(https:\/\/museupelligualada.cat\/wp-content\/uploads\/pic_2434-v.jpg);\n}\n#banner-893236536 .bg {\n  background-position: 14% 51%;\n}\n<\/style>\n  <\/div><!-- .banner -->\n\n\n\n  <div class=\"banner has-hover\" id=\"banner-1351056505\">\n          <div class=\"banner-inner fill\">\n        <div class=\"banner-bg fill\" >\n            <div class=\"bg fill bg-fill \"><\/div>\n                                    \n                    <\/div><!-- bg-layers -->\n        <div class=\"banner-layers container\">\n            <div class=\"fill banner-link\"><\/div>            \n   <div id=\"text-box-186566236\" class=\"text-box banner-layer x50 md-x50 lg-x50 y50 md-y50 lg-y50 res-text\">\n                                <div class=\"text dark\">\n              \n              <div class=\"text-inner text-center\">\n                  \n<h1 class=\"uppercase\">SANT JAUME SESOLIVERES<\/h1>\n              <\/div>\n           <\/div><!-- text-box-inner -->\n                            \n<style scope=\"scope\">\n\n#text-box-186566236 {\n  width: 60%;\n}\n#text-box-186566236 .text {\n  font-size: 100%;\n}\n<\/style>\n    <\/div><!-- text-box -->\n \n        <\/div><!-- .banner-layers -->\n      <\/div><!-- .banner-inner -->\n\n            \n<style scope=\"scope\">\n\n#banner-1351056505 {\n  padding-top: 500px;\n}\n#banner-1351056505 .bg.bg-loaded {\n  background-image: url(https:\/\/museupelligualada.cat\/wp-content\/uploads\/Museu-Pell-Sant-Jaume-Sesoliveres.jpg);\n}\n#banner-1351056505 .bg {\n  background-position: 5% 52%;\n}\n<\/style>\n  <\/div><!-- .banner -->\n\n\n\n  <div class=\"banner has-hover\" id=\"banner-285953590\">\n          <div class=\"banner-inner fill\">\n        <div class=\"banner-bg fill\" >\n            <div class=\"bg fill bg-fill \"><\/div>\n                                    \n                    <\/div><!-- bg-layers -->\n        <div class=\"banner-layers container\">\n            <div class=\"fill banner-link\"><\/div>            \n   <div id=\"text-box-79871454\" class=\"text-box banner-layer x50 md-x50 lg-x50 y50 md-y50 lg-y50 res-text\">\n                                <div class=\"text dark\">\n              \n              <div class=\"text-inner text-center\">\n                  \n<h1 class=\"uppercase\">GAZOGENE DE CAL PASCUAL<\/h1>\n              <\/div>\n           <\/div><!-- text-box-inner -->\n                            \n<style scope=\"scope\">\n\n#text-box-79871454 {\n  width: 60%;\n}\n#text-box-79871454 .text {\n  font-size: 100%;\n}\n<\/style>\n    <\/div><!-- text-box -->\n \n        <\/div><!-- .banner-layers -->\n      <\/div><!-- .banner-inner -->\n\n            \n<style scope=\"scope\">\n\n#banner-285953590 {\n  padding-top: 500px;\n}\n#banner-285953590 .bg.bg-loaded {\n  background-image: url(https:\/\/museupelligualada.cat\/wp-content\/uploads\/223.jpg);\n}\n#banner-285953590 .bg {\n  background-position: 0% 56%;\n}\n<\/style>\n  <\/div><!-- .banner -->\n\n\n     <\/div>\n\n     <div class=\"loading-spin dark large centered\"><\/div>\n\n     <style scope=\"scope\">\n             <\/style>\n<\/div><!-- .ux-slider-wrapper -->\n\n\n<div class=\"gap-element\" style=\"display:block; height:auto; padding-top:30px\" class=\"clearfix\"><\/div>\n<div class=\"row\"  id=\"row-489992898\">\n<div class=\"col medium-1\/1 large-12\"  ><div class=\"col-inner\"  >\n<h3><strong>Villa Romaine de l\u2019Espelt. Una villa \u00e0 d\u00e9couvrir<\/strong><\/h3>\n<p>Cette villa est un site arch\u00e9ologique qui pr\u00e9sente les vestiges d\u2019une exploitation agricole, majoritairement du IIe si\u00e8cle apr\u00e8s J.-C., situ\u00e9e \u00e0 l\u2019Espelt (commune d\u2019\u00d2dena), non loin d\u2019Igualada. Entour\u00e9e de champs de c\u00e9r\u00e9ales et d\u2019arbres m\u00e9diterran\u00e9ens, elle nous offre un environnement probablement similaire \u00e0 celui dont elle jouissait \u00e0 l\u2019\u00e9poque romaine. La villa, d\u00e9clar\u00e9 bien culturel d\u2019int\u00e9r\u00eat national, est la mieux conserv\u00e9e de la comarque de l\u2019Anoia. Pour plus d\u2019informations :<\/p>\n<p><a href=\"http:\/\/museupelligualada.cat\/villa-romana-espelt\/\"><strong>Villa Romaine de l\u2019Espelt<\/strong><\/a><\/p>\n<p><strong> <\/strong><\/p>\n<h3><strong>Igualadina Algodonera.<br \/>Symbole de la premi\u00e8re r\u00e9volution industrielle en Catalogne<\/strong><\/h3>\n<p>Cet ensemble est aussi connu sous le nom de \u00ab Vieille Vapeur \u00bb. Finie de construire en 1842, c\u2019est l\u2019usine de style Manchester (usine \u00e0 \u00e9tages) la plus ancienne conserv\u00e9e en Catalogne, avec sa structure originale et sans intervention post\u00e9rieure notable. En fonctionnement jusqu\u2019en 1967, elle fut l\u2019un des principaux centres de production de fils et textiles de coton durant la r\u00e9volution industrielle de Catalogne. D\u00e9clar\u00e9e Bien d\u2019int\u00e9r\u00eat national en 1997. Pour plus d\u2019informations :<\/p>\n<p><a href=\"http:\/\/www.igda.cat\/espais\/igualadina-cotonera\/\"> <strong>IGDA. Conna\u00eetre l\u2019histoire d\u2019Igualada. Igualadina Algodonera <\/strong><\/a><\/p>\n<h3><strong> <\/strong><\/h3>\n<h3><strong>Sant Jaume Sesoliveres.<br \/>Quatre-vingts ans d\u2019histoire \u00e9crits dans les pierres<\/strong><\/h3>\n<p>Les murs de cette \u00e9glise du chemin de Saint Jacques nous permettent de lire son histoire, depuis sa naissance il y a pr\u00e8s d\u2019un mill\u00e9naire jusqu\u2019\u00e0 sa destruction par un tremblement de terre, en passant par l\u2019utilisation du premier \u00e9tage comme grenier. Construite \u00e0 la fin du XIIe si\u00e8cle, elle fut restaur\u00e9e \u00e0 la fin du XXe si\u00e8cle, avec l\u2019intention de maintenir une vision historique du monument o\u00f9 seraient visibles les traces du temps. Bien culturel d\u2019int\u00e9r\u00eat national. Pour plus d\u2019informations :<\/p>\n<p><a href=\"http:\/\/www.igda.cat\/espais\/esglesia-sant-jaume\/\"> <strong>IGDA. Conna\u00eetre l\u2019histoire d\u2019Igualada. Sant Jaume Sesoliveres <\/strong><\/a><\/p>\n<p><strong> <\/strong><\/p>\n<h3><strong>Gazog\u00e8ne de Cal Pasqual.<br \/>Fabrication d\u2019\u00e9nergie \u00e0 partir de gaz pauvre<\/strong><\/h3>\n<p>Le gazog\u00e8ne de l\u2019industrie textile de Cal Pasqual fut mis en route apr\u00e8s la Guerre Civile et fonctionna jusqu\u2019en 1955. Il produisait du gaz pauvre, une source d\u2019\u00e9nergie peu habituelle qui eut son importance entre l\u2019\u00e9poque de la vapeur et celle de l\u2019\u00e9lectricit\u00e9, se pr\u00e9sentant comme une alternative viable en temps de p\u00e9nurie \u00e9nerg\u00e9tique. Il s\u2019agit de l\u2019unique gazog\u00e8ne de ce type conserv\u00e9 en Catalogne. Pour plus d\u2019informations :<\/p>\n<p><a href=\"http:\/\/www.igda.cat\/espais\/gasogen-de-cal-pasqual\/\"> <\/a><a href=\"http:\/\/www.igda.cat\/espais\/gasogen-de-cal-pasqual\/\"><strong>IGDA. Conna\u00eetre l\u2019histoire d\u2019Igualada. Cal Pasqual<\/strong><\/a><strong> <\/strong><\/p>\n<\/p>\n<p><strong>Ces espaces sont ouverts \u00e0 la visite sur r\u00e9servation par t\u00e9l\u00e9phone (<\/strong><a href=\"mailto:+34 938%2004%2067%2052\"><strong>+34 938 04 67 52<\/strong><\/a><strong>) ou par courriel (<\/strong><a href=\"mailto:m.igualada@diba.cat\"><strong>m.igualada@diba.cat<\/strong><\/a><strong>).<\/strong><\/p>\n<\/p>\n<div class=\"gap-element\" style=\"display:block; height:auto; padding-top:0px\" class=\"clearfix\"><\/div>\n<\/div><\/div>\n<\/div>\n","protected":false},"excerpt":{"rendered":"<p>Tannerie de Cal Granotes Accueil &gt; Espaces &gt; Tannerie de Cal Granotes Mus\u00e9e du CuirCal Boyer Accueil &gt; Espaces &gt; Mus\u00e9e du Cuir Casa de la Festa Accueil &gt; Espaces &gt; Casa de la Festa Autres espaces Accueil &gt; Espaces &gt; Autres espaces<\/p>\n","protected":false},"author":1,"featured_media":0,"parent":0,"menu_order":0,"comment_status":"closed","ping_status":"closed","template":"page-transparent-header.php","meta":{"footnotes":""},"class_list":["post-4431","page","type-page","status-publish","hentry"],"_links":{"self":[{"href":"https:\/\/museupelligualada.cat\/fr\/wp-json\/wp\/v2\/pages\/4431","targetHints":{"allow":["GET"]}}],"collection":[{"href":"https:\/\/museupelligualada.cat\/fr\/wp-json\/wp\/v2\/pages"}],"about":[{"href":"https:\/\/museupelligualada.cat\/fr\/wp-json\/wp\/v2\/types\/page"}],"author":[{"embeddable":true,"href":"https:\/\/museupelligualada.cat\/fr\/wp-json\/wp\/v2\/users\/1"}],"replies":[{"embeddable":true,"href":"https:\/\/museupelligualada.cat\/fr\/wp-json\/wp\/v2\/comments?post=4431"}],"version-history":[{"count":1,"href":"https:\/\/museupelligualada.cat\/fr\/wp-json\/wp\/v2\/pages\/4431\/revisions"}],"predecessor-version":[{"id":22809,"href":"https:\/\/museupelligualada.cat\/fr\/wp-json\/wp\/v2\/pages\/4431\/revisions\/22809"}],"wp:attachment":[{"href":"https:\/\/museupelligualada.cat\/fr\/wp-json\/wp\/v2\/media?parent=4431"}],"curies":[{"name":"wp","href":"https:\/\/api.w.org\/{rel}","templated":true}]}}